{"id":3184,"date":"2025-04-23T12:56:27","date_gmt":"2025-04-23T12:56:27","guid":{"rendered":"https:\/\/www.sirsa.ch\/services\/schutz-des-alleinarbeiters-pti\/"},"modified":"2025-07-02T14:46:06","modified_gmt":"2025-07-02T14:46:06","slug":"schutz-des-alleinarbeiters-pti","status":"publish","type":"sir_services","link":"https:\/\/www.sirsa.ch\/de\/services\/schutz-des-alleinarbeiters-pti\/","title":{"rendered":"Schutz des Alleinarbeiters (PTI)"},"content":{"rendered":"\n\n<section class=\"dark-theme wp-block-acf-hero-banner\">\n            <div class=\"wp-block-acf-hero-banner__image wp-block-acf-hero-banner__image--desktop\">\n            <img decoding=\"async\" width=\"1920\" height=\"1080\" src=\"https:\/\/www.sirsa.ch\/wp-content\/uploads\/2025\/04\/sirsa-protection-travailleur-1.png\" class=\"attachment-full size-full\" alt=\"\" srcset=\"https:\/\/www.sirsa.ch\/wp-content\/uploads\/2025\/04\/sirsa-protection-travailleur-1.png 1920w, https:\/\/www.sirsa.ch\/wp-content\/uploads\/2025\/04\/sirsa-protection-travailleur-1-300x169.png 300w, https:\/\/www.sirsa.ch\/wp-content\/uploads\/2025\/04\/sirsa-protection-travailleur-1-1024x576.png 1024w, https:\/\/www.sirsa.ch\/wp-content\/uploads\/2025\/04\/sirsa-protection-travailleur-1-768x432.png 768w, https:\/\/www.sirsa.ch\/wp-content\/uploads\/2025\/04\/sirsa-protection-travailleur-1-1536x864.png 1536w\" sizes=\"(max-width: 1920px) 100vw, 1920px\" \/>        <\/div>\n            <div class=\"wp-block-acf-hero-banner__gradient\"><\/div>\n    <div class=\"container\">\n        <div class=\"wp-block-acf-hero-banner__content\">\n                            <span class=\"wp-block-acf-hero-banner__label\">Einrichtungen<\/span>\n                                        <h1 class=\"wp-block-acf-hero-banner__title inherit\">Schutz des allein&shy;stehenden Arbeitnehmers<\/h1>\n                                        <div class=\"wp-block-acf-hero-banner__description\"><p>Vernetzte Ger\u00e4te, die entwickelt wurden, um Ihre isolierten Mitarbeiter in spezifischen und anspruchsvollen Situationen zu sichern. Der ISD sorgt f\u00fcr die Einrichtung, \u00dcberwachung und schnelle Intervention im Falle eines Alarms. <\/p>\n<\/div>\n            \n                            <button class=\"wp-block-acf-hero-banner__button-popup js--open-form-popup\">\n                    <span class=\"c-button__text-wrapper\">\n                        <span class=\"c-button__text c-button__text-top\">Angebot anfordern<\/span>\n                        <span class=\"c-button__text c-button__text-bottom\">Angebot anfordern<\/span>\n                    <\/span>\n                    <span class=\"c-button__icons\">\n                        <div class=\"c-button__icon-box\">\n                        <\/div>\n                        <div class=\"c-button__bullet-box\">\n                            <span class=\"c-button__bullet\"><\/span>\n                        <\/div>\n                    <\/span>\n                <\/button>\n                    <\/div>\n    <\/div>\n<\/section>\n\n\n\n<section class=\"light-gray-bg wp-block-acf-text-banner\">\n    <div class=\"container\">\n                            <span class=\"wp-block-acf-text-banner__label\">Schutz des alleinstehenden Arbeitnehmers<\/span>\n                            <h1 class=\"wp-block-acf-text-banner__title wp-block-acf-text-banner__title--js inherit\"><span>Ihre Mitarbeiter sind nicht mehr isoliert.<\/span><\/h1>\n                            <div class=\"wp-block-acf-text-banner__main-description\"><p>Einige Aktivit\u00e4ten erfordern, dass Ihre Mitarbeiter alleine arbeiten, manchmal in sensiblen Umgebungen. Der CRS stellt vernetzte, zuverl\u00e4ssige und reaktionsschnelle L\u00f6sungen bereit, um ihre Sicherheit unter allen Umst\u00e4nden zu gew\u00e4hrleisten. <\/p>\n<\/div>\n                                    <div class=\"wp-block-acf-text-banner__scroll-line wp-block-acf-text-banner__scroll-line--js\">\n                <span class=\"wp-block-acf-text-banner__scroll-line-active\"><\/span>\n            <\/div>\n                <!--  -->\n                                        <\/div>\n<\/section>\n\n\n\n<section class=\"wp-block-acf-images-slider\">\n    <div class=\"splide wp-block-acf-images-slider__slider js--images-slider\">\n        <div class=\"splide__track\">\n            <div class=\"splide__list\">\n                                    <div class=\"wp-block-acf-images-slider__slide splide__slide\">\n                                                    <div class=\"wp-block-acf-images-slider__slide-image\">\n                                <img decoding=\"async\" width=\"1550\" height=\"1024\" src=\"https:\/\/www.sirsa.ch\/wp-content\/uploads\/2025\/05\/sirsa-brigades-d-intervention-mobiles-toujours-pretes-a-intervenir.png\" class=\"attachment-full size-full\" alt=\"\" \/>                            <\/div>\n                                            <\/div>\n                                    <div class=\"wp-block-acf-images-slider__slide splide__slide\">\n                                                    <div class=\"wp-block-acf-images-slider__slide-image\">\n                                <img decoding=\"async\" width=\"374\" height=\"464\" src=\"https:\/\/www.sirsa.ch\/wp-content\/uploads\/2025\/05\/sirsa-plus-de-47-ans-d-engagement-dans-la-securite-privee-suisse-1.png\" class=\"attachment-full size-full\" alt=\"\" \/>                            <\/div>\n                                            <\/div>\n                                    <div class=\"wp-block-acf-images-slider__slide splide__slide\">\n                                                    <div class=\"wp-block-acf-images-slider__slide-image\">\n                                <img decoding=\"async\" width=\"374\" height=\"464\" src=\"https:\/\/www.sirsa.ch\/wp-content\/uploads\/2025\/05\/sirsa-standards-de-la-securite-en-suisse.png\" class=\"attachment-full size-full\" alt=\"\" \/>                            <\/div>\n                                            <\/div>\n                                    <div class=\"wp-block-acf-images-slider__slide splide__slide\">\n                                                    <div class=\"wp-block-acf-images-slider__slide-image\">\n                                <img decoding=\"async\" width=\"1550\" height=\"1024\" src=\"https:\/\/www.sirsa.ch\/wp-content\/uploads\/2025\/05\/sirsa-service-presence-physique-5.png\" class=\"attachment-full size-full\" alt=\"\" srcset=\"https:\/\/www.sirsa.ch\/wp-content\/uploads\/2025\/05\/sirsa-service-presence-physique-5.png 1550w, https:\/\/www.sirsa.ch\/wp-content\/uploads\/2025\/05\/sirsa-service-presence-physique-5-300x198.png 300w, https:\/\/www.sirsa.ch\/wp-content\/uploads\/2025\/05\/sirsa-service-presence-physique-5-1024x677.png 1024w, https:\/\/www.sirsa.ch\/wp-content\/uploads\/2025\/05\/sirsa-service-presence-physique-5-768x507.png 768w, https:\/\/www.sirsa.ch\/wp-content\/uploads\/2025\/05\/sirsa-service-presence-physique-5-1536x1015.png 1536w\" sizes=\"(max-width: 1550px) 100vw, 1550px\" \/>                            <\/div>\n                                            <\/div>\n                                    <div class=\"wp-block-acf-images-slider__slide splide__slide\">\n                                                    <div class=\"wp-block-acf-images-slider__slide-image\">\n                                <img decoding=\"async\" width=\"374\" height=\"464\" src=\"https:\/\/www.sirsa.ch\/wp-content\/uploads\/2025\/05\/sirsa-conseillers.png\" class=\"attachment-full size-full\" alt=\"\" \/>                            <\/div>\n                                            <\/div>\n                                    <div class=\"wp-block-acf-images-slider__slide splide__slide\">\n                                                    <div class=\"wp-block-acf-images-slider__slide-image\">\n                                <img decoding=\"async\" width=\"374\" height=\"464\" src=\"https:\/\/www.sirsa.ch\/wp-content\/uploads\/2025\/05\/sirsa-notre-coeur-de-metier-1.png\" class=\"attachment-full size-full\" alt=\"\" \/>                            <\/div>\n                                            <\/div>\n                                    <div class=\"wp-block-acf-images-slider__slide splide__slide\">\n                                                    <div class=\"wp-block-acf-images-slider__slide-image\">\n                                <img decoding=\"async\" width=\"374\" height=\"464\" src=\"https:\/\/www.sirsa.ch\/wp-content\/uploads\/2025\/05\/sirsa-intervenir-en-cas-d-alerte.png\" class=\"attachment-full size-full\" alt=\"\" \/>                            <\/div>\n                                            <\/div>\n                                    <div class=\"wp-block-acf-images-slider__slide splide__slide\">\n                                                    <div class=\"wp-block-acf-images-slider__slide-image\">\n                                <img decoding=\"async\" width=\"1550\" height=\"1024\" src=\"https:\/\/www.sirsa.ch\/wp-content\/uploads\/2025\/05\/sirsa-controler-les-acces.png\" class=\"attachment-full size-full\" alt=\"\" \/>                            <\/div>\n                                            <\/div>\n                                    <div class=\"wp-block-acf-images-slider__slide splide__slide\">\n                                                    <div class=\"wp-block-acf-images-slider__slide-image\">\n                                <img decoding=\"async\" width=\"374\" height=\"464\" src=\"https:\/\/www.sirsa.ch\/wp-content\/uploads\/2025\/05\/image-gallery-3.png\" class=\"attachment-full size-full\" alt=\"\" srcset=\"https:\/\/www.sirsa.ch\/wp-content\/uploads\/2025\/05\/image-gallery-3.png 374w, https:\/\/www.sirsa.ch\/wp-content\/uploads\/2025\/05\/image-gallery-3-242x300.png 242w\" sizes=\"(max-width: 374px) 100vw, 374px\" \/>                            <\/div>\n                                            <\/div>\n                                    <div class=\"wp-block-acf-images-slider__slide splide__slide\">\n                                                    <div class=\"wp-block-acf-images-slider__slide-image\">\n                                <img decoding=\"async\" width=\"374\" height=\"464\" src=\"https:\/\/www.sirsa.ch\/wp-content\/uploads\/2025\/04\/service-banner9.png\" class=\"attachment-full size-full\" alt=\"\" srcset=\"https:\/\/www.sirsa.ch\/wp-content\/uploads\/2025\/04\/service-banner9.png 374w, https:\/\/www.sirsa.ch\/wp-content\/uploads\/2025\/04\/service-banner9-242x300.png 242w\" sizes=\"(max-width: 374px) 100vw, 374px\" \/>                            <\/div>\n                                            <\/div>\n                                    <div class=\"wp-block-acf-images-slider__slide splide__slide\">\n                                                    <div class=\"wp-block-acf-images-slider__slide-image\">\n                                <img decoding=\"async\" width=\"748\" height=\"464\" src=\"https:\/\/www.sirsa.ch\/wp-content\/uploads\/2025\/05\/Image-gallery.png\" class=\"attachment-full size-full\" alt=\"\" srcset=\"https:\/\/www.sirsa.ch\/wp-content\/uploads\/2025\/05\/Image-gallery.png 748w, https:\/\/www.sirsa.ch\/wp-content\/uploads\/2025\/05\/Image-gallery-300x186.png 300w\" sizes=\"(max-width: 748px) 100vw, 748px\" \/>                            <\/div>\n                                            <\/div>\n                                    <div class=\"wp-block-acf-images-slider__slide splide__slide\">\n                                                    <div class=\"wp-block-acf-images-slider__slide-image\">\n                                <img decoding=\"async\" width=\"374\" height=\"464\" src=\"https:\/\/www.sirsa.ch\/wp-content\/uploads\/2025\/05\/Image-gallery-2.png\" class=\"attachment-full size-full\" alt=\"\" srcset=\"https:\/\/www.sirsa.ch\/wp-content\/uploads\/2025\/05\/Image-gallery-2.png 374w, https:\/\/www.sirsa.ch\/wp-content\/uploads\/2025\/05\/Image-gallery-2-242x300.png 242w\" sizes=\"(max-width: 374px) 100vw, 374px\" \/>                            <\/div>\n                                            <\/div>\n                                    <div class=\"wp-block-acf-images-slider__slide splide__slide\">\n                                                    <div class=\"wp-block-acf-images-slider__slide-image\">\n                                <img decoding=\"async\" width=\"1550\" height=\"1024\" src=\"https:\/\/www.sirsa.ch\/wp-content\/uploads\/2025\/05\/sirsa-renforcer-votre-dispositif-avec-des-agents-formes-1.png\" class=\"attachment-full size-full\" alt=\"\" \/>                            <\/div>\n                                            <\/div>\n                                    <div class=\"wp-block-acf-images-slider__slide splide__slide\">\n                                                    <div class=\"wp-block-acf-images-slider__slide-image\">\n                                <img decoding=\"async\" width=\"374\" height=\"464\" src=\"https:\/\/www.sirsa.ch\/wp-content\/uploads\/2025\/05\/sirsa-reduire-vos-risques-garantir-la-continuite-de-vos-operations-1.png\" class=\"attachment-full size-full\" alt=\"\" \/>                            <\/div>\n                                            <\/div>\n                            <\/div>\n        <\/div>\n    <\/div>\n<\/section>\n\n\n\n<section class=\"light-bg wp-block-acf-text-image\">\n    <div class=\"container\">\n        <div class=\"wp-block-acf-text-image__row \">\n            <div class=\"wp-block-acf-text-image__col col--content\">\n                                    <span class=\"wp-block-acf-text-image__label\">\u00dcberwachung ohne Anwesenheit.<\/span>\n                                                    <h2 class=\"wp-block-acf-text-image__title\">Schutz aus der Ferne<\/h2>\n                                                    <div class=\"wp-block-acf-text-image__top-description c-description\">\n                        <p>Der ISD liefert, konfiguriert und \u00fcberwacht Schutzvorrichtungen f\u00fcr isolierte Arbeitnehmer. Sie sind mit unserer Zentrale verbunden und mit einem GPS-Sender ausgestattet, so dass jederzeit ein Alarm ausgel\u00f6st werden kann und der Mitarbeiter sofort lokalisiert werden kann. <\/p>\n                    <\/div>\n                                                    <div class=\"wp-block-acf-text-image__bottom-description c-description\">\n                        <p>Unsere Mitarbeiter wenden die festgelegten Verfahren rund um die Uhr an. Der ISD erf\u00fcllt damit die Empfehlungen des SECO zur Sicherheit von Alleinarbeitern. <\/p>\n                    <\/div>\n                                    <div class=\"wp-block-acf-text-image__buttons\">\n\n                    <button class=\"wp-block-acf-text-image__button button--first js--open-form-popup\">\n                <span class=\"c-button__text-wrapper\">\n                    <span class=\"c-button__text c-button__text-top\">Angebot anfordern<\/span>\n                    <span class=\"c-button__text c-button__text-bottom\" role=\"presentation\" aria-hidden=\"true\">Angebot anfordern<\/span>\n                <\/span>\n                <span class=\"c-button__icons\" role=\"presentation\" aria-hidden=\"true\">\n                    <span class=\"c-button__icon-box\"><\/span>\n                    <span class=\"c-button__bullet-box\">\n                        <span class=\"c-button__bullet\"><\/span>\n                    <\/span>\n                <\/span>\n            <\/button>\n                                        <\/div>\n            <\/div>\n            <div class=\"wp-block-acf-text-image__col col--image\">\n                                    <div class=\"wp-block-acf-text-image__image\">\n                        <img decoding=\"async\" width=\"1550\" height=\"1024\" src=\"https:\/\/www.sirsa.ch\/wp-content\/uploads\/2025\/04\/sirsa-protection-travailleur-5.png\" class=\"attachment-full size-full\" alt=\"\" srcset=\"https:\/\/www.sirsa.ch\/wp-content\/uploads\/2025\/04\/sirsa-protection-travailleur-5.png 1550w, https:\/\/www.sirsa.ch\/wp-content\/uploads\/2025\/04\/sirsa-protection-travailleur-5-300x198.png 300w, https:\/\/www.sirsa.ch\/wp-content\/uploads\/2025\/04\/sirsa-protection-travailleur-5-1024x677.png 1024w, https:\/\/www.sirsa.ch\/wp-content\/uploads\/2025\/04\/sirsa-protection-travailleur-5-768x507.png 768w, https:\/\/www.sirsa.ch\/wp-content\/uploads\/2025\/04\/sirsa-protection-travailleur-5-1536x1015.png 1536w\" sizes=\"(max-width: 1550px) 100vw, 1550px\" \/>                    <\/div>\n                            <\/div>\n        <\/div>\n    <\/div>\n<\/section>\n\n\n<div class=\"light-gray-bg no-paddings wp-block-acf-separator\">\n    <div class=\"container\">\n        <hr class=\"wp-block-acf-separator__line\">\n    <\/div>\n<\/div>\n\n\n\n<section class=\"light-bg wp-block-acf-icon-list\">\n    <div class=\"container\">\n        <div class=\"wp-block-acf-icon-list__row  \">\n            <div class=\"wp-block-acf-icon-list__col wp-block-acf-icon-list__col--img\">\n                                    <div class=\"wp-block-acf-icon-list__img-box\">\n                        <img decoding=\"async\" width=\"2560\" height=\"1691\" src=\"https:\/\/www.sirsa.ch\/wp-content\/uploads\/2025\/05\/SIR-protection-travailleur-scaled.jpg\" class=\"attachment-full size-full\" alt=\"\" srcset=\"https:\/\/www.sirsa.ch\/wp-content\/uploads\/2025\/05\/SIR-protection-travailleur-scaled.jpg 2560w, https:\/\/www.sirsa.ch\/wp-content\/uploads\/2025\/05\/SIR-protection-travailleur-300x198.jpg 300w, https:\/\/www.sirsa.ch\/wp-content\/uploads\/2025\/05\/SIR-protection-travailleur-1024x677.jpg 1024w, https:\/\/www.sirsa.ch\/wp-content\/uploads\/2025\/05\/SIR-protection-travailleur-768x507.jpg 768w, https:\/\/www.sirsa.ch\/wp-content\/uploads\/2025\/05\/SIR-protection-travailleur-1536x1015.jpg 1536w, https:\/\/www.sirsa.ch\/wp-content\/uploads\/2025\/05\/SIR-protection-travailleur-2048x1353.jpg 2048w\" sizes=\"(max-width: 2560px) 100vw, 2560px\" \/>                    <\/div>\n                            <\/div>\n            <div class=\"wp-block-acf-icon-list__col wp-block-acf-icon-list__col--content\">\n                                    <h2 class=\"wp-block-acf-icon-list__label\">Schutz des alleinstehenden Arbeitnehmers<\/h2>\n                                                    <h2 class=\"wp-block-acf-icon-list__title\">F\u00fcr welchen Sektor ist unser Programm gedacht?<\/h2>\n                                                                    <div class=\"wp-block-acf-icon-list__lists\">\n                                                    <div class=\"wp-block-acf-icon-list__lists-item\">\n                                                                    <div class=\"wp-block-acf-icon-list__lists-item-icon\">\n                                        <div class=\"wp-block-acf-icon-list__lists-item-icon-box\">\n                                            <img decoding=\"async\" width=\"54\" height=\"54\" src=\"https:\/\/www.sirsa.ch\/wp-content\/uploads\/2025\/04\/icon-hard-hat.svg\" class=\"attachment-full size-full\" alt=\"\" \/>                                        <\/div>\n                                    <\/div>\n                                                                                                    <h3 class=\"wp-block-acf-icon-list__lists-item-title\">Logistik<\/h3>\n                                                                                                    <div class=\"wp-block-acf-icon-list__lists-item-description\"><p>Dockarbeiter, Lagerarbeiter oder Kommissionierer, die ohne direkte Aufsicht arbeiten.<\/p>\n<\/div>\n                                                            <\/div>\n                                                    <div class=\"wp-block-acf-icon-list__lists-item\">\n                                                                    <div class=\"wp-block-acf-icon-list__lists-item-icon\">\n                                        <div class=\"wp-block-acf-icon-list__lists-item-icon-box\">\n                                            <img decoding=\"async\" width=\"54\" height=\"54\" src=\"https:\/\/www.sirsa.ch\/wp-content\/uploads\/2025\/04\/Icon-transport.svg\" class=\"attachment-full size-full\" alt=\"\" \/>                                        <\/div>\n                                    <\/div>\n                                                                                                    <h3 class=\"wp-block-acf-icon-list__lists-item-title\">Transport<\/h3>\n                                                                                                    <div class=\"wp-block-acf-icon-list__lists-item-description\"><p>Fahrer oder Lieferanten, die allein auf der Stra\u00dfe oder vor Ort arbeiten m\u00fcssen.<\/p>\n<\/div>\n                                                            <\/div>\n                                                    <div class=\"wp-block-acf-icon-list__lists-item\">\n                                                                    <div class=\"wp-block-acf-icon-list__lists-item-icon\">\n                                        <div class=\"wp-block-acf-icon-list__lists-item-icon-box\">\n                                            <img decoding=\"async\" width=\"54\" height=\"54\" src=\"https:\/\/www.sirsa.ch\/wp-content\/uploads\/2025\/04\/Icon-Industrie.svg\" class=\"attachment-full size-full\" alt=\"\" \/>                                        <\/div>\n                                    <\/div>\n                                                                                                    <h3 class=\"wp-block-acf-icon-list__lists-item-title\">Industrie<\/h3>\n                                                                                                    <div class=\"wp-block-acf-icon-list__lists-item-description\"><p>Abgelegene Arbeiter in Produktionsbereichen oder auf Linien, die zu unterschiedlichen Zeiten arbeiten.<\/p>\n<\/div>\n                                                            <\/div>\n                                                    <div class=\"wp-block-acf-icon-list__lists-item\">\n                                                                    <div class=\"wp-block-acf-icon-list__lists-item-icon\">\n                                        <div class=\"wp-block-acf-icon-list__lists-item-icon-box\">\n                                            <img decoding=\"async\" width=\"54\" height=\"54\" src=\"https:\/\/www.sirsa.ch\/wp-content\/uploads\/2025\/04\/Icon-labratories.svg\" class=\"attachment-full size-full\" alt=\"\" \/>                                        <\/div>\n                                    <\/div>\n                                                                                                    <h3 class=\"wp-block-acf-icon-list__lists-item-title\">Laboratorien<\/h3>\n                                                                                                    <div class=\"wp-block-acf-icon-list__lists-item-description\"><p>Personal, das allein in einer kontrollierten Umgebung oder mit beschr\u00e4nktem Zugang arbeitet.<\/p>\n<\/div>\n                                                            <\/div>\n                                            <\/div>\n                \n                                    <button class=\"wp-block-acf-icon-list__button js--open-form-popup\">\n                        <span class=\"c-button__text-wrapper\">\n                            <span class=\"c-button__text c-button__text-top\">Angebot anfordern<\/span>\n                            <span class=\"c-button__text c-button__text-bottom\">Angebot anfordern<\/span>\n                        <\/span>\n                        <span class=\"c-button__icons\">\n                            <span class=\"c-button__icon-box\">\n                            <\/span>\n                            <span class=\"c-button__bullet-box\">\n                                <span class=\"c-button__bullet\"><\/span>\n                            <\/span>\n                        <\/span>\n                    <\/button>\n                            <\/div>\n        <\/div>\n    <\/div>\n<\/section>\n\n\n\n<section class=\"light-gray-bg wp-block-acf-bottom-cta\">\n    <div class=\"container\">\n        <div class=\"wp-block-acf-bottom-cta__box\">\n                            <h2 class=\"wp-block-acf-bottom-cta__title\">Brauchen Sie weitere Informationen?<\/h2>\n                                        <div class=\"wp-block-acf-bottom-cta__description\"><p>Wir stehen Ihnen bei Fragen, spezifischen W\u00fcnschen oder Bedarf an Unterst\u00fctzung zur Verf\u00fcgung. Bitte z\u00f6gern Sie nicht, uns zu kontaktieren. <\/p>\n<\/div>\n                                        <button class=\"wp-block-acf-bottom-cta__button js--open-form-popup\">\n                    <span class=\"c-button__text-wrapper\">\n                        <span class=\"c-button__text c-button__text-top\">Kontakt<\/span>\n                        <span class=\"c-button__text c-button__text-bottom\">Kontakt<\/span>\n                    <\/span>\n                    <span class=\"c-button__icons\">\n                        <span class=\"c-button__icon-box\">\n                        <\/span>\n                        <span class=\"c-button__bullet-box\">\n                            <span class=\"c-button__bullet\"><\/span>\n                        <\/span>\n                    <\/span>\n                <\/button>\n                    <\/div>\n    <\/div>\n<\/section>","protected":false},"excerpt":{"rendered":"<p>Implementierung von vernetzten Ger\u00e4ten, um die Sicherheit Ihrer Mitarbeiter zu gew\u00e4hrleisten&#8230;<\/p>\n","protected":false},"featured_media":3204,"template":"","meta":{"_acf_changed":false,"footnotes":""},"sir_serv_category":[58],"sir_serv_type":[57],"class_list":["post-3184","sir_services","type-sir_services","status-publish","has-post-thumbnail","hentry","sir_serv_category-einrichtungen","sir_serv_type-unternehmen"],"acf":[],"yoast_head":"<title>PTI: Schutz des Alleinarbeiters - SIR - Service d\u2019Intervention Rapide SA<\/title>\n<meta name=\"description\" content=\"Warn- und \u00dcberwachungssysteme f\u00fcr isolierte Arbeiter. Kontinuierliche Sicherheit, ma\u00dfgeschneiderte L\u00f6sungen.\" \/>\n<meta name=\"robots\" content=\"index, follow, max-snippet:-1, max-image-preview:large, max-video-preview:-1\" \/>\n<link rel=\"canonical\" href=\"https:\/\/www.sirsa.ch\/de\/services\/schutz-des-alleinarbeiters-pti\/\" \/>\n<meta property=\"og:locale\" content=\"de_DE\" \/>\n<meta property=\"og:type\" content=\"article\" \/>\n<meta property=\"og:title\" content=\"Schutz des Alleinarbeiters (PTI)\" \/>\n<meta property=\"og:description\" content=\"Warn- und \u00dcberwachungssysteme f\u00fcr isolierte Arbeiter. Kontinuierliche Sicherheit, ma\u00dfgeschneiderte L\u00f6sungen.\" \/>\n<meta property=\"og:url\" content=\"https:\/\/www.sirsa.ch\/de\/services\/schutz-des-alleinarbeiters-pti\/\" \/>\n<meta property=\"og:site_name\" content=\"SIR - Service d\u2019Intervention Rapide SA\" \/>\n<meta property=\"article:modified_time\" content=\"2025-07-02T14:46:06+00:00\" \/>\n<meta property=\"og:image\" content=\"https:\/\/www.sirsa.ch\/wp-content\/uploads\/2025\/04\/sirsa-protection-travailleur-6-1024x383.png\" \/>\n\t<meta property=\"og:image:width\" content=\"1024\" \/>\n\t<meta property=\"og:image:height\" content=\"383\" \/>\n\t<meta property=\"og:image:type\" content=\"image\/png\" \/>\n<meta name=\"twitter:card\" content=\"summary_large_image\" \/>\n<meta name=\"twitter:label1\" content=\"Gesch\u00e4tzte Lesezeit\" \/>\n\t<meta name=\"twitter:data1\" content=\"1\u00a0Minute\" \/>\n<script type=\"application\/ld+json\" class=\"yoast-schema-graph\">{\"@context\":\"https:\\\/\\\/schema.org\",\"@graph\":[{\"@type\":\"WebPage\",\"@id\":\"https:\\\/\\\/www.sirsa.ch\\\/de\\\/services\\\/schutz-des-alleinarbeiters-pti\\\/\",\"url\":\"https:\\\/\\\/www.sirsa.ch\\\/de\\\/services\\\/schutz-des-alleinarbeiters-pti\\\/\",\"name\":\"PTI: Schutz des Alleinarbeiters - SIR - Service d\u2019Intervention Rapide SA\",\"isPartOf\":{\"@id\":\"https:\\\/\\\/www.sirsa.ch\\\/de\\\/#website\"},\"primaryImageOfPage\":{\"@id\":\"https:\\\/\\\/www.sirsa.ch\\\/de\\\/services\\\/schutz-des-alleinarbeiters-pti\\\/#primaryimage\"},\"image\":{\"@id\":\"https:\\\/\\\/www.sirsa.ch\\\/de\\\/services\\\/schutz-des-alleinarbeiters-pti\\\/#primaryimage\"},\"thumbnailUrl\":\"https:\\\/\\\/www.sirsa.ch\\\/wp-content\\\/uploads\\\/2025\\\/04\\\/sirsa-protection-travailleur-6-scaled.png\",\"datePublished\":\"2025-04-23T12:56:27+00:00\",\"dateModified\":\"2025-07-02T14:46:06+00:00\",\"description\":\"Warn- und \u00dcberwachungssysteme f\u00fcr isolierte Arbeiter. Kontinuierliche Sicherheit, ma\u00dfgeschneiderte L\u00f6sungen.\",\"breadcrumb\":{\"@id\":\"https:\\\/\\\/www.sirsa.ch\\\/de\\\/services\\\/schutz-des-alleinarbeiters-pti\\\/#breadcrumb\"},\"inLanguage\":\"de\",\"potentialAction\":[{\"@type\":\"ReadAction\",\"target\":[\"https:\\\/\\\/www.sirsa.ch\\\/de\\\/services\\\/schutz-des-alleinarbeiters-pti\\\/\"]}]},{\"@type\":\"ImageObject\",\"inLanguage\":\"de\",\"@id\":\"https:\\\/\\\/www.sirsa.ch\\\/de\\\/services\\\/schutz-des-alleinarbeiters-pti\\\/#primaryimage\",\"url\":\"https:\\\/\\\/www.sirsa.ch\\\/wp-content\\\/uploads\\\/2025\\\/04\\\/sirsa-protection-travailleur-6-scaled.png\",\"contentUrl\":\"https:\\\/\\\/www.sirsa.ch\\\/wp-content\\\/uploads\\\/2025\\\/04\\\/sirsa-protection-travailleur-6-scaled.png\",\"width\":2560,\"height\":958},{\"@type\":\"BreadcrumbList\",\"@id\":\"https:\\\/\\\/www.sirsa.ch\\\/de\\\/services\\\/schutz-des-alleinarbeiters-pti\\\/#breadcrumb\",\"itemListElement\":[{\"@type\":\"ListItem\",\"position\":1,\"name\":\"Home\",\"item\":\"https:\\\/\\\/www.sirsa.ch\\\/de\\\/\"},{\"@type\":\"ListItem\",\"position\":2,\"name\":\"Schutz des Alleinarbeiters (PTI)\"}]},{\"@type\":\"WebSite\",\"@id\":\"https:\\\/\\\/www.sirsa.ch\\\/de\\\/#website\",\"url\":\"https:\\\/\\\/www.sirsa.ch\\\/de\\\/\",\"name\":\"Service d\u2019Intervention Rapide SA\",\"description\":\"Plus de 45 ans d&#039;exp\u00e9rience dans la s\u00e9curit\u00e9 priv\u00e9e au service des particuliers et des entreprises\",\"publisher\":{\"@id\":\"https:\\\/\\\/www.sirsa.ch\\\/de\\\/#organization\"},\"alternateName\":\"SIR SA - Service d\u2019Intervention Rapide SA\",\"potentialAction\":[{\"@type\":\"SearchAction\",\"target\":{\"@type\":\"EntryPoint\",\"urlTemplate\":\"https:\\\/\\\/www.sirsa.ch\\\/de\\\/?s={search_term_string}\"},\"query-input\":{\"@type\":\"PropertyValueSpecification\",\"valueRequired\":true,\"valueName\":\"search_term_string\"}}],\"inLanguage\":\"de\"},{\"@type\":\"Organization\",\"@id\":\"https:\\\/\\\/www.sirsa.ch\\\/de\\\/#organization\",\"name\":\"Service d'Intervention Rapide SA\",\"alternateName\":\"Service d'Intervention Rapide SA\",\"url\":\"https:\\\/\\\/www.sirsa.ch\\\/de\\\/\",\"logo\":{\"@type\":\"ImageObject\",\"inLanguage\":\"de\",\"@id\":\"https:\\\/\\\/www.sirsa.ch\\\/de\\\/#\\\/schema\\\/logo\\\/image\\\/\",\"url\":\"https:\\\/\\\/www.sirsa.ch\\\/wp-content\\\/uploads\\\/2025\\\/04\\\/cropped-sir-logo-1.png\",\"contentUrl\":\"https:\\\/\\\/www.sirsa.ch\\\/wp-content\\\/uploads\\\/2025\\\/04\\\/cropped-sir-logo-1.png\",\"width\":160,\"height\":160,\"caption\":\"Service d'Intervention Rapide SA\"},\"image\":{\"@id\":\"https:\\\/\\\/www.sirsa.ch\\\/de\\\/#\\\/schema\\\/logo\\\/image\\\/\"},\"sameAs\":[\"https:\\\/\\\/www.linkedin.com\\\/company\\\/serviceinterventionrapidesa\",\"https:\\\/\\\/www.youtube.com\\\/@sirdg5117\"],\"description\":\"Depuis 1978, le SIR fa\u00e7onne les standards de la s\u00e9curit\u00e9 en Suisse. Une expertise construite aux c\u00f4t\u00e9s de ceux que nous prot\u00e9geons.\",\"email\":\"secretariat@sirsa.ch\",\"telephone\":\"+41223644644\",\"legalName\":\"Service d'Int\u00e9rvention Rapide SA\",\"foundingDate\":\"1978-01-19\",\"numberOfEmployees\":{\"@type\":\"QuantitativeValue\",\"minValue\":\"201\",\"maxValue\":\"500\"}}]}<\/script>","yoast_head_json":{"title":"PTI: Schutz des Alleinarbeiters - SIR - Service d\u2019Intervention Rapide SA","description":"Warn- und \u00dcberwachungssysteme f\u00fcr isolierte Arbeiter. Kontinuierliche Sicherheit, ma\u00dfgeschneiderte L\u00f6sungen.","robots":{"index":"index","follow":"follow","max-snippet":"max-snippet:-1","max-image-preview":"max-image-preview:large","max-video-preview":"max-video-preview:-1"},"canonical":"https:\/\/www.sirsa.ch\/de\/services\/schutz-des-alleinarbeiters-pti\/","og_locale":"de_DE","og_type":"article","og_title":"Schutz des Alleinarbeiters (PTI)","og_description":"Warn- und \u00dcberwachungssysteme f\u00fcr isolierte Arbeiter. Kontinuierliche Sicherheit, ma\u00dfgeschneiderte L\u00f6sungen.","og_url":"https:\/\/www.sirsa.ch\/de\/services\/schutz-des-alleinarbeiters-pti\/","og_site_name":"SIR - Service d\u2019Intervention Rapide SA","article_modified_time":"2025-07-02T14:46:06+00:00","og_image":[{"width":1024,"height":383,"url":"https:\/\/www.sirsa.ch\/wp-content\/uploads\/2025\/04\/sirsa-protection-travailleur-6-1024x383.png","type":"image\/png"}],"twitter_card":"summary_large_image","twitter_misc":{"Gesch\u00e4tzte Lesezeit":"1\u00a0Minute"},"schema":{"@context":"https:\/\/schema.org","@graph":[{"@type":"WebPage","@id":"https:\/\/www.sirsa.ch\/de\/services\/schutz-des-alleinarbeiters-pti\/","url":"https:\/\/www.sirsa.ch\/de\/services\/schutz-des-alleinarbeiters-pti\/","name":"PTI: Schutz des Alleinarbeiters - SIR - Service d\u2019Intervention Rapide SA","isPartOf":{"@id":"https:\/\/www.sirsa.ch\/de\/#website"},"primaryImageOfPage":{"@id":"https:\/\/www.sirsa.ch\/de\/services\/schutz-des-alleinarbeiters-pti\/#primaryimage"},"image":{"@id":"https:\/\/www.sirsa.ch\/de\/services\/schutz-des-alleinarbeiters-pti\/#primaryimage"},"thumbnailUrl":"https:\/\/www.sirsa.ch\/wp-content\/uploads\/2025\/04\/sirsa-protection-travailleur-6-scaled.png","datePublished":"2025-04-23T12:56:27+00:00","dateModified":"2025-07-02T14:46:06+00:00","description":"Warn- und \u00dcberwachungssysteme f\u00fcr isolierte Arbeiter. Kontinuierliche Sicherheit, ma\u00dfgeschneiderte L\u00f6sungen.","breadcrumb":{"@id":"https:\/\/www.sirsa.ch\/de\/services\/schutz-des-alleinarbeiters-pti\/#breadcrumb"},"inLanguage":"de","potentialAction":[{"@type":"ReadAction","target":["https:\/\/www.sirsa.ch\/de\/services\/schutz-des-alleinarbeiters-pti\/"]}]},{"@type":"ImageObject","inLanguage":"de","@id":"https:\/\/www.sirsa.ch\/de\/services\/schutz-des-alleinarbeiters-pti\/#primaryimage","url":"https:\/\/www.sirsa.ch\/wp-content\/uploads\/2025\/04\/sirsa-protection-travailleur-6-scaled.png","contentUrl":"https:\/\/www.sirsa.ch\/wp-content\/uploads\/2025\/04\/sirsa-protection-travailleur-6-scaled.png","width":2560,"height":958},{"@type":"BreadcrumbList","@id":"https:\/\/www.sirsa.ch\/de\/services\/schutz-des-alleinarbeiters-pti\/#breadcrumb","itemListElement":[{"@type":"ListItem","position":1,"name":"Home","item":"https:\/\/www.sirsa.ch\/de\/"},{"@type":"ListItem","position":2,"name":"Schutz des Alleinarbeiters (PTI)"}]},{"@type":"WebSite","@id":"https:\/\/www.sirsa.ch\/de\/#website","url":"https:\/\/www.sirsa.ch\/de\/","name":"Service d\u2019Intervention Rapide SA","description":"Plus de 45 ans d&#039;exp\u00e9rience dans la s\u00e9curit\u00e9 priv\u00e9e au service des particuliers et des entreprises","publisher":{"@id":"https:\/\/www.sirsa.ch\/de\/#organization"},"alternateName":"SIR SA - Service d\u2019Intervention Rapide SA","potentialAction":[{"@type":"SearchAction","target":{"@type":"EntryPoint","urlTemplate":"https:\/\/www.sirsa.ch\/de\/?s={search_term_string}"},"query-input":{"@type":"PropertyValueSpecification","valueRequired":true,"valueName":"search_term_string"}}],"inLanguage":"de"},{"@type":"Organization","@id":"https:\/\/www.sirsa.ch\/de\/#organization","name":"Service d'Intervention Rapide SA","alternateName":"Service d'Intervention Rapide SA","url":"https:\/\/www.sirsa.ch\/de\/","logo":{"@type":"ImageObject","inLanguage":"de","@id":"https:\/\/www.sirsa.ch\/de\/#\/schema\/logo\/image\/","url":"https:\/\/www.sirsa.ch\/wp-content\/uploads\/2025\/04\/cropped-sir-logo-1.png","contentUrl":"https:\/\/www.sirsa.ch\/wp-content\/uploads\/2025\/04\/cropped-sir-logo-1.png","width":160,"height":160,"caption":"Service d'Intervention Rapide SA"},"image":{"@id":"https:\/\/www.sirsa.ch\/de\/#\/schema\/logo\/image\/"},"sameAs":["https:\/\/www.linkedin.com\/company\/serviceinterventionrapidesa","https:\/\/www.youtube.com\/@sirdg5117"],"description":"Depuis 1978, le SIR fa\u00e7onne les standards de la s\u00e9curit\u00e9 en Suisse. Une expertise construite aux c\u00f4t\u00e9s de ceux que nous prot\u00e9geons.","email":"secretariat@sirsa.ch","telephone":"+41223644644","legalName":"Service d'Int\u00e9rvention Rapide SA","foundingDate":"1978-01-19","numberOfEmployees":{"@type":"QuantitativeValue","minValue":"201","maxValue":"500"}}]}},"_links":{"self":[{"href":"https:\/\/www.sirsa.ch\/de\/wp-json\/wp\/v2\/sir_services\/3184","targetHints":{"allow":["GET"]}}],"collection":[{"href":"https:\/\/www.sirsa.ch\/de\/wp-json\/wp\/v2\/sir_services"}],"about":[{"href":"https:\/\/www.sirsa.ch\/de\/wp-json\/wp\/v2\/types\/sir_services"}],"version-history":[{"count":4,"href":"https:\/\/www.sirsa.ch\/de\/wp-json\/wp\/v2\/sir_services\/3184\/revisions"}],"predecessor-version":[{"id":3588,"href":"https:\/\/www.sirsa.ch\/de\/wp-json\/wp\/v2\/sir_services\/3184\/revisions\/3588"}],"wp:featuredmedia":[{"embeddable":true,"href":"https:\/\/www.sirsa.ch\/de\/wp-json\/wp\/v2\/media\/3204"}],"wp:attachment":[{"href":"https:\/\/www.sirsa.ch\/de\/wp-json\/wp\/v2\/media?parent=3184"}],"wp:term":[{"taxonomy":"sir_serv_category","embeddable":true,"href":"https:\/\/www.sirsa.ch\/de\/wp-json\/wp\/v2\/sir_serv_category?post=3184"},{"taxonomy":"sir_serv_type","embeddable":true,"href":"https:\/\/www.sirsa.ch\/de\/wp-json\/wp\/v2\/sir_serv_type?post=3184"}],"curies":[{"name":"wp","href":"https:\/\/api.w.org\/{rel}","templated":true}]}}