{"id":3126,"date":"2025-05-05T07:59:12","date_gmt":"2025-05-05T07:59:12","guid":{"rendered":"https:\/\/www.sirsa.ch\/services\/oeffnen-schliessen-und-verwahren-von-schluesseln\/"},"modified":"2025-06-25T09:15:25","modified_gmt":"2025-06-25T09:15:25","slug":"oeffnen-schliessen-und-verwahren-von-schluesseln","status":"publish","type":"sir_services","link":"https:\/\/www.sirsa.ch\/de\/services\/oeffnen-schliessen-und-verwahren-von-schluesseln\/","title":{"rendered":"\u00d6ffnen, Schlie\u00dfen und Verwahren von Schl\u00fcsseln"},"content":{"rendered":"\n\n<section class=\"dark-theme wp-block-acf-hero-banner\">\n            <div class=\"wp-block-acf-hero-banner__image wp-block-acf-hero-banner__image--desktop\">\n            <img decoding=\"async\" width=\"1920\" height=\"1080\" src=\"https:\/\/www.sirsa.ch\/wp-content\/uploads\/2025\/05\/sirsa-ouverture-fermeture-garde-cles-1.png\" class=\"attachment-full size-full\" alt=\"\" srcset=\"https:\/\/www.sirsa.ch\/wp-content\/uploads\/2025\/05\/sirsa-ouverture-fermeture-garde-cles-1.png 1920w, https:\/\/www.sirsa.ch\/wp-content\/uploads\/2025\/05\/sirsa-ouverture-fermeture-garde-cles-1-300x169.png 300w, https:\/\/www.sirsa.ch\/wp-content\/uploads\/2025\/05\/sirsa-ouverture-fermeture-garde-cles-1-1024x576.png 1024w, https:\/\/www.sirsa.ch\/wp-content\/uploads\/2025\/05\/sirsa-ouverture-fermeture-garde-cles-1-768x432.png 768w, https:\/\/www.sirsa.ch\/wp-content\/uploads\/2025\/05\/sirsa-ouverture-fermeture-garde-cles-1-1536x864.png 1536w\" sizes=\"(max-width: 1920px) 100vw, 1920px\" \/>        <\/div>\n            <div class=\"wp-block-acf-hero-banner__gradient\"><\/div>\n    <div class=\"container\">\n        <div class=\"wp-block-acf-hero-banner__content\">\n                            <span class=\"wp-block-acf-hero-banner__label\">Vor Ort<\/span>\n                                        <h1 class=\"wp-block-acf-hero-banner__title inherit\">\u00d6ffnen, Schlie\u00dfen und Verwahren von Schl\u00fcsseln<\/h1>\n                                        <div class=\"wp-block-acf-hero-banner__description\"><p>SIR \u00fcbernimmt das \u00d6ffnen, Schlie\u00dfen und Verwahren von Schl\u00fcsseln f\u00fcr Ihre R\u00e4umlichkeiten oder Residenzen, um Ihren Mitarbeitern, Auftragnehmern oder Ihrer Familie einen sicheren Zugang zu gew\u00e4hrleisten.<\/p>\n<\/div>\n            \n                            <button class=\"wp-block-acf-hero-banner__button-popup js--open-form-popup\">\n                    <span class=\"c-button__text-wrapper\">\n                        <span class=\"c-button__text c-button__text-top\">Angebot anfordern<\/span>\n                        <span class=\"c-button__text c-button__text-bottom\">Angebot anfordern<\/span>\n                    <\/span>\n                    <span class=\"c-button__icons\">\n                        <div class=\"c-button__icon-box\">\n                        <\/div>\n                        <div class=\"c-button__bullet-box\">\n                            <span class=\"c-button__bullet\"><\/span>\n                        <\/div>\n                    <\/span>\n                <\/button>\n                    <\/div>\n    <\/div>\n<\/section>\n\n\n\n<section class=\"light-bg wp-block-acf-text-banner\">\n    <div class=\"container\">\n                            <span class=\"wp-block-acf-text-banner__label\">\u00d6ffnen, Schlie\u00dfen und Verwahren von Schl\u00fcsseln<\/span>\n                            <h1 class=\"wp-block-acf-text-banner__title wp-block-acf-text-banner__title--js inherit\"><span>Einfacher Zugang, Sicherheit.<\/span><\/h1>\n                            <div class=\"wp-block-acf-text-banner__main-description\"><p>Vertrauen Sie Ihre Schl\u00fcssel geschulten und diskreten Sicherheitsfachleuten an. Die Mitarbeiter des ISD sind f\u00fcr Sie da, um Ihnen zuverl\u00e4ssige Sicherheit zu bieten. <\/p>\n<\/div>\n                                    <div class=\"wp-block-acf-text-banner__scroll-line wp-block-acf-text-banner__scroll-line--js\">\n                <span class=\"wp-block-acf-text-banner__scroll-line-active\"><\/span>\n            <\/div>\n                <!--  -->\n                                        <\/div>\n<\/section>\n\n\n\n<section class=\"wp-block-acf-images-slider\">\n    <div class=\"splide wp-block-acf-images-slider__slider js--images-slider\">\n        <div class=\"splide__track\">\n            <div class=\"splide__list\">\n                                    <div class=\"wp-block-acf-images-slider__slide splide__slide\">\n                                                    <div class=\"wp-block-acf-images-slider__slide-image\">\n                                <img decoding=\"async\" width=\"1550\" height=\"1024\" src=\"https:\/\/www.sirsa.ch\/wp-content\/uploads\/2025\/05\/sirsa-brigades-d-intervention-mobiles-toujours-pretes-a-intervenir.png\" class=\"attachment-full size-full\" alt=\"\" \/>                            <\/div>\n                                            <\/div>\n                                    <div class=\"wp-block-acf-images-slider__slide splide__slide\">\n                                                    <div class=\"wp-block-acf-images-slider__slide-image\">\n                                <img decoding=\"async\" width=\"374\" height=\"464\" src=\"https:\/\/www.sirsa.ch\/wp-content\/uploads\/2025\/05\/sirsa-plus-de-47-ans-d-engagement-dans-la-securite-privee-suisse-1.png\" class=\"attachment-full size-full\" alt=\"\" \/>                            <\/div>\n                                            <\/div>\n                                    <div class=\"wp-block-acf-images-slider__slide splide__slide\">\n                                                    <div class=\"wp-block-acf-images-slider__slide-image\">\n                                <img decoding=\"async\" width=\"374\" height=\"464\" src=\"https:\/\/www.sirsa.ch\/wp-content\/uploads\/2025\/05\/sirsa-standards-de-la-securite-en-suisse.png\" class=\"attachment-full size-full\" alt=\"\" \/>                            <\/div>\n                                            <\/div>\n                                    <div class=\"wp-block-acf-images-slider__slide splide__slide\">\n                                                    <div class=\"wp-block-acf-images-slider__slide-image\">\n                                <img decoding=\"async\" width=\"1550\" height=\"1024\" src=\"https:\/\/www.sirsa.ch\/wp-content\/uploads\/2025\/05\/sirsa-service-presence-physique-5.png\" class=\"attachment-full size-full\" alt=\"\" srcset=\"https:\/\/www.sirsa.ch\/wp-content\/uploads\/2025\/05\/sirsa-service-presence-physique-5.png 1550w, https:\/\/www.sirsa.ch\/wp-content\/uploads\/2025\/05\/sirsa-service-presence-physique-5-300x198.png 300w, https:\/\/www.sirsa.ch\/wp-content\/uploads\/2025\/05\/sirsa-service-presence-physique-5-1024x677.png 1024w, https:\/\/www.sirsa.ch\/wp-content\/uploads\/2025\/05\/sirsa-service-presence-physique-5-768x507.png 768w, https:\/\/www.sirsa.ch\/wp-content\/uploads\/2025\/05\/sirsa-service-presence-physique-5-1536x1015.png 1536w\" sizes=\"(max-width: 1550px) 100vw, 1550px\" \/>                            <\/div>\n                                            <\/div>\n                                    <div class=\"wp-block-acf-images-slider__slide splide__slide\">\n                                                    <div class=\"wp-block-acf-images-slider__slide-image\">\n                                <img decoding=\"async\" width=\"374\" height=\"464\" src=\"https:\/\/www.sirsa.ch\/wp-content\/uploads\/2025\/05\/sirsa-conseillers.png\" class=\"attachment-full size-full\" alt=\"\" \/>                            <\/div>\n                                            <\/div>\n                                    <div class=\"wp-block-acf-images-slider__slide splide__slide\">\n                                                    <div class=\"wp-block-acf-images-slider__slide-image\">\n                                <img decoding=\"async\" width=\"374\" height=\"464\" src=\"https:\/\/www.sirsa.ch\/wp-content\/uploads\/2025\/05\/sirsa-notre-coeur-de-metier-1.png\" class=\"attachment-full size-full\" alt=\"\" \/>                            <\/div>\n                                            <\/div>\n                                    <div class=\"wp-block-acf-images-slider__slide splide__slide\">\n                                                    <div class=\"wp-block-acf-images-slider__slide-image\">\n                                <img decoding=\"async\" width=\"374\" height=\"464\" src=\"https:\/\/www.sirsa.ch\/wp-content\/uploads\/2025\/05\/sirsa-intervenir-en-cas-d-alerte.png\" class=\"attachment-full size-full\" alt=\"\" \/>                            <\/div>\n                                            <\/div>\n                                    <div class=\"wp-block-acf-images-slider__slide splide__slide\">\n                                                    <div class=\"wp-block-acf-images-slider__slide-image\">\n                                <img decoding=\"async\" width=\"1550\" height=\"1024\" src=\"https:\/\/www.sirsa.ch\/wp-content\/uploads\/2025\/05\/sirsa-controler-les-acces.png\" class=\"attachment-full size-full\" alt=\"\" \/>                            <\/div>\n                                            <\/div>\n                                    <div class=\"wp-block-acf-images-slider__slide splide__slide\">\n                                                    <div class=\"wp-block-acf-images-slider__slide-image\">\n                                <img decoding=\"async\" width=\"374\" height=\"464\" src=\"https:\/\/www.sirsa.ch\/wp-content\/uploads\/2025\/05\/image-gallery-3.png\" class=\"attachment-full size-full\" alt=\"\" srcset=\"https:\/\/www.sirsa.ch\/wp-content\/uploads\/2025\/05\/image-gallery-3.png 374w, https:\/\/www.sirsa.ch\/wp-content\/uploads\/2025\/05\/image-gallery-3-242x300.png 242w\" sizes=\"(max-width: 374px) 100vw, 374px\" \/>                            <\/div>\n                                            <\/div>\n                                    <div class=\"wp-block-acf-images-slider__slide splide__slide\">\n                                                    <div class=\"wp-block-acf-images-slider__slide-image\">\n                                <img decoding=\"async\" width=\"374\" height=\"464\" src=\"https:\/\/www.sirsa.ch\/wp-content\/uploads\/2025\/04\/service-banner9.png\" class=\"attachment-full size-full\" alt=\"\" srcset=\"https:\/\/www.sirsa.ch\/wp-content\/uploads\/2025\/04\/service-banner9.png 374w, https:\/\/www.sirsa.ch\/wp-content\/uploads\/2025\/04\/service-banner9-242x300.png 242w\" sizes=\"(max-width: 374px) 100vw, 374px\" \/>                            <\/div>\n                                            <\/div>\n                                    <div class=\"wp-block-acf-images-slider__slide splide__slide\">\n                                                    <div class=\"wp-block-acf-images-slider__slide-image\">\n                                <img decoding=\"async\" width=\"748\" height=\"464\" src=\"https:\/\/www.sirsa.ch\/wp-content\/uploads\/2025\/05\/Image-gallery.png\" class=\"attachment-full size-full\" alt=\"\" srcset=\"https:\/\/www.sirsa.ch\/wp-content\/uploads\/2025\/05\/Image-gallery.png 748w, https:\/\/www.sirsa.ch\/wp-content\/uploads\/2025\/05\/Image-gallery-300x186.png 300w\" sizes=\"(max-width: 748px) 100vw, 748px\" \/>                            <\/div>\n                                            <\/div>\n                                    <div class=\"wp-block-acf-images-slider__slide splide__slide\">\n                                                    <div class=\"wp-block-acf-images-slider__slide-image\">\n                                <img decoding=\"async\" width=\"374\" height=\"464\" src=\"https:\/\/www.sirsa.ch\/wp-content\/uploads\/2025\/05\/Image-gallery-2.png\" class=\"attachment-full size-full\" alt=\"\" srcset=\"https:\/\/www.sirsa.ch\/wp-content\/uploads\/2025\/05\/Image-gallery-2.png 374w, https:\/\/www.sirsa.ch\/wp-content\/uploads\/2025\/05\/Image-gallery-2-242x300.png 242w\" sizes=\"(max-width: 374px) 100vw, 374px\" \/>                            <\/div>\n                                            <\/div>\n                                    <div class=\"wp-block-acf-images-slider__slide splide__slide\">\n                                                    <div class=\"wp-block-acf-images-slider__slide-image\">\n                                <img decoding=\"async\" width=\"1550\" height=\"1024\" src=\"https:\/\/www.sirsa.ch\/wp-content\/uploads\/2025\/05\/sirsa-renforcer-votre-dispositif-avec-des-agents-formes-1.png\" class=\"attachment-full size-full\" alt=\"\" \/>                            <\/div>\n                                            <\/div>\n                                    <div class=\"wp-block-acf-images-slider__slide splide__slide\">\n                                                    <div class=\"wp-block-acf-images-slider__slide-image\">\n                                <img decoding=\"async\" width=\"374\" height=\"464\" src=\"https:\/\/www.sirsa.ch\/wp-content\/uploads\/2025\/05\/sirsa-reduire-vos-risques-garantir-la-continuite-de-vos-operations-1.png\" class=\"attachment-full size-full\" alt=\"\" \/>                            <\/div>\n                                            <\/div>\n                            <\/div>\n        <\/div>\n    <\/div>\n<\/section>\n\n\n\n<section class=\"light-bg wp-block-acf-text-image\">\n    <div class=\"container\">\n        <div class=\"wp-block-acf-text-image__row \">\n            <div class=\"wp-block-acf-text-image__col col--content\">\n                                    <span class=\"wp-block-acf-text-image__label\">Durchdacht, um sich anzupassen<\/span>\n                                                    <h2 class=\"wp-block-acf-text-image__title\">Ein einfacher, flexibler und sicherer Service<\/h2>\n                                                    <div class=\"wp-block-acf-text-image__top-description c-description\">\n                        <p>SIR \u00f6ffnet und schlie\u00dft Ihre R\u00e4umlichkeiten, egal ob es sich um Privatwohnungen, Gesch\u00e4fte oder Gesch\u00e4ftsr\u00e4ume handelt. Bei der \u00d6ffnung \u00fcberpr\u00fcfen unsere Mitarbeiter die Zug\u00e4nge, deaktivieren die Alarmanlagen, f\u00fchren eine visuelle Kontrolle der R\u00e4umlichkeiten durch und stellen sicher, dass alles bereit ist, um Ihr Team oder Ihre Besucher zu empfangen. <\/p>\n                    <\/div>\n                                                    <div class=\"wp-block-acf-text-image__bottom-description c-description\">\n                        <p>Beim Schlie\u00dfen vergewissern sie sich, dass die R\u00e4umlichkeiten leer sind, verriegeln alle Ausg\u00e4nge, aktivieren den Alarm wieder und sichern den Ort gem\u00e4\u00df Ihren Anweisungen. Ihre Schl\u00fcssel werden unter strengen Sicherheitsvorkehrungen aufbewahrt, bleiben aber zug\u00e4nglich, damit unsere Mitarbeiter im Notfall rund um die Uhr einsatzbereit sind. <\/p>\n                    <\/div>\n                                    <div class=\"wp-block-acf-text-image__buttons\">\n\n                    <button class=\"wp-block-acf-text-image__button button--first js--open-form-popup\">\n                <span class=\"c-button__text-wrapper\">\n                    <span class=\"c-button__text c-button__text-top\">Angebot anfordern<\/span>\n                    <span class=\"c-button__text c-button__text-bottom\" role=\"presentation\" aria-hidden=\"true\">Angebot anfordern<\/span>\n                <\/span>\n                <span class=\"c-button__icons\" role=\"presentation\" aria-hidden=\"true\">\n                    <span class=\"c-button__icon-box\"><\/span>\n                    <span class=\"c-button__bullet-box\">\n                        <span class=\"c-button__bullet\"><\/span>\n                    <\/span>\n                <\/span>\n            <\/button>\n                                        <\/div>\n            <\/div>\n            <div class=\"wp-block-acf-text-image__col col--image\">\n                                    <div class=\"wp-block-acf-text-image__image\">\n                        <img decoding=\"async\" width=\"2560\" height=\"1440\" src=\"https:\/\/www.sirsa.ch\/wp-content\/uploads\/2025\/05\/sirsa-ouverture-fermeture-garde-cles-1-1-scaled.png\" class=\"attachment-full size-full\" alt=\"\" srcset=\"https:\/\/www.sirsa.ch\/wp-content\/uploads\/2025\/05\/sirsa-ouverture-fermeture-garde-cles-1-1-scaled.png 2560w, https:\/\/www.sirsa.ch\/wp-content\/uploads\/2025\/05\/sirsa-ouverture-fermeture-garde-cles-1-1-300x169.png 300w, https:\/\/www.sirsa.ch\/wp-content\/uploads\/2025\/05\/sirsa-ouverture-fermeture-garde-cles-1-1-1024x576.png 1024w, https:\/\/www.sirsa.ch\/wp-content\/uploads\/2025\/05\/sirsa-ouverture-fermeture-garde-cles-1-1-768x432.png 768w\" sizes=\"(max-width: 2560px) 100vw, 2560px\" \/>                    <\/div>\n                            <\/div>\n        <\/div>\n    <\/div>\n<\/section>\n\n\n\n<section class=\"light-bg wp-block-acf-title-text\">\n    <div class=\"container\">\n        <div class=\"wp-block-acf-title-text__grid no-bottom-separator\">\n            <div class=\"wp-block-acf-title-text__col\">\n                                                    <h3 class=\"wp-block-acf-title-text__title\">Mit dem CRS sind Ihre Schl\u00fcssel in guten H\u00e4nden.<\/h3>\n                            <\/div>\n            <div class=\"wp-block-acf-title-text__col\">\n                                    <div class=\"wp-block-acf-title-text__content c-wysiwyg\">\n                        <ul>\n<li>Schl\u00fcsselbewahrung unter strenger Aufsicht<\/li>\n<li>M\u00f6glichkeit, dass die ISD-Agenten unter allen Umst\u00e4nden eingreifen k\u00f6nnen<\/li>\n<li>Assistance-Service bei Schl\u00fcsselverlust\/zugeworfener T\u00fcr<\/li>\n<li>\u00d6ffnung\/Schlie\u00dfung der Website im Falle von Bauarbeiten<\/li>\n<li>Der ISD f\u00fchrt mehr als 65.000 \u00d6ffnungen und Schlie\u00dfungen pro Jahr durch.<\/li>\n<\/ul>\n                    <\/div>\n                            <\/div>\n        <\/div>\n    <\/div>\n<\/section>\n\n\n\n<section class=\"light-gray-bg wp-block-acf-bottom-cta\">\n    <div class=\"container\">\n        <div class=\"wp-block-acf-bottom-cta__box\">\n                            <h2 class=\"wp-block-acf-bottom-cta__title\">Brauchen Sie weitere Informationen?<\/h2>\n                                        <div class=\"wp-block-acf-bottom-cta__description\"><p>Wir stehen Ihnen bei Fragen, spezifischen W\u00fcnschen oder Bedarf an Unterst\u00fctzung zur Verf\u00fcgung. Bitte z\u00f6gern Sie nicht, uns zu kontaktieren. <\/p>\n<\/div>\n                                        <button class=\"wp-block-acf-bottom-cta__button js--open-form-popup\">\n                    <span class=\"c-button__text-wrapper\">\n                        <span class=\"c-button__text c-button__text-top\">Kontakt<\/span>\n                        <span class=\"c-button__text c-button__text-bottom\">Kontakt<\/span>\n                    <\/span>\n                    <span class=\"c-button__icons\">\n                        <span class=\"c-button__icon-box\">\n                        <\/span>\n                        <span class=\"c-button__bullet-box\">\n                            <span class=\"c-button__bullet\"><\/span>\n                        <\/span>\n                    <\/span>\n                <\/button>\n                    <\/div>\n    <\/div>\n<\/section>","protected":false},"excerpt":{"rendered":"<p>Der ISD \u00fcbernimmt das \u00d6ffnen, Schlie\u00dfen und Verwahren von Schl\u00fcsseln f\u00fcr Ihre R\u00e4umlichkeiten oder Residenzen, um Ihren Mitarbeitern, Auftragnehmern oder Ihrer Familie einen sicheren Zugang zu gew\u00e4hrleisten.<\/p>\n","protected":false},"featured_media":3132,"template":"","meta":{"_acf_changed":false,"footnotes":""},"sir_serv_category":[56],"sir_serv_type":[59,57],"class_list":["post-3126","sir_services","type-sir_services","status-publish","has-post-thumbnail","hentry","sir_serv_category-vor-ort","sir_serv_type-besondere","sir_serv_type-unternehmen"],"acf":[],"yoast_head":"<title>\u00d6ffnungs- und Schlie\u00dfungsmanagement - SIR - Service d\u2019Intervention Rapide SA<\/title>\n<meta name=\"description\" content=\"Sicherung Ihrer R\u00e4umlichkeiten: programmierte \u00d6ffnung\/Schlie\u00dfung, Schl\u00fcsselverwaltung, abschreckende Pr\u00e4senz.\" \/>\n<meta name=\"robots\" content=\"index, follow, max-snippet:-1, max-image-preview:large, max-video-preview:-1\" \/>\n<link rel=\"canonical\" href=\"https:\/\/www.sirsa.ch\/de\/services\/oeffnen-schliessen-und-verwahren-von-schluesseln\/\" \/>\n<meta property=\"og:locale\" content=\"de_DE\" \/>\n<meta property=\"og:type\" content=\"article\" \/>\n<meta property=\"og:title\" content=\"\u00d6ffnen, Schlie\u00dfen und Verwahren von Schl\u00fcsseln\" \/>\n<meta property=\"og:description\" content=\"Sicherung Ihrer R\u00e4umlichkeiten: programmierte \u00d6ffnung\/Schlie\u00dfung, Schl\u00fcsselverwaltung, abschreckende Pr\u00e4senz.\" \/>\n<meta property=\"og:url\" content=\"https:\/\/www.sirsa.ch\/de\/services\/oeffnen-schliessen-und-verwahren-von-schluesseln\/\" \/>\n<meta property=\"og:site_name\" content=\"SIR - Service d\u2019Intervention Rapide SA\" \/>\n<meta property=\"article:modified_time\" content=\"2025-06-25T09:15:25+00:00\" \/>\n<meta property=\"og:image\" content=\"https:\/\/www.sirsa.ch\/wp-content\/uploads\/2025\/05\/sirsa-ouverture-fermeture-garde-cles-4-1-1024x383.png\" \/>\n\t<meta property=\"og:image:width\" content=\"1024\" \/>\n\t<meta property=\"og:image:height\" content=\"383\" \/>\n\t<meta property=\"og:image:type\" content=\"image\/png\" \/>\n<meta name=\"twitter:card\" content=\"summary_large_image\" \/>\n<meta name=\"twitter:label1\" content=\"Gesch\u00e4tzte Lesezeit\" \/>\n\t<meta name=\"twitter:data1\" content=\"1\u00a0Minute\" \/>\n<script type=\"application\/ld+json\" class=\"yoast-schema-graph\">{\"@context\":\"https:\\\/\\\/schema.org\",\"@graph\":[{\"@type\":\"WebPage\",\"@id\":\"https:\\\/\\\/www.sirsa.ch\\\/de\\\/services\\\/oeffnen-schliessen-und-verwahren-von-schluesseln\\\/\",\"url\":\"https:\\\/\\\/www.sirsa.ch\\\/de\\\/services\\\/oeffnen-schliessen-und-verwahren-von-schluesseln\\\/\",\"name\":\"\u00d6ffnungs- und Schlie\u00dfungsmanagement - SIR - Service d\u2019Intervention Rapide SA\",\"isPartOf\":{\"@id\":\"https:\\\/\\\/www.sirsa.ch\\\/de\\\/#website\"},\"primaryImageOfPage\":{\"@id\":\"https:\\\/\\\/www.sirsa.ch\\\/de\\\/services\\\/oeffnen-schliessen-und-verwahren-von-schluesseln\\\/#primaryimage\"},\"image\":{\"@id\":\"https:\\\/\\\/www.sirsa.ch\\\/de\\\/services\\\/oeffnen-schliessen-und-verwahren-von-schluesseln\\\/#primaryimage\"},\"thumbnailUrl\":\"https:\\\/\\\/www.sirsa.ch\\\/wp-content\\\/uploads\\\/2025\\\/05\\\/sirsa-ouverture-fermeture-garde-cles-4-1-scaled.png\",\"datePublished\":\"2025-05-05T07:59:12+00:00\",\"dateModified\":\"2025-06-25T09:15:25+00:00\",\"description\":\"Sicherung Ihrer R\u00e4umlichkeiten: programmierte \u00d6ffnung\\\/Schlie\u00dfung, Schl\u00fcsselverwaltung, abschreckende Pr\u00e4senz.\",\"breadcrumb\":{\"@id\":\"https:\\\/\\\/www.sirsa.ch\\\/de\\\/services\\\/oeffnen-schliessen-und-verwahren-von-schluesseln\\\/#breadcrumb\"},\"inLanguage\":\"de\",\"potentialAction\":[{\"@type\":\"ReadAction\",\"target\":[\"https:\\\/\\\/www.sirsa.ch\\\/de\\\/services\\\/oeffnen-schliessen-und-verwahren-von-schluesseln\\\/\"]}]},{\"@type\":\"ImageObject\",\"inLanguage\":\"de\",\"@id\":\"https:\\\/\\\/www.sirsa.ch\\\/de\\\/services\\\/oeffnen-schliessen-und-verwahren-von-schluesseln\\\/#primaryimage\",\"url\":\"https:\\\/\\\/www.sirsa.ch\\\/wp-content\\\/uploads\\\/2025\\\/05\\\/sirsa-ouverture-fermeture-garde-cles-4-1-scaled.png\",\"contentUrl\":\"https:\\\/\\\/www.sirsa.ch\\\/wp-content\\\/uploads\\\/2025\\\/05\\\/sirsa-ouverture-fermeture-garde-cles-4-1-scaled.png\",\"width\":2560,\"height\":958},{\"@type\":\"BreadcrumbList\",\"@id\":\"https:\\\/\\\/www.sirsa.ch\\\/de\\\/services\\\/oeffnen-schliessen-und-verwahren-von-schluesseln\\\/#breadcrumb\",\"itemListElement\":[{\"@type\":\"ListItem\",\"position\":1,\"name\":\"Home\",\"item\":\"https:\\\/\\\/www.sirsa.ch\\\/de\\\/\"},{\"@type\":\"ListItem\",\"position\":2,\"name\":\"\u00d6ffnen, Schlie\u00dfen und Verwahren von Schl\u00fcsseln\"}]},{\"@type\":\"WebSite\",\"@id\":\"https:\\\/\\\/www.sirsa.ch\\\/de\\\/#website\",\"url\":\"https:\\\/\\\/www.sirsa.ch\\\/de\\\/\",\"name\":\"Service d\u2019Intervention Rapide SA\",\"description\":\"Plus de 45 ans d&#039;exp\u00e9rience dans la s\u00e9curit\u00e9 priv\u00e9e au service des particuliers et des entreprises\",\"publisher\":{\"@id\":\"https:\\\/\\\/www.sirsa.ch\\\/de\\\/#organization\"},\"alternateName\":\"SIR SA - Service d\u2019Intervention Rapide SA\",\"potentialAction\":[{\"@type\":\"SearchAction\",\"target\":{\"@type\":\"EntryPoint\",\"urlTemplate\":\"https:\\\/\\\/www.sirsa.ch\\\/de\\\/?s={search_term_string}\"},\"query-input\":{\"@type\":\"PropertyValueSpecification\",\"valueRequired\":true,\"valueName\":\"search_term_string\"}}],\"inLanguage\":\"de\"},{\"@type\":\"Organization\",\"@id\":\"https:\\\/\\\/www.sirsa.ch\\\/de\\\/#organization\",\"name\":\"Service d'Intervention Rapide SA\",\"alternateName\":\"Service d'Intervention Rapide SA\",\"url\":\"https:\\\/\\\/www.sirsa.ch\\\/de\\\/\",\"logo\":{\"@type\":\"ImageObject\",\"inLanguage\":\"de\",\"@id\":\"https:\\\/\\\/www.sirsa.ch\\\/de\\\/#\\\/schema\\\/logo\\\/image\\\/\",\"url\":\"https:\\\/\\\/www.sirsa.ch\\\/wp-content\\\/uploads\\\/2025\\\/04\\\/cropped-sir-logo-1.png\",\"contentUrl\":\"https:\\\/\\\/www.sirsa.ch\\\/wp-content\\\/uploads\\\/2025\\\/04\\\/cropped-sir-logo-1.png\",\"width\":160,\"height\":160,\"caption\":\"Service d'Intervention Rapide SA\"},\"image\":{\"@id\":\"https:\\\/\\\/www.sirsa.ch\\\/de\\\/#\\\/schema\\\/logo\\\/image\\\/\"},\"sameAs\":[\"https:\\\/\\\/www.linkedin.com\\\/company\\\/serviceinterventionrapidesa\",\"https:\\\/\\\/www.youtube.com\\\/@sirdg5117\"],\"description\":\"Depuis 1978, le SIR fa\u00e7onne les standards de la s\u00e9curit\u00e9 en Suisse. Une expertise construite aux c\u00f4t\u00e9s de ceux que nous prot\u00e9geons.\",\"email\":\"secretariat@sirsa.ch\",\"telephone\":\"+41223644644\",\"legalName\":\"Service d'Int\u00e9rvention Rapide SA\",\"foundingDate\":\"1978-01-19\",\"numberOfEmployees\":{\"@type\":\"QuantitativeValue\",\"minValue\":\"201\",\"maxValue\":\"500\"}}]}<\/script>","yoast_head_json":{"title":"\u00d6ffnungs- und Schlie\u00dfungsmanagement - SIR - Service d\u2019Intervention Rapide SA","description":"Sicherung Ihrer R\u00e4umlichkeiten: programmierte \u00d6ffnung\/Schlie\u00dfung, Schl\u00fcsselverwaltung, abschreckende Pr\u00e4senz.","robots":{"index":"index","follow":"follow","max-snippet":"max-snippet:-1","max-image-preview":"max-image-preview:large","max-video-preview":"max-video-preview:-1"},"canonical":"https:\/\/www.sirsa.ch\/de\/services\/oeffnen-schliessen-und-verwahren-von-schluesseln\/","og_locale":"de_DE","og_type":"article","og_title":"\u00d6ffnen, Schlie\u00dfen und Verwahren von Schl\u00fcsseln","og_description":"Sicherung Ihrer R\u00e4umlichkeiten: programmierte \u00d6ffnung\/Schlie\u00dfung, Schl\u00fcsselverwaltung, abschreckende Pr\u00e4senz.","og_url":"https:\/\/www.sirsa.ch\/de\/services\/oeffnen-schliessen-und-verwahren-von-schluesseln\/","og_site_name":"SIR - Service d\u2019Intervention Rapide SA","article_modified_time":"2025-06-25T09:15:25+00:00","og_image":[{"width":1024,"height":383,"url":"https:\/\/www.sirsa.ch\/wp-content\/uploads\/2025\/05\/sirsa-ouverture-fermeture-garde-cles-4-1-1024x383.png","type":"image\/png"}],"twitter_card":"summary_large_image","twitter_misc":{"Gesch\u00e4tzte Lesezeit":"1\u00a0Minute"},"schema":{"@context":"https:\/\/schema.org","@graph":[{"@type":"WebPage","@id":"https:\/\/www.sirsa.ch\/de\/services\/oeffnen-schliessen-und-verwahren-von-schluesseln\/","url":"https:\/\/www.sirsa.ch\/de\/services\/oeffnen-schliessen-und-verwahren-von-schluesseln\/","name":"\u00d6ffnungs- und Schlie\u00dfungsmanagement - SIR - Service d\u2019Intervention Rapide SA","isPartOf":{"@id":"https:\/\/www.sirsa.ch\/de\/#website"},"primaryImageOfPage":{"@id":"https:\/\/www.sirsa.ch\/de\/services\/oeffnen-schliessen-und-verwahren-von-schluesseln\/#primaryimage"},"image":{"@id":"https:\/\/www.sirsa.ch\/de\/services\/oeffnen-schliessen-und-verwahren-von-schluesseln\/#primaryimage"},"thumbnailUrl":"https:\/\/www.sirsa.ch\/wp-content\/uploads\/2025\/05\/sirsa-ouverture-fermeture-garde-cles-4-1-scaled.png","datePublished":"2025-05-05T07:59:12+00:00","dateModified":"2025-06-25T09:15:25+00:00","description":"Sicherung Ihrer R\u00e4umlichkeiten: programmierte \u00d6ffnung\/Schlie\u00dfung, Schl\u00fcsselverwaltung, abschreckende Pr\u00e4senz.","breadcrumb":{"@id":"https:\/\/www.sirsa.ch\/de\/services\/oeffnen-schliessen-und-verwahren-von-schluesseln\/#breadcrumb"},"inLanguage":"de","potentialAction":[{"@type":"ReadAction","target":["https:\/\/www.sirsa.ch\/de\/services\/oeffnen-schliessen-und-verwahren-von-schluesseln\/"]}]},{"@type":"ImageObject","inLanguage":"de","@id":"https:\/\/www.sirsa.ch\/de\/services\/oeffnen-schliessen-und-verwahren-von-schluesseln\/#primaryimage","url":"https:\/\/www.sirsa.ch\/wp-content\/uploads\/2025\/05\/sirsa-ouverture-fermeture-garde-cles-4-1-scaled.png","contentUrl":"https:\/\/www.sirsa.ch\/wp-content\/uploads\/2025\/05\/sirsa-ouverture-fermeture-garde-cles-4-1-scaled.png","width":2560,"height":958},{"@type":"BreadcrumbList","@id":"https:\/\/www.sirsa.ch\/de\/services\/oeffnen-schliessen-und-verwahren-von-schluesseln\/#breadcrumb","itemListElement":[{"@type":"ListItem","position":1,"name":"Home","item":"https:\/\/www.sirsa.ch\/de\/"},{"@type":"ListItem","position":2,"name":"\u00d6ffnen, Schlie\u00dfen und Verwahren von Schl\u00fcsseln"}]},{"@type":"WebSite","@id":"https:\/\/www.sirsa.ch\/de\/#website","url":"https:\/\/www.sirsa.ch\/de\/","name":"Service d\u2019Intervention Rapide SA","description":"Plus de 45 ans d&#039;exp\u00e9rience dans la s\u00e9curit\u00e9 priv\u00e9e au service des particuliers et des entreprises","publisher":{"@id":"https:\/\/www.sirsa.ch\/de\/#organization"},"alternateName":"SIR SA - Service d\u2019Intervention Rapide SA","potentialAction":[{"@type":"SearchAction","target":{"@type":"EntryPoint","urlTemplate":"https:\/\/www.sirsa.ch\/de\/?s={search_term_string}"},"query-input":{"@type":"PropertyValueSpecification","valueRequired":true,"valueName":"search_term_string"}}],"inLanguage":"de"},{"@type":"Organization","@id":"https:\/\/www.sirsa.ch\/de\/#organization","name":"Service d'Intervention Rapide SA","alternateName":"Service d'Intervention Rapide SA","url":"https:\/\/www.sirsa.ch\/de\/","logo":{"@type":"ImageObject","inLanguage":"de","@id":"https:\/\/www.sirsa.ch\/de\/#\/schema\/logo\/image\/","url":"https:\/\/www.sirsa.ch\/wp-content\/uploads\/2025\/04\/cropped-sir-logo-1.png","contentUrl":"https:\/\/www.sirsa.ch\/wp-content\/uploads\/2025\/04\/cropped-sir-logo-1.png","width":160,"height":160,"caption":"Service d'Intervention Rapide SA"},"image":{"@id":"https:\/\/www.sirsa.ch\/de\/#\/schema\/logo\/image\/"},"sameAs":["https:\/\/www.linkedin.com\/company\/serviceinterventionrapidesa","https:\/\/www.youtube.com\/@sirdg5117"],"description":"Depuis 1978, le SIR fa\u00e7onne les standards de la s\u00e9curit\u00e9 en Suisse. Une expertise construite aux c\u00f4t\u00e9s de ceux que nous prot\u00e9geons.","email":"secretariat@sirsa.ch","telephone":"+41223644644","legalName":"Service d'Int\u00e9rvention Rapide SA","foundingDate":"1978-01-19","numberOfEmployees":{"@type":"QuantitativeValue","minValue":"201","maxValue":"500"}}]}},"_links":{"self":[{"href":"https:\/\/www.sirsa.ch\/de\/wp-json\/wp\/v2\/sir_services\/3126","targetHints":{"allow":["GET"]}}],"collection":[{"href":"https:\/\/www.sirsa.ch\/de\/wp-json\/wp\/v2\/sir_services"}],"about":[{"href":"https:\/\/www.sirsa.ch\/de\/wp-json\/wp\/v2\/types\/sir_services"}],"version-history":[{"count":2,"href":"https:\/\/www.sirsa.ch\/de\/wp-json\/wp\/v2\/sir_services\/3126\/revisions"}],"predecessor-version":[{"id":3240,"href":"https:\/\/www.sirsa.ch\/de\/wp-json\/wp\/v2\/sir_services\/3126\/revisions\/3240"}],"wp:featuredmedia":[{"embeddable":true,"href":"https:\/\/www.sirsa.ch\/de\/wp-json\/wp\/v2\/media\/3132"}],"wp:attachment":[{"href":"https:\/\/www.sirsa.ch\/de\/wp-json\/wp\/v2\/media?parent=3126"}],"wp:term":[{"taxonomy":"sir_serv_category","embeddable":true,"href":"https:\/\/www.sirsa.ch\/de\/wp-json\/wp\/v2\/sir_serv_category?post=3126"},{"taxonomy":"sir_serv_type","embeddable":true,"href":"https:\/\/www.sirsa.ch\/de\/wp-json\/wp\/v2\/sir_serv_type?post=3126"}],"curies":[{"name":"wp","href":"https:\/\/api.w.org\/{rel}","templated":true}]}}