{"id":3104,"date":"2025-05-07T12:54:50","date_gmt":"2025-05-07T12:54:50","guid":{"rendered":"https:\/\/www.sirsa.ch\/services\/anschluss-an-unsere-alarmzentrale\/"},"modified":"2025-06-25T08:56:58","modified_gmt":"2025-06-25T08:56:58","slug":"anschluss-an-unsere-alarmzentrale","status":"publish","type":"sir_services","link":"https:\/\/www.sirsa.ch\/de\/services\/anschluss-an-unsere-alarmzentrale\/","title":{"rendered":"Anschluss an unsere Alarmzentrale"},"content":{"rendered":"\n\n<section class=\"dark-theme wp-block-acf-hero-banner\">\n            <div class=\"wp-block-acf-hero-banner__image wp-block-acf-hero-banner__image--desktop\">\n            <img decoding=\"async\" width=\"1920\" height=\"1080\" src=\"https:\/\/www.sirsa.ch\/wp-content\/uploads\/2025\/05\/sirsa-raccordement-a-notre-centrale-d-alarme-1.png\" class=\"attachment-full size-full\" alt=\"\" \/>        <\/div>\n            <div class=\"wp-block-acf-hero-banner__gradient\"><\/div>\n    <div class=\"container\">\n        <div class=\"wp-block-acf-hero-banner__content\">\n                            <span class=\"wp-block-acf-hero-banner__label\">Einrichtung<\/span>\n                                        <h1 class=\"wp-block-acf-hero-banner__title inherit\">Anschluss an unsere Alarmzentrale<\/h1>\n                                        <div class=\"wp-block-acf-hero-banner__description\"><p>Eine direkte Verbindung zwischen Ihrer Sicherheitsausr\u00fcstung und unserem 24-Stunden-\u00dcberwachungszentrum. Kein Alarm bleibt unbeantwortet, unsere Sicherheitsexperten wachen \u00fcber das, was uns anvertraut wurde. <\/p>\n<\/div>\n            \n                            <button class=\"wp-block-acf-hero-banner__button-popup js--open-form-popup\">\n                    <span class=\"c-button__text-wrapper\">\n                        <span class=\"c-button__text c-button__text-top\">Angebot anfordern<\/span>\n                        <span class=\"c-button__text c-button__text-bottom\">Angebot anfordern<\/span>\n                    <\/span>\n                    <span class=\"c-button__icons\">\n                        <div class=\"c-button__icon-box\">\n                        <\/div>\n                        <div class=\"c-button__bullet-box\">\n                            <span class=\"c-button__bullet\"><\/span>\n                        <\/div>\n                    <\/span>\n                <\/button>\n                    <\/div>\n    <\/div>\n<\/section>\n\n<section class=\"light-gray-bg wp-block-acf-text-banner\">\n    <div class=\"container\">\n                            <span class=\"wp-block-acf-text-banner__label\">Alarmzentrale<\/span>\n                            <h1 class=\"wp-block-acf-text-banner__title wp-block-acf-text-banner__title--js inherit\"><span>Unsere Sicherheitsspezialisten k\u00fcmmern sich um Ihr Eigentum.<\/span><\/h1>\n                            <div class=\"wp-block-acf-text-banner__main-description\"><p>Unsere zertifizierte Alarmzentrale \u00fcbernimmt die Kontrolle, sobald ein Ereignis erkannt wird. Durch die Kombination von menschlicher Analyse und modernster Technologie bieten wir Ihnen einen aktiven, pr\u00e4zisen und an Ihre Umgebung angepassten Schutz. <\/p>\n<\/div>\n                                    <div class=\"wp-block-acf-text-banner__scroll-line wp-block-acf-text-banner__scroll-line--js\">\n                <span class=\"wp-block-acf-text-banner__scroll-line-active\"><\/span>\n            <\/div>\n                <!--  -->\n                                        <\/div>\n<\/section>\n\n<section class=\"wp-block-acf-images-slider\">\n    <div class=\"splide wp-block-acf-images-slider__slider js--images-slider\">\n        <div class=\"splide__track\">\n            <div class=\"splide__list\">\n                                    <div class=\"wp-block-acf-images-slider__slide splide__slide\">\n                                                    <div class=\"wp-block-acf-images-slider__slide-image\">\n                                <img decoding=\"async\" width=\"1550\" height=\"1024\" src=\"https:\/\/www.sirsa.ch\/wp-content\/uploads\/2025\/05\/sirsa-brigades-d-intervention-mobiles-toujours-pretes-a-intervenir.png\" class=\"attachment-full size-full\" alt=\"\" \/>                            <\/div>\n                                            <\/div>\n                                    <div class=\"wp-block-acf-images-slider__slide splide__slide\">\n                                                    <div class=\"wp-block-acf-images-slider__slide-image\">\n                                <img decoding=\"async\" width=\"374\" height=\"464\" src=\"https:\/\/www.sirsa.ch\/wp-content\/uploads\/2025\/05\/sirsa-plus-de-47-ans-d-engagement-dans-la-securite-privee-suisse-1.png\" class=\"attachment-full size-full\" alt=\"\" \/>                            <\/div>\n                                            <\/div>\n                                    <div class=\"wp-block-acf-images-slider__slide splide__slide\">\n                                                    <div class=\"wp-block-acf-images-slider__slide-image\">\n                                <img decoding=\"async\" width=\"374\" height=\"464\" src=\"https:\/\/www.sirsa.ch\/wp-content\/uploads\/2025\/05\/sirsa-standards-de-la-securite-en-suisse.png\" class=\"attachment-full size-full\" alt=\"\" \/>                            <\/div>\n                                            <\/div>\n                                    <div class=\"wp-block-acf-images-slider__slide splide__slide\">\n                                                    <div class=\"wp-block-acf-images-slider__slide-image\">\n                                <img decoding=\"async\" width=\"1550\" height=\"1024\" src=\"https:\/\/www.sirsa.ch\/wp-content\/uploads\/2025\/05\/sirsa-service-presence-physique-5.png\" class=\"attachment-full size-full\" alt=\"\" srcset=\"https:\/\/www.sirsa.ch\/wp-content\/uploads\/2025\/05\/sirsa-service-presence-physique-5.png 1550w, https:\/\/www.sirsa.ch\/wp-content\/uploads\/2025\/05\/sirsa-service-presence-physique-5-300x198.png 300w, https:\/\/www.sirsa.ch\/wp-content\/uploads\/2025\/05\/sirsa-service-presence-physique-5-1024x677.png 1024w, https:\/\/www.sirsa.ch\/wp-content\/uploads\/2025\/05\/sirsa-service-presence-physique-5-768x507.png 768w, https:\/\/www.sirsa.ch\/wp-content\/uploads\/2025\/05\/sirsa-service-presence-physique-5-1536x1015.png 1536w\" sizes=\"(max-width: 1550px) 100vw, 1550px\" \/>                            <\/div>\n                                            <\/div>\n                                    <div class=\"wp-block-acf-images-slider__slide splide__slide\">\n                                                    <div class=\"wp-block-acf-images-slider__slide-image\">\n                                <img decoding=\"async\" width=\"374\" height=\"464\" src=\"https:\/\/www.sirsa.ch\/wp-content\/uploads\/2025\/05\/sirsa-conseillers.png\" class=\"attachment-full size-full\" alt=\"\" \/>                            <\/div>\n                                            <\/div>\n                                    <div class=\"wp-block-acf-images-slider__slide splide__slide\">\n                                                    <div class=\"wp-block-acf-images-slider__slide-image\">\n                                <img decoding=\"async\" width=\"374\" height=\"464\" src=\"https:\/\/www.sirsa.ch\/wp-content\/uploads\/2025\/05\/sirsa-notre-coeur-de-metier-1.png\" class=\"attachment-full size-full\" alt=\"\" \/>                            <\/div>\n                                            <\/div>\n                                    <div class=\"wp-block-acf-images-slider__slide splide__slide\">\n                                                    <div class=\"wp-block-acf-images-slider__slide-image\">\n                                <img decoding=\"async\" width=\"374\" height=\"464\" src=\"https:\/\/www.sirsa.ch\/wp-content\/uploads\/2025\/05\/sirsa-intervenir-en-cas-d-alerte.png\" class=\"attachment-full size-full\" alt=\"\" \/>                            <\/div>\n                                            <\/div>\n                                    <div class=\"wp-block-acf-images-slider__slide splide__slide\">\n                                                    <div class=\"wp-block-acf-images-slider__slide-image\">\n                                <img decoding=\"async\" width=\"1550\" height=\"1024\" src=\"https:\/\/www.sirsa.ch\/wp-content\/uploads\/2025\/05\/sirsa-controler-les-acces.png\" class=\"attachment-full size-full\" alt=\"\" \/>                            <\/div>\n                                            <\/div>\n                                    <div class=\"wp-block-acf-images-slider__slide splide__slide\">\n                                                    <div class=\"wp-block-acf-images-slider__slide-image\">\n                                <img decoding=\"async\" width=\"374\" height=\"464\" src=\"https:\/\/www.sirsa.ch\/wp-content\/uploads\/2025\/05\/image-gallery-3.png\" class=\"attachment-full size-full\" alt=\"\" srcset=\"https:\/\/www.sirsa.ch\/wp-content\/uploads\/2025\/05\/image-gallery-3.png 374w, https:\/\/www.sirsa.ch\/wp-content\/uploads\/2025\/05\/image-gallery-3-242x300.png 242w\" sizes=\"(max-width: 374px) 100vw, 374px\" \/>                            <\/div>\n                                            <\/div>\n                                    <div class=\"wp-block-acf-images-slider__slide splide__slide\">\n                                                    <div class=\"wp-block-acf-images-slider__slide-image\">\n                                <img decoding=\"async\" width=\"374\" height=\"464\" src=\"https:\/\/www.sirsa.ch\/wp-content\/uploads\/2025\/04\/service-banner9.png\" class=\"attachment-full size-full\" alt=\"\" srcset=\"https:\/\/www.sirsa.ch\/wp-content\/uploads\/2025\/04\/service-banner9.png 374w, https:\/\/www.sirsa.ch\/wp-content\/uploads\/2025\/04\/service-banner9-242x300.png 242w\" sizes=\"(max-width: 374px) 100vw, 374px\" \/>                            <\/div>\n                                            <\/div>\n                                    <div class=\"wp-block-acf-images-slider__slide splide__slide\">\n                                                    <div class=\"wp-block-acf-images-slider__slide-image\">\n                                <img decoding=\"async\" width=\"748\" height=\"464\" src=\"https:\/\/www.sirsa.ch\/wp-content\/uploads\/2025\/05\/Image-gallery.png\" class=\"attachment-full size-full\" alt=\"\" srcset=\"https:\/\/www.sirsa.ch\/wp-content\/uploads\/2025\/05\/Image-gallery.png 748w, https:\/\/www.sirsa.ch\/wp-content\/uploads\/2025\/05\/Image-gallery-300x186.png 300w\" sizes=\"(max-width: 748px) 100vw, 748px\" \/>                            <\/div>\n                                            <\/div>\n                                    <div class=\"wp-block-acf-images-slider__slide splide__slide\">\n                                                    <div class=\"wp-block-acf-images-slider__slide-image\">\n                                <img decoding=\"async\" width=\"374\" height=\"464\" src=\"https:\/\/www.sirsa.ch\/wp-content\/uploads\/2025\/05\/Image-gallery-2.png\" class=\"attachment-full size-full\" alt=\"\" srcset=\"https:\/\/www.sirsa.ch\/wp-content\/uploads\/2025\/05\/Image-gallery-2.png 374w, https:\/\/www.sirsa.ch\/wp-content\/uploads\/2025\/05\/Image-gallery-2-242x300.png 242w\" sizes=\"(max-width: 374px) 100vw, 374px\" \/>                            <\/div>\n                                            <\/div>\n                                    <div class=\"wp-block-acf-images-slider__slide splide__slide\">\n                                                    <div class=\"wp-block-acf-images-slider__slide-image\">\n                                <img decoding=\"async\" width=\"1550\" height=\"1024\" src=\"https:\/\/www.sirsa.ch\/wp-content\/uploads\/2025\/05\/sirsa-renforcer-votre-dispositif-avec-des-agents-formes-1.png\" class=\"attachment-full size-full\" alt=\"\" \/>                            <\/div>\n                                            <\/div>\n                                    <div class=\"wp-block-acf-images-slider__slide splide__slide\">\n                                                    <div class=\"wp-block-acf-images-slider__slide-image\">\n                                <img decoding=\"async\" width=\"374\" height=\"464\" src=\"https:\/\/www.sirsa.ch\/wp-content\/uploads\/2025\/05\/sirsa-reduire-vos-risques-garantir-la-continuite-de-vos-operations-1.png\" class=\"attachment-full size-full\" alt=\"\" \/>                            <\/div>\n                                            <\/div>\n                            <\/div>\n        <\/div>\n    <\/div>\n<\/section>\n\n<section class=\"light-bg wp-block-acf-text-image\">\n    <div class=\"container\">\n        <div class=\"wp-block-acf-text-image__row \">\n            <div class=\"wp-block-acf-text-image__col col--content\">\n                                    <span class=\"wp-block-acf-text-image__label\">Unser Zentrum, Ihre Sicherheit 24\/7<\/span>\n                                                    <h2 class=\"wp-block-acf-text-image__title\">Eine Alarmzentrale, die auf dem neuesten Stand der Reaktionsf\u00e4higkeit ist<\/h2>\n                                                    <div class=\"wp-block-acf-text-image__top-description c-description\">\n                        <p><span style=\"font-weight: 400\">Da eine Alarmanlage allein nicht ausreicht, spielt unsere Fern\u00fcberwachungszentrale eine wesentliche Rolle f\u00fcr Ihre Sicherheit. Sie ist in Echtzeit mit Ihrer Alarmanlage verbunden und kann im Falle eines Einbruchs, eines Brandes oder eines Zwischenfalls sofort Zweifel ausr\u00e4umen. Unser professionelles Team ist 24 Stunden am Tag und 7 Tage in der Woche im Einsatz und analysiert jedes Alarmsignal, wendet strenge Protokolle an und leitet unverz\u00fcglich die notwendigen Ma\u00dfnahmen ein. Dank dieser st\u00e4ndigen menschlichen \u00dcberwachung wird Ihr System zu einer aktiven, reaktiven und betreuten Sicherheitsl\u00f6sung.   <\/span><\/p>\n                    <\/div>\n                                                    <div class=\"wp-block-acf-text-image__buttons\">\n\n                    <button class=\"wp-block-acf-text-image__button button--first js--open-form-popup\">\n                <span class=\"c-button__text-wrapper\">\n                    <span class=\"c-button__text c-button__text-top\">Angebot anfordern<\/span>\n                    <span class=\"c-button__text c-button__text-bottom\" role=\"presentation\" aria-hidden=\"true\">Angebot anfordern<\/span>\n                <\/span>\n                <span class=\"c-button__icons\" role=\"presentation\" aria-hidden=\"true\">\n                    <span class=\"c-button__icon-box\"><\/span>\n                    <span class=\"c-button__bullet-box\">\n                        <span class=\"c-button__bullet\"><\/span>\n                    <\/span>\n                <\/span>\n            <\/button>\n                                        <\/div>\n            <\/div>\n            <div class=\"wp-block-acf-text-image__col col--image\">\n                                    <div class=\"wp-block-acf-text-image__image\">\n                        <img decoding=\"async\" width=\"2560\" height=\"1691\" src=\"https:\/\/www.sirsa.ch\/wp-content\/uploads\/2025\/05\/sirsa-raccordement-a-notre-centrale-d-alarme-2.png\" class=\"attachment-full size-full\" alt=\"\" \/>                    <\/div>\n                            <\/div>\n        <\/div>\n    <\/div>\n<\/section>\n\n<section class=\"light-bg wp-block-acf-title-text\">\n    <div class=\"container\">\n        <div class=\"wp-block-acf-title-text__grid no-bottom-separator\">\n            <div class=\"wp-block-acf-title-text__col\">\n                                                    <h3 class=\"wp-block-acf-title-text__title\">Die Vorteile einer EN50518-Zertifizierung<\/h3>\n                            <\/div>\n            <div class=\"wp-block-acf-title-text__col\">\n                                    <div class=\"wp-block-acf-title-text__content c-wysiwyg\">\n                        <ul>\n<li>Erh\u00f6hte Sicherheit: kontinuierliche \u00dcberwachung durch qualifiziertes Personal, 24\/7<\/li>\n<li>Maximale Reaktionsf\u00e4higkeit: sofortige Reaktion auf Alarmmeldungen nach strengen Verfahren.<\/li>\n<li>Modernste Infrastruktur: R\u00e4umlichkeiten, Systeme und Redundanzen sind auf maximale Ausfallsicherheit ausgelegt.<\/li>\n<li>Kontrollierte Qualit\u00e4t: Regelm\u00e4\u00dfige Audits und die Einhaltung strenger Standards garantieren einen zuverl\u00e4ssigen Service.<\/li>\n<li>Vertrauen und Konformit\u00e4t: ein anerkanntes Zeichen der Seriosit\u00e4t f\u00fcr Ihre Kunden, Partner oder Versicherungen.<\/li>\n<\/ul>\n<p><a href=\"https:\/\/www.tuvsud.com\/en\" target=\"_blank\" rel=\"noopener\"><img decoding=\"async\" class=\"alignnone wp-image-2526\" src=\"https:\/\/www.sirsa.ch\/wp-content\/uploads\/2025\/05\/TUV-Carre-300x300.png\" alt=\"\" width=\"204\" height=\"204\" srcset=\"https:\/\/www.sirsa.ch\/wp-content\/uploads\/2025\/05\/TUV-Carre-300x300.png 300w, https:\/\/www.sirsa.ch\/wp-content\/uploads\/2025\/05\/TUV-Carre-150x150.png 150w, https:\/\/www.sirsa.ch\/wp-content\/uploads\/2025\/05\/TUV-Carre-400x400.png 400w, https:\/\/www.sirsa.ch\/wp-content\/uploads\/2025\/05\/TUV-Carre.png 460w\" sizes=\"(max-width: 204px) 100vw, 204px\" \/><\/a><\/p>\n                    <\/div>\n                            <\/div>\n        <\/div>\n    <\/div>\n<\/section>\n<div class=\"light-bg no-paddings wp-block-acf-separator\">\n    <div class=\"container\">\n        <hr class=\"wp-block-acf-separator__line\">\n    <\/div>\n<\/div>\n\n<section class=\"light-bg wp-block-acf-numbers-list\">\n    <div class=\"container\">\n        <div class=\"wp-block-acf-numbers-list__row  \">\n\n            <div class=\"wp-block-acf-numbers-list__col wp-block-acf-numbers-list__col--img\">\n                                    <div class=\"wp-block-acf-numbers-list__image\">\n                        <img decoding=\"async\" width=\"1550\" height=\"1024\" src=\"https:\/\/www.sirsa.ch\/wp-content\/uploads\/2025\/04\/sirsa-rattachement-centrale-alarme-4.png\" class=\"attachment-full size-full\" alt=\"\" srcset=\"https:\/\/www.sirsa.ch\/wp-content\/uploads\/2025\/04\/sirsa-rattachement-centrale-alarme-4.png 1550w, https:\/\/www.sirsa.ch\/wp-content\/uploads\/2025\/04\/sirsa-rattachement-centrale-alarme-4-300x198.png 300w, https:\/\/www.sirsa.ch\/wp-content\/uploads\/2025\/04\/sirsa-rattachement-centrale-alarme-4-1024x677.png 1024w, https:\/\/www.sirsa.ch\/wp-content\/uploads\/2025\/04\/sirsa-rattachement-centrale-alarme-4-768x507.png 768w, https:\/\/www.sirsa.ch\/wp-content\/uploads\/2025\/04\/sirsa-rattachement-centrale-alarme-4-1536x1015.png 1536w\" sizes=\"(max-width: 1550px) 100vw, 1550px\" \/>                    <\/div>\n                            <\/div>\n            <div class=\"wp-block-acf-numbers-list__col wp-block-acf-numbers-list__col--numbers\">\n                                    \n    <span class=\"wp-block-acf-numbers-list__label\">Anschluss an unsere Alarmzentrale<\/span>\n    <h2 class=\"wp-block-acf-numbers-list__title\">Eine Alarmzentrale, die menschliches Fachwissen mit technologischer Effizienz verbindet<\/h2>\n                                                    <div class=\"wp-block-acf-numbers-list__items odd\">\n                                                    <div class=\"wp-block-acf-numbers-list__item\">\n                                                                    <div class=\"wp-block-acf-numbers-list__item-label\">J\u00e4hrlich bearbeitete Alarme<\/div>\n                                                                <div class=\"wp-block-acf-numbers-list__item-bottom\">\n                                                                            <div class=\"wp-block-acf-numbers-list__item-number\">47&#039;700+<\/div>\n                                                                                                        <\/div>\n                            <\/div>\n                                                    <div class=\"wp-block-acf-numbers-list__item\">\n                                                                    <div class=\"wp-block-acf-numbers-list__item-label\">Interventionen pro Jahr<\/div>\n                                                                <div class=\"wp-block-acf-numbers-list__item-bottom\">\n                                                                            <div class=\"wp-block-acf-numbers-list__item-number\">19&#039;800+<\/div>\n                                                                                                        <\/div>\n                            <\/div>\n                                                    <div class=\"wp-block-acf-numbers-list__item\">\n                                                                    <div class=\"wp-block-acf-numbers-list__item-label\">Kontroll- und Abschreckungsrunden pro Jahr<\/div>\n                                                                <div class=\"wp-block-acf-numbers-list__item-bottom\">\n                                                                            <div class=\"wp-block-acf-numbers-list__item-number\">122&#039;900+<\/div>\n                                                                                                        <\/div>\n                            <\/div>\n                                            <\/div>\n                                                    \n    <div class=\"wp-block-acf-numbers-list__button\">\n        <button class=\"js--open-form-popup\">\n            <span class=\"c-button__text-wrapper\">\n                <span class=\"c-button__text c-button__text-top\">Angebot anfordern<\/span>\n                <span class=\"c-button__text c-button__text-bottom\">Angebot anfordern<\/span>\n            <\/span>\n            <span class=\"c-button__icons\">\n                <span class=\"c-button__icon-box\">\n                <\/span>\n                <span class=\"c-button__bullet-box\">\n                    <span class=\"c-button__bullet\"><\/span>\n                <\/span>\n            <\/span>\n        <\/button>\n    <\/div>\n                            <\/div>\n        <\/div>\n    <\/div>\n<\/section>\n\n<section class=\"light-gray-bg wp-block-acf-bottom-cta\">\n    <div class=\"container\">\n        <div class=\"wp-block-acf-bottom-cta__box\">\n                            <h2 class=\"wp-block-acf-bottom-cta__title\">Brauchen Sie weitere Informationen?<\/h2>\n                                        <div class=\"wp-block-acf-bottom-cta__description\"><p>Wir stehen Ihnen bei Fragen, spezifischen W\u00fcnschen oder Bedarf an Unterst\u00fctzung zur Verf\u00fcgung. Bitte z\u00f6gern Sie nicht, uns zu kontaktieren. <\/p>\n<\/div>\n                                        <button class=\"wp-block-acf-bottom-cta__button js--open-form-popup\">\n                    <span class=\"c-button__text-wrapper\">\n                        <span class=\"c-button__text c-button__text-top\">Kontakt<\/span>\n                        <span class=\"c-button__text c-button__text-bottom\">Kontakt<\/span>\n                    <\/span>\n                    <span class=\"c-button__icons\">\n                        <span class=\"c-button__icon-box\">\n                        <\/span>\n                        <span class=\"c-button__bullet-box\">\n                            <span class=\"c-button__bullet\"><\/span>\n                        <\/span>\n                    <\/span>\n                <\/button>\n                    <\/div>\n    <\/div>\n<\/section>","protected":false},"excerpt":{"rendered":"<p>Eine direkte Verbindung zwischen Ihrer Sicherheitsausr\u00fcstung und unserem 24-Stunden-\u00dcberwachungszentrum. Kein Alarm bleibt unbeantwortet, unsere Sicherheitsexperten wachen \u00fcber das, was uns anvertraut wurde. <\/p>\n","protected":false},"featured_media":3113,"template":"","meta":{"_acf_changed":false,"footnotes":""},"sir_serv_category":[58],"sir_serv_type":[59,57],"class_list":["post-3104","sir_services","type-sir_services","status-publish","has-post-thumbnail","hentry","sir_serv_category-einrichtungen","sir_serv_type-besondere","sir_serv_type-unternehmen"],"acf":[],"yoast_head":"<title>Anschluss an unsere Alarmzentrale - SIR - Service d\u2019Intervention Rapide SA<\/title>\n<meta name=\"description\" content=\"Schlie\u00dfen Sie Ihre Ger\u00e4te an unsere Zentrale an, um eine kontinuierliche \u00dcberwachung und sofortige Interventionen zu erm\u00f6glichen.\" \/>\n<meta name=\"robots\" content=\"index, follow, max-snippet:-1, max-image-preview:large, max-video-preview:-1\" \/>\n<link rel=\"canonical\" href=\"https:\/\/www.sirsa.ch\/de\/services\/anschluss-an-unsere-alarmzentrale\/\" \/>\n<meta property=\"og:locale\" content=\"de_DE\" \/>\n<meta property=\"og:type\" content=\"article\" \/>\n<meta property=\"og:title\" content=\"Anschluss an unsere Alarmzentrale\" \/>\n<meta property=\"og:description\" content=\"Schlie\u00dfen Sie Ihre Ger\u00e4te an unsere Zentrale an, um eine kontinuierliche \u00dcberwachung und sofortige Interventionen zu erm\u00f6glichen.\" \/>\n<meta property=\"og:url\" content=\"https:\/\/www.sirsa.ch\/de\/services\/anschluss-an-unsere-alarmzentrale\/\" \/>\n<meta property=\"og:site_name\" content=\"SIR - Service d\u2019Intervention Rapide SA\" \/>\n<meta property=\"article:modified_time\" content=\"2025-06-25T08:56:58+00:00\" \/>\n<meta property=\"og:image\" content=\"https:\/\/www.sirsa.ch\/wp-content\/uploads\/2025\/05\/sirsa-rattachement-centrale-alarme-1-1024x576.png\" \/>\n\t<meta property=\"og:image:width\" content=\"1024\" \/>\n\t<meta property=\"og:image:height\" content=\"576\" \/>\n\t<meta property=\"og:image:type\" content=\"image\/png\" \/>\n<meta name=\"twitter:card\" content=\"summary_large_image\" \/>\n<script type=\"application\/ld+json\" class=\"yoast-schema-graph\">{\"@context\":\"https:\\\/\\\/schema.org\",\"@graph\":[{\"@type\":\"WebPage\",\"@id\":\"https:\\\/\\\/www.sirsa.ch\\\/de\\\/services\\\/anschluss-an-unsere-alarmzentrale\\\/\",\"url\":\"https:\\\/\\\/www.sirsa.ch\\\/de\\\/services\\\/anschluss-an-unsere-alarmzentrale\\\/\",\"name\":\"Anschluss an unsere Alarmzentrale - SIR - Service d\u2019Intervention Rapide SA\",\"isPartOf\":{\"@id\":\"https:\\\/\\\/www.sirsa.ch\\\/de\\\/#website\"},\"primaryImageOfPage\":{\"@id\":\"https:\\\/\\\/www.sirsa.ch\\\/de\\\/services\\\/anschluss-an-unsere-alarmzentrale\\\/#primaryimage\"},\"image\":{\"@id\":\"https:\\\/\\\/www.sirsa.ch\\\/de\\\/services\\\/anschluss-an-unsere-alarmzentrale\\\/#primaryimage\"},\"thumbnailUrl\":\"https:\\\/\\\/www.sirsa.ch\\\/wp-content\\\/uploads\\\/2025\\\/05\\\/sirsa-raccordement-a-notre-centrale-d-alarme-1.png\",\"datePublished\":\"2025-05-07T12:54:50+00:00\",\"dateModified\":\"2025-06-25T08:56:58+00:00\",\"description\":\"Schlie\u00dfen Sie Ihre Ger\u00e4te an unsere Zentrale an, um eine kontinuierliche \u00dcberwachung und sofortige Interventionen zu erm\u00f6glichen.\",\"breadcrumb\":{\"@id\":\"https:\\\/\\\/www.sirsa.ch\\\/de\\\/services\\\/anschluss-an-unsere-alarmzentrale\\\/#breadcrumb\"},\"inLanguage\":\"de\",\"potentialAction\":[{\"@type\":\"ReadAction\",\"target\":[\"https:\\\/\\\/www.sirsa.ch\\\/de\\\/services\\\/anschluss-an-unsere-alarmzentrale\\\/\"]}]},{\"@type\":\"ImageObject\",\"inLanguage\":\"de\",\"@id\":\"https:\\\/\\\/www.sirsa.ch\\\/de\\\/services\\\/anschluss-an-unsere-alarmzentrale\\\/#primaryimage\",\"url\":\"https:\\\/\\\/www.sirsa.ch\\\/wp-content\\\/uploads\\\/2025\\\/05\\\/sirsa-raccordement-a-notre-centrale-d-alarme-1.png\",\"contentUrl\":\"https:\\\/\\\/www.sirsa.ch\\\/wp-content\\\/uploads\\\/2025\\\/05\\\/sirsa-raccordement-a-notre-centrale-d-alarme-1.png\",\"width\":1920,\"height\":1080},{\"@type\":\"BreadcrumbList\",\"@id\":\"https:\\\/\\\/www.sirsa.ch\\\/de\\\/services\\\/anschluss-an-unsere-alarmzentrale\\\/#breadcrumb\",\"itemListElement\":[{\"@type\":\"ListItem\",\"position\":1,\"name\":\"Home\",\"item\":\"https:\\\/\\\/www.sirsa.ch\\\/de\\\/\"},{\"@type\":\"ListItem\",\"position\":2,\"name\":\"Anschluss an unsere Alarmzentrale\"}]},{\"@type\":\"WebSite\",\"@id\":\"https:\\\/\\\/www.sirsa.ch\\\/de\\\/#website\",\"url\":\"https:\\\/\\\/www.sirsa.ch\\\/de\\\/\",\"name\":\"Service d\u2019Intervention Rapide SA\",\"description\":\"Plus de 45 ans d&#039;exp\u00e9rience dans la s\u00e9curit\u00e9 priv\u00e9e au service des particuliers et des entreprises\",\"publisher\":{\"@id\":\"https:\\\/\\\/www.sirsa.ch\\\/de\\\/#organization\"},\"alternateName\":\"SIR SA - Service d\u2019Intervention Rapide SA\",\"potentialAction\":[{\"@type\":\"SearchAction\",\"target\":{\"@type\":\"EntryPoint\",\"urlTemplate\":\"https:\\\/\\\/www.sirsa.ch\\\/de\\\/?s={search_term_string}\"},\"query-input\":{\"@type\":\"PropertyValueSpecification\",\"valueRequired\":true,\"valueName\":\"search_term_string\"}}],\"inLanguage\":\"de\"},{\"@type\":\"Organization\",\"@id\":\"https:\\\/\\\/www.sirsa.ch\\\/de\\\/#organization\",\"name\":\"Service d'Intervention Rapide SA\",\"alternateName\":\"Service d'Intervention Rapide SA\",\"url\":\"https:\\\/\\\/www.sirsa.ch\\\/de\\\/\",\"logo\":{\"@type\":\"ImageObject\",\"inLanguage\":\"de\",\"@id\":\"https:\\\/\\\/www.sirsa.ch\\\/de\\\/#\\\/schema\\\/logo\\\/image\\\/\",\"url\":\"https:\\\/\\\/www.sirsa.ch\\\/wp-content\\\/uploads\\\/2025\\\/04\\\/cropped-sir-logo-1.png\",\"contentUrl\":\"https:\\\/\\\/www.sirsa.ch\\\/wp-content\\\/uploads\\\/2025\\\/04\\\/cropped-sir-logo-1.png\",\"width\":160,\"height\":160,\"caption\":\"Service d'Intervention Rapide SA\"},\"image\":{\"@id\":\"https:\\\/\\\/www.sirsa.ch\\\/de\\\/#\\\/schema\\\/logo\\\/image\\\/\"},\"sameAs\":[\"https:\\\/\\\/www.linkedin.com\\\/company\\\/serviceinterventionrapidesa\",\"https:\\\/\\\/www.youtube.com\\\/@sirdg5117\"],\"description\":\"Depuis 1978, le SIR fa\u00e7onne les standards de la s\u00e9curit\u00e9 en Suisse. Une expertise construite aux c\u00f4t\u00e9s de ceux que nous prot\u00e9geons.\",\"email\":\"secretariat@sirsa.ch\",\"telephone\":\"+41223644644\",\"legalName\":\"Service d'Int\u00e9rvention Rapide SA\",\"foundingDate\":\"1978-01-19\",\"numberOfEmployees\":{\"@type\":\"QuantitativeValue\",\"minValue\":\"201\",\"maxValue\":\"500\"}}]}<\/script>","yoast_head_json":{"title":"Anschluss an unsere Alarmzentrale - SIR - Service d\u2019Intervention Rapide SA","description":"Schlie\u00dfen Sie Ihre Ger\u00e4te an unsere Zentrale an, um eine kontinuierliche \u00dcberwachung und sofortige Interventionen zu erm\u00f6glichen.","robots":{"index":"index","follow":"follow","max-snippet":"max-snippet:-1","max-image-preview":"max-image-preview:large","max-video-preview":"max-video-preview:-1"},"canonical":"https:\/\/www.sirsa.ch\/de\/services\/anschluss-an-unsere-alarmzentrale\/","og_locale":"de_DE","og_type":"article","og_title":"Anschluss an unsere Alarmzentrale","og_description":"Schlie\u00dfen Sie Ihre Ger\u00e4te an unsere Zentrale an, um eine kontinuierliche \u00dcberwachung und sofortige Interventionen zu erm\u00f6glichen.","og_url":"https:\/\/www.sirsa.ch\/de\/services\/anschluss-an-unsere-alarmzentrale\/","og_site_name":"SIR - Service d\u2019Intervention Rapide SA","article_modified_time":"2025-06-25T08:56:58+00:00","og_image":[{"width":1024,"height":576,"url":"https:\/\/www.sirsa.ch\/wp-content\/uploads\/2025\/05\/sirsa-rattachement-centrale-alarme-1-1024x576.png","type":"image\/png"}],"twitter_card":"summary_large_image","schema":{"@context":"https:\/\/schema.org","@graph":[{"@type":"WebPage","@id":"https:\/\/www.sirsa.ch\/de\/services\/anschluss-an-unsere-alarmzentrale\/","url":"https:\/\/www.sirsa.ch\/de\/services\/anschluss-an-unsere-alarmzentrale\/","name":"Anschluss an unsere Alarmzentrale - SIR - Service d\u2019Intervention Rapide SA","isPartOf":{"@id":"https:\/\/www.sirsa.ch\/de\/#website"},"primaryImageOfPage":{"@id":"https:\/\/www.sirsa.ch\/de\/services\/anschluss-an-unsere-alarmzentrale\/#primaryimage"},"image":{"@id":"https:\/\/www.sirsa.ch\/de\/services\/anschluss-an-unsere-alarmzentrale\/#primaryimage"},"thumbnailUrl":"https:\/\/www.sirsa.ch\/wp-content\/uploads\/2025\/05\/sirsa-raccordement-a-notre-centrale-d-alarme-1.png","datePublished":"2025-05-07T12:54:50+00:00","dateModified":"2025-06-25T08:56:58+00:00","description":"Schlie\u00dfen Sie Ihre Ger\u00e4te an unsere Zentrale an, um eine kontinuierliche \u00dcberwachung und sofortige Interventionen zu erm\u00f6glichen.","breadcrumb":{"@id":"https:\/\/www.sirsa.ch\/de\/services\/anschluss-an-unsere-alarmzentrale\/#breadcrumb"},"inLanguage":"de","potentialAction":[{"@type":"ReadAction","target":["https:\/\/www.sirsa.ch\/de\/services\/anschluss-an-unsere-alarmzentrale\/"]}]},{"@type":"ImageObject","inLanguage":"de","@id":"https:\/\/www.sirsa.ch\/de\/services\/anschluss-an-unsere-alarmzentrale\/#primaryimage","url":"https:\/\/www.sirsa.ch\/wp-content\/uploads\/2025\/05\/sirsa-raccordement-a-notre-centrale-d-alarme-1.png","contentUrl":"https:\/\/www.sirsa.ch\/wp-content\/uploads\/2025\/05\/sirsa-raccordement-a-notre-centrale-d-alarme-1.png","width":1920,"height":1080},{"@type":"BreadcrumbList","@id":"https:\/\/www.sirsa.ch\/de\/services\/anschluss-an-unsere-alarmzentrale\/#breadcrumb","itemListElement":[{"@type":"ListItem","position":1,"name":"Home","item":"https:\/\/www.sirsa.ch\/de\/"},{"@type":"ListItem","position":2,"name":"Anschluss an unsere Alarmzentrale"}]},{"@type":"WebSite","@id":"https:\/\/www.sirsa.ch\/de\/#website","url":"https:\/\/www.sirsa.ch\/de\/","name":"Service d\u2019Intervention Rapide SA","description":"Plus de 45 ans d&#039;exp\u00e9rience dans la s\u00e9curit\u00e9 priv\u00e9e au service des particuliers et des entreprises","publisher":{"@id":"https:\/\/www.sirsa.ch\/de\/#organization"},"alternateName":"SIR SA - Service d\u2019Intervention Rapide SA","potentialAction":[{"@type":"SearchAction","target":{"@type":"EntryPoint","urlTemplate":"https:\/\/www.sirsa.ch\/de\/?s={search_term_string}"},"query-input":{"@type":"PropertyValueSpecification","valueRequired":true,"valueName":"search_term_string"}}],"inLanguage":"de"},{"@type":"Organization","@id":"https:\/\/www.sirsa.ch\/de\/#organization","name":"Service d'Intervention Rapide SA","alternateName":"Service d'Intervention Rapide SA","url":"https:\/\/www.sirsa.ch\/de\/","logo":{"@type":"ImageObject","inLanguage":"de","@id":"https:\/\/www.sirsa.ch\/de\/#\/schema\/logo\/image\/","url":"https:\/\/www.sirsa.ch\/wp-content\/uploads\/2025\/04\/cropped-sir-logo-1.png","contentUrl":"https:\/\/www.sirsa.ch\/wp-content\/uploads\/2025\/04\/cropped-sir-logo-1.png","width":160,"height":160,"caption":"Service d'Intervention Rapide SA"},"image":{"@id":"https:\/\/www.sirsa.ch\/de\/#\/schema\/logo\/image\/"},"sameAs":["https:\/\/www.linkedin.com\/company\/serviceinterventionrapidesa","https:\/\/www.youtube.com\/@sirdg5117"],"description":"Depuis 1978, le SIR fa\u00e7onne les standards de la s\u00e9curit\u00e9 en Suisse. Une expertise construite aux c\u00f4t\u00e9s de ceux que nous prot\u00e9geons.","email":"secretariat@sirsa.ch","telephone":"+41223644644","legalName":"Service d'Int\u00e9rvention Rapide SA","foundingDate":"1978-01-19","numberOfEmployees":{"@type":"QuantitativeValue","minValue":"201","maxValue":"500"}}]}},"_links":{"self":[{"href":"https:\/\/www.sirsa.ch\/de\/wp-json\/wp\/v2\/sir_services\/3104","targetHints":{"allow":["GET"]}}],"collection":[{"href":"https:\/\/www.sirsa.ch\/de\/wp-json\/wp\/v2\/sir_services"}],"about":[{"href":"https:\/\/www.sirsa.ch\/de\/wp-json\/wp\/v2\/types\/sir_services"}],"version-history":[{"count":1,"href":"https:\/\/www.sirsa.ch\/de\/wp-json\/wp\/v2\/sir_services\/3104\/revisions"}],"predecessor-version":[{"id":3117,"href":"https:\/\/www.sirsa.ch\/de\/wp-json\/wp\/v2\/sir_services\/3104\/revisions\/3117"}],"wp:featuredmedia":[{"embeddable":true,"href":"https:\/\/www.sirsa.ch\/de\/wp-json\/wp\/v2\/media\/3113"}],"wp:attachment":[{"href":"https:\/\/www.sirsa.ch\/de\/wp-json\/wp\/v2\/media?parent=3104"}],"wp:term":[{"taxonomy":"sir_serv_category","embeddable":true,"href":"https:\/\/www.sirsa.ch\/de\/wp-json\/wp\/v2\/sir_serv_category?post=3104"},{"taxonomy":"sir_serv_type","embeddable":true,"href":"https:\/\/www.sirsa.ch\/de\/wp-json\/wp\/v2\/sir_serv_type?post=3104"}],"curies":[{"name":"wp","href":"https:\/\/api.w.org\/{rel}","templated":true}]}}