{"id":3461,"date":"2025-04-23T11:35:01","date_gmt":"2025-04-23T11:35:01","guid":{"rendered":"https:\/\/www.sirsa.ch\/sir-akademie\/"},"modified":"2025-06-25T12:15:13","modified_gmt":"2025-06-25T12:15:13","slug":"sir-akademie","status":"publish","type":"page","link":"https:\/\/www.sirsa.ch\/de\/sir-akademie\/","title":{"rendered":"SIR Akademie"},"content":{"rendered":"\n\n<section class=\"dark-theme wp-block-acf-hero-banner\">\n            <div class=\"wp-block-acf-hero-banner__image wp-block-acf-hero-banner__image--desktop\">\n            <img decoding=\"async\" width=\"1920\" height=\"1080\" src=\"https:\/\/www.sirsa.ch\/wp-content\/uploads\/2025\/05\/sirsa-sir-academie-un-centre-de-competences-certifie.png\" class=\"attachment-full size-full\" alt=\"\" \/>        <\/div>\n            <div class=\"wp-block-acf-hero-banner__gradient\"><\/div>\n    <div class=\"container\">\n        <div class=\"wp-block-acf-hero-banner__content\">\n                            <span class=\"wp-block-acf-hero-banner__label\">Expertise<\/span>\n                                        <h1 class=\"wp-block-acf-hero-banner__title inherit\">SIR Akademie<\/h1>\n                                        <div class=\"wp-block-acf-hero-banner__description\"><p>Ein zertifiziertes Kompetenzzentrum f\u00fcr Schulungen, das darauf ausgelegt ist, professionelle, verantwortungsbewusste und praxisorientierte Interventionen zu gew\u00e4hrleisten.<\/p>\n<\/div>\n            \n                                                <a class=\"wp-block-acf-hero-banner__button inherit\" href=\"#anchor\" target=\"_self\">\n                        <span class=\"c-button__text-wrapper\">\n                            <span class=\"c-button__text c-button__text-top\">Entdecken Sie unsere Schulungen<\/span>\n                            <span class=\"c-button__text c-button__text-bottom\">Entdecken Sie unsere Schulungen<\/span>\n                        <\/span>\n                        <span class=\"c-button__icons\">\n                            <span class=\"c-button__icon-box\">\n                            <\/span>\n                            <span class=\"c-button__bullet-box\">\n                                <span class=\"c-button__bullet\"><\/span>\n                            <\/span>\n                        <\/span>\n                    <\/a>\n                                    <\/div>\n    <\/div>\n<\/section>\n\n<section class=\"light-gray-bg pb-default wp-block-acf-text-banner\">\n    <div class=\"container\">\n                    <div class=\"wp-block-acf-text-banner__top-logo\">\n                <img decoding=\"async\" width=\"148\" height=\"245\" src=\"https:\/\/www.sirsa.ch\/wp-content\/uploads\/2025\/05\/academie-logo.svg\" class=\"attachment-full size-full\" alt=\"\" \/>            <\/div>\n                                    <h1 class=\"wp-block-acf-text-banner__title wp-block-acf-text-banner__title--js inherit\"><span>Eine auf Erfahrung basierende \u00dcbertragung<\/span><\/h1>\n                            <div class=\"wp-block-acf-text-banner__main-description\"><p>Die SIR Akademie ist das Kompetenzzentrum des SIR.  <\/p>\n<\/div>\n                            <div class=\"wp-block-acf-text-banner__description\"><p>Sie bildet unsere Mitarbeiter nach den h\u00f6chsten Standards der Branche aus und bietet spezielle Module f\u00fcr Unternehmen, Gemeinden und \u00f6ffentliche Einrichtungen an. Eine strenge Struktur, die mit der Praxis verbunden ist und von anerkannten Labels zertifiziert wird. <\/p>\n<\/div>\n                            <div class=\"wp-block-acf-text-banner__scroll-line wp-block-acf-text-banner__scroll-line--js\">\n                <span class=\"wp-block-acf-text-banner__scroll-line-active\"><\/span>\n            <\/div>\n                <!--  -->\n                                        <\/div>\n<\/section>\n\n<section class=\"wp-block-acf-images-slider\">\n    <div class=\"splide wp-block-acf-images-slider__slider js--images-slider\">\n        <div class=\"splide__track\">\n            <div class=\"splide__list\">\n                                    <div class=\"wp-block-acf-images-slider__slide splide__slide\">\n                                                    <div class=\"wp-block-acf-images-slider__slide-image\">\n                                <img decoding=\"async\" width=\"1550\" height=\"1024\" src=\"https:\/\/www.sirsa.ch\/wp-content\/uploads\/2025\/05\/sirsa-brigades-d-intervention-mobiles-toujours-pretes-a-intervenir.png\" class=\"attachment-full size-full\" alt=\"\" \/>                            <\/div>\n                                            <\/div>\n                                    <div class=\"wp-block-acf-images-slider__slide splide__slide\">\n                                                    <div class=\"wp-block-acf-images-slider__slide-image\">\n                                <img decoding=\"async\" width=\"374\" height=\"464\" src=\"https:\/\/www.sirsa.ch\/wp-content\/uploads\/2025\/05\/sirsa-plus-de-47-ans-d-engagement-dans-la-securite-privee-suisse-1.png\" class=\"attachment-full size-full\" alt=\"\" \/>                            <\/div>\n                                            <\/div>\n                                    <div class=\"wp-block-acf-images-slider__slide splide__slide\">\n                                                    <div class=\"wp-block-acf-images-slider__slide-image\">\n                                <img decoding=\"async\" width=\"374\" height=\"464\" src=\"https:\/\/www.sirsa.ch\/wp-content\/uploads\/2025\/05\/sirsa-standards-de-la-securite-en-suisse.png\" class=\"attachment-full size-full\" alt=\"\" \/>                            <\/div>\n                                            <\/div>\n                                    <div class=\"wp-block-acf-images-slider__slide splide__slide\">\n                                                    <div class=\"wp-block-acf-images-slider__slide-image\">\n                                <img decoding=\"async\" width=\"1550\" height=\"1024\" src=\"https:\/\/www.sirsa.ch\/wp-content\/uploads\/2025\/05\/sirsa-service-presence-physique-5.png\" class=\"attachment-full size-full\" alt=\"\" srcset=\"https:\/\/www.sirsa.ch\/wp-content\/uploads\/2025\/05\/sirsa-service-presence-physique-5.png 1550w, https:\/\/www.sirsa.ch\/wp-content\/uploads\/2025\/05\/sirsa-service-presence-physique-5-300x198.png 300w, https:\/\/www.sirsa.ch\/wp-content\/uploads\/2025\/05\/sirsa-service-presence-physique-5-1024x677.png 1024w, https:\/\/www.sirsa.ch\/wp-content\/uploads\/2025\/05\/sirsa-service-presence-physique-5-768x507.png 768w, https:\/\/www.sirsa.ch\/wp-content\/uploads\/2025\/05\/sirsa-service-presence-physique-5-1536x1015.png 1536w\" sizes=\"(max-width: 1550px) 100vw, 1550px\" \/>                            <\/div>\n                                            <\/div>\n                                    <div class=\"wp-block-acf-images-slider__slide splide__slide\">\n                                                    <div class=\"wp-block-acf-images-slider__slide-image\">\n                                <img decoding=\"async\" width=\"374\" height=\"464\" src=\"https:\/\/www.sirsa.ch\/wp-content\/uploads\/2025\/05\/sirsa-conseillers.png\" class=\"attachment-full size-full\" alt=\"\" \/>                            <\/div>\n                                            <\/div>\n                                    <div class=\"wp-block-acf-images-slider__slide splide__slide\">\n                                                    <div class=\"wp-block-acf-images-slider__slide-image\">\n                                <img decoding=\"async\" width=\"374\" height=\"464\" src=\"https:\/\/www.sirsa.ch\/wp-content\/uploads\/2025\/05\/sirsa-notre-coeur-de-metier-1.png\" class=\"attachment-full size-full\" alt=\"\" \/>                            <\/div>\n                                            <\/div>\n                                    <div class=\"wp-block-acf-images-slider__slide splide__slide\">\n                                                    <div class=\"wp-block-acf-images-slider__slide-image\">\n                                <img decoding=\"async\" width=\"374\" height=\"464\" src=\"https:\/\/www.sirsa.ch\/wp-content\/uploads\/2025\/05\/sirsa-intervenir-en-cas-d-alerte.png\" class=\"attachment-full size-full\" alt=\"\" \/>                            <\/div>\n                                            <\/div>\n                                    <div class=\"wp-block-acf-images-slider__slide splide__slide\">\n                                                    <div class=\"wp-block-acf-images-slider__slide-image\">\n                                <img decoding=\"async\" width=\"1550\" height=\"1024\" src=\"https:\/\/www.sirsa.ch\/wp-content\/uploads\/2025\/05\/sirsa-controler-les-acces.png\" class=\"attachment-full size-full\" alt=\"\" \/>                            <\/div>\n                                            <\/div>\n                                    <div class=\"wp-block-acf-images-slider__slide splide__slide\">\n                                                    <div class=\"wp-block-acf-images-slider__slide-image\">\n                                <img decoding=\"async\" width=\"374\" height=\"464\" src=\"https:\/\/www.sirsa.ch\/wp-content\/uploads\/2025\/05\/image-gallery-3.png\" class=\"attachment-full size-full\" alt=\"\" srcset=\"https:\/\/www.sirsa.ch\/wp-content\/uploads\/2025\/05\/image-gallery-3.png 374w, https:\/\/www.sirsa.ch\/wp-content\/uploads\/2025\/05\/image-gallery-3-242x300.png 242w\" sizes=\"(max-width: 374px) 100vw, 374px\" \/>                            <\/div>\n                                            <\/div>\n                                    <div class=\"wp-block-acf-images-slider__slide splide__slide\">\n                                                    <div class=\"wp-block-acf-images-slider__slide-image\">\n                                <img decoding=\"async\" width=\"374\" height=\"464\" src=\"https:\/\/www.sirsa.ch\/wp-content\/uploads\/2025\/04\/service-banner9.png\" class=\"attachment-full size-full\" alt=\"\" srcset=\"https:\/\/www.sirsa.ch\/wp-content\/uploads\/2025\/04\/service-banner9.png 374w, https:\/\/www.sirsa.ch\/wp-content\/uploads\/2025\/04\/service-banner9-242x300.png 242w\" sizes=\"(max-width: 374px) 100vw, 374px\" \/>                            <\/div>\n                                            <\/div>\n                                    <div class=\"wp-block-acf-images-slider__slide splide__slide\">\n                                                    <div class=\"wp-block-acf-images-slider__slide-image\">\n                                <img decoding=\"async\" width=\"748\" height=\"464\" src=\"https:\/\/www.sirsa.ch\/wp-content\/uploads\/2025\/05\/Image-gallery.png\" class=\"attachment-full size-full\" alt=\"\" srcset=\"https:\/\/www.sirsa.ch\/wp-content\/uploads\/2025\/05\/Image-gallery.png 748w, https:\/\/www.sirsa.ch\/wp-content\/uploads\/2025\/05\/Image-gallery-300x186.png 300w\" sizes=\"(max-width: 748px) 100vw, 748px\" \/>                            <\/div>\n                                            <\/div>\n                                    <div class=\"wp-block-acf-images-slider__slide splide__slide\">\n                                                    <div class=\"wp-block-acf-images-slider__slide-image\">\n                                <img decoding=\"async\" width=\"374\" height=\"464\" src=\"https:\/\/www.sirsa.ch\/wp-content\/uploads\/2025\/05\/Image-gallery-2.png\" class=\"attachment-full size-full\" alt=\"\" srcset=\"https:\/\/www.sirsa.ch\/wp-content\/uploads\/2025\/05\/Image-gallery-2.png 374w, https:\/\/www.sirsa.ch\/wp-content\/uploads\/2025\/05\/Image-gallery-2-242x300.png 242w\" sizes=\"(max-width: 374px) 100vw, 374px\" \/>                            <\/div>\n                                            <\/div>\n                                    <div class=\"wp-block-acf-images-slider__slide splide__slide\">\n                                                    <div class=\"wp-block-acf-images-slider__slide-image\">\n                                <img decoding=\"async\" width=\"1550\" height=\"1024\" src=\"https:\/\/www.sirsa.ch\/wp-content\/uploads\/2025\/05\/sirsa-renforcer-votre-dispositif-avec-des-agents-formes-1.png\" class=\"attachment-full size-full\" alt=\"\" \/>                            <\/div>\n                                            <\/div>\n                                    <div class=\"wp-block-acf-images-slider__slide splide__slide\">\n                                                    <div class=\"wp-block-acf-images-slider__slide-image\">\n                                <img decoding=\"async\" width=\"374\" height=\"464\" src=\"https:\/\/www.sirsa.ch\/wp-content\/uploads\/2025\/05\/sirsa-reduire-vos-risques-garantir-la-continuite-de-vos-operations-1.png\" class=\"attachment-full size-full\" alt=\"\" \/>                            <\/div>\n                                            <\/div>\n                            <\/div>\n        <\/div>\n    <\/div>\n<\/section>\n\n<section class=\"light-gray-bg wp-block-acf-text-image\">\n    <div class=\"container\">\n        <div class=\"wp-block-acf-text-image__row \">\n            <div class=\"wp-block-acf-text-image__col col--content\">\n                                    <span class=\"wp-block-acf-text-image__label\">SIR Akademie<\/span>\n                                                    <h2 class=\"wp-block-acf-text-image__title\">Ein anerkanntes Know-how weitergeben<\/h2>\n                                                    <div class=\"wp-block-acf-text-image__top-description c-description\">\n                        <p>Die Ausbilder der SIR Academy sind von den Kantonspolizeien gem\u00e4\u00df dem Konkordat \u00fcber Sicherheitsunternehmen akkreditiert und f\u00fcr die Erwachsenenbildung SVEB-zertifiziert. Sie kombinieren Praxiserfahrung, P\u00e4dagogik und hohe Anspr\u00fcche. <\/p>\n<p>Die Anforderungen und die Qualit\u00e4t der angebotenen Schulungen haben uns erm\u00f6glicht, die Zertifikate <a href=\"https:\/\/alice.ch\/fr\/qualite\/eduqua\/\">eduQua<\/a>, <a href=\"https:\/\/www.sgs.com\/en\/certified-clients-and-products\">ISO 21001<\/a> und <a href=\"https:\/\/www.resuscitation.ch\/fr\/\">SRC<\/a> zu erhalten.<\/p>\n                    <\/div>\n                                                    <div class=\"wp-block-acf-text-image__buttons\">\n\n                                    <a href=\"https:\/\/www.sirsa.ch\/certifications-et-labels\/\" class=\"wp-block-acf-text-image__button button--first\" >\n                    <span class=\"c-button__text-wrapper\">\n                        <span class=\"c-button__text c-button__text-top\">Unsere Siegel und Zertifizierungen<\/span>\n                        <span class=\"c-button__text c-button__text-bottom\" role=\"presentation\" aria-hidden=\"true\">Unsere Siegel und Zertifizierungen<\/span>\n                    <\/span>\n                    <span class=\"c-button__icons\" role=\"presentation\" aria-hidden=\"true\">\n                        <span class=\"c-button__icon-box\"><\/span>\n                        <span class=\"c-button__bullet-box\">\n                            <span class=\"c-button__bullet\"><\/span>\n                        <\/span>\n                    <\/span>\n                <\/a>\n                                                    <\/div>\n            <\/div>\n            <div class=\"wp-block-acf-text-image__col col--image\">\n                                    <div class=\"wp-block-acf-text-image__image\">\n                        <img decoding=\"async\" width=\"1550\" height=\"1024\" src=\"https:\/\/www.sirsa.ch\/wp-content\/uploads\/2025\/05\/sirsa-transmettre-un-savoir-faire-reconnu-scaled.png\" class=\"attachment-full size-full\" alt=\"\" \/>                    <\/div>\n                            <\/div>\n        <\/div>\n    <\/div>\n<\/section>\n\n<section class=\"light-gray-bg wp-block-acf-title-text\">\n    <div class=\"container\">\n        <div class=\"wp-block-acf-title-text__grid \">\n            <div class=\"wp-block-acf-title-text__col\">\n                                                    <h3 class=\"wp-block-acf-title-text__title\">Der ISD als Ausbildungsbetrieb<\/h3>\n                            <\/div>\n            <div class=\"wp-block-acf-title-text__col\">\n                                    <div class=\"wp-block-acf-title-text__content c-wysiwyg\">\n                        <p>Mit der SIR Akademie wollen wir nicht nur die Mitarbeiter des SIR schulen, sondern auch ma\u00dfgeschneiderte Kurse und Schulungen f\u00fcr andere Unternehmen, Selbst\u00e4ndige oder Institutionen organisieren, um ihnen das notwendige Sicherheitswissen zu vermitteln.<\/p>\n                    <\/div>\n                            <\/div>\n        <\/div>\n    <\/div>\n<\/section>\n\n<section class=\"wp-block-acf-tabs\" id=\"anchor\">\n    <div class=\"container\">\n        <div class=\"wp-block-acf-tabs__header\">\n                            <span class=\"wp-block-acf-tabs__label\">Unsere Schulungen<\/span>\n                                        <h2 class=\"wp-block-acf-tabs__title\">Verfeinern Sie Ihre Suche nach der gew\u00fcnschten Ausbildung<\/h2>\n                    <\/div>\n    <\/div>\n\n            <div class=\"container\">\n            <div class=\"wp-block-acf-tabs__tabs\"\n                role=\"tablist\"\n                aria-label=\"Choose tab\">\n                                    <button class=\"wp-block-acf-tabs__nav-btn js--tabs-nav-btn is-active\"\n                        data-tab-id=\"3502\"\n                        aria-selected=\"true\"\n                        aria-controls=\"3502\"\n                        tabindex=\"0\"\n                        role=\"tab\"\n                        aria-label=\"Externe Schulungen\">\n                        Externe Schulungen                    <\/button>\n                                    <button class=\"wp-block-acf-tabs__nav-btn js--tabs-nav-btn \"\n                        data-tab-id=\"3505\"\n                        aria-selected=\"false\"\n                        aria-controls=\"3505\"\n                        tabindex=\"0\"\n                        role=\"tab\"\n                        aria-label=\"Interne Schulungen\">\n                        Interne Schulungen                    <\/button>\n                            <\/div>\n            <div class=\"wp-block-acf-tabs__content\">\n                                    <div class=\"wp-block-acf-tabs__tab js--tabs-tab-content is-active\"\n                        data-tab-id=\"3502\"\n                        id=\"3502\"\n                        role=\"tabpanel\"\n                        aria-label=\"Externe Schulungen\"\n                        aria-hidden=\"false\">\n                                                    <span class=\"wp-block-acf-tabs__inner-label\">Sir Akademie<\/span>\n                                                <h2 class=\"wp-block-acf-tabs__tab-title\">Externe Schulungen<\/h2>\n                        \n\n<section class=\"light-gray-bg wp-block-acf-text-image\">\n    <div class=\"container\">\n        <div class=\"wp-block-acf-text-image__row row-reverse\">\n            <div class=\"wp-block-acf-text-image__col col--content\">\n                                    <span class=\"wp-block-acf-text-image__label\">Vermittlung von Fachwissen<\/span>\n                                                    <h2 class=\"wp-block-acf-text-image__title\">Das Know-how des ISD zu Ihren Diensten<\/h2>\n                                                    <div class=\"wp-block-acf-text-image__top-description c-description\">\n                        <p>Der ISD ist seit 2002 ein Referenzausbildungsunternehmen und hat sich ein solides Fachwissen in der Betreuung und Kompetenzerweiterung seiner Mitarbeiter angeeignet. Wir haben uns entschieden, dieses Know-how unseren Kunden zur Verf\u00fcgung zu stellen. <\/p>\n                    <\/div>\n                                                    <div class=\"wp-block-acf-text-image__bottom-description c-description\">\n                        <p>Unsere akkreditierten Ausbilder entwickeln ma\u00dfgeschneiderte Programme, die auf Ihre spezifischen Bed\u00fcrfnisse zugeschnitten sind. Diese professionellen Schulungen k\u00f6nnen direkt in Ihren R\u00e4umlichkeiten oder in der SIR Academy durchgef\u00fchrt werden und decken eine Vielzahl von Themen im Zusammenhang mit der Sicherheit von Personen und Orten ab. <\/p>\n                    <\/div>\n                                    <div class=\"wp-block-acf-text-image__buttons\">\n\n                    <button class=\"wp-block-acf-text-image__button button--first js--open-form-popup\">\n                <span class=\"c-button__text-wrapper\">\n                    <span class=\"c-button__text c-button__text-top\">Angebot anfordern<\/span>\n                    <span class=\"c-button__text c-button__text-bottom\" role=\"presentation\" aria-hidden=\"true\">Angebot anfordern<\/span>\n                <\/span>\n                <span class=\"c-button__icons\" role=\"presentation\" aria-hidden=\"true\">\n                    <span class=\"c-button__icon-box\"><\/span>\n                    <span class=\"c-button__bullet-box\">\n                        <span class=\"c-button__bullet\"><\/span>\n                    <\/span>\n                <\/span>\n            <\/button>\n                                        <\/div>\n            <\/div>\n            <div class=\"wp-block-acf-text-image__col col--image\">\n                                    <div class=\"wp-block-acf-text-image__image\">\n                        <img decoding=\"async\" width=\"1550\" height=\"1024\" src=\"https:\/\/www.sirsa.ch\/wp-content\/uploads\/2025\/05\/sirsa-academie-3-1.png\" class=\"attachment-full size-full\" alt=\"\" srcset=\"https:\/\/www.sirsa.ch\/wp-content\/uploads\/2025\/05\/sirsa-academie-3-1.png 1550w, https:\/\/www.sirsa.ch\/wp-content\/uploads\/2025\/05\/sirsa-academie-3-1-300x198.png 300w, https:\/\/www.sirsa.ch\/wp-content\/uploads\/2025\/05\/sirsa-academie-3-1-1024x677.png 1024w, https:\/\/www.sirsa.ch\/wp-content\/uploads\/2025\/05\/sirsa-academie-3-1-768x507.png 768w, https:\/\/www.sirsa.ch\/wp-content\/uploads\/2025\/05\/sirsa-academie-3-1-1536x1015.png 1536w\" sizes=\"(max-width: 1550px) 100vw, 1550px\" \/>                    <\/div>\n                            <\/div>\n        <\/div>\n    <\/div>\n<\/section>\n\n<section class=\"light-gray-bg wp-block-acf-title-text\">\n    <div class=\"container\">\n        <div class=\"wp-block-acf-title-text__grid \">\n            <div class=\"wp-block-acf-title-text__col\">\n                                                    <h3 class=\"wp-block-acf-title-text__title\">Alle Schulungen, die wir Ihnen anbieten<\/h3>\n                            <\/div>\n            <div class=\"wp-block-acf-title-text__col\">\n                                    <div class=\"wp-block-acf-title-text__content c-wysiwyg\">\n                        <ul>\n<li>BLS-AED Erste Hilfe (SRC-Zertifizierung)<\/li>\n<li>Brandschutz<\/li>\n<li>Umgang mit Konflikten und Aggressionen<\/li>\n<li>Vorbereitung auf den eidgen\u00f6ssischen Fachausweis f\u00fcr Sicherheitspersonal<\/li>\n<li>Vollst\u00e4ndig auf die spezifischen Bed\u00fcrfnisse zugeschnittene Module<\/li>\n<\/ul>\n                    <\/div>\n                            <\/div>\n        <\/div>\n    <\/div>\n<\/section>                    <\/div>\n                                    <div class=\"wp-block-acf-tabs__tab js--tabs-tab-content \"\n                        data-tab-id=\"3505\"\n                        id=\"3505\"\n                        role=\"tabpanel\"\n                        aria-label=\"Interne Schulungen\"\n                        aria-hidden=\"true\">\n                                                    <span class=\"wp-block-acf-tabs__inner-label\">Sir Akademie<\/span>\n                                                <h2 class=\"wp-block-acf-tabs__tab-title\">Interne Schulungen<\/h2>\n                        \n\n<section class=\"light-gray-bg wp-block-acf-text-image\">\n    <div class=\"container\">\n        <div class=\"wp-block-acf-text-image__row row-reverse\">\n            <div class=\"wp-block-acf-text-image__col col--content\">\n                                    <span class=\"wp-block-acf-text-image__label\">SIR ACad\u00e9mie<\/span>\n                                                    <h2 class=\"wp-block-acf-text-image__title\">Geschulte und einsatzbereite Beamte<\/h2>\n                                                    <div class=\"wp-block-acf-text-image__top-description c-description\">\n                        <p>Seit mehr als 47 Jahren investieren wir in unsere Mitarbeiter und deren Ausbildung, um eine st\u00e4ndig verbesserte Servicequalit\u00e4t zu erreichen.<\/p>\n                    <\/div>\n                                                    <div class=\"wp-block-acf-text-image__bottom-description c-description\">\n                        <p>Die Mitarbeiter des ISD erhalten regelm\u00e4\u00dfig interne Schulungen, die den Anforderungen der Praxis und den Entwicklungen des Berufs angepasst sind. Diese Module decken sowohl die Grundlagen als auch operative Aktualisierungen ab: rechtlicher Rahmen, Interventionstechniken, Umgang mit kritischen Situationen, Kommunikation oder Risikovermeidung. Jede Schulung wird von erfahrenen und zertifizierten Fachleuten geleitet, um ein hohes Niveau der Beherrschung und der Vermittlung von Know-how zu gew\u00e4hrleisten.  <\/p>\n                    <\/div>\n                                    <div class=\"wp-block-acf-text-image__buttons\">\n\n                                    <a href=\"https:\/\/www.sirsa.ch\/de\/karriere\/\" class=\"wp-block-acf-text-image__button button--first\" >\n                    <span class=\"c-button__text-wrapper\">\n                        <span class=\"c-button__text c-button__text-top\">Dem ISD beitreten<\/span>\n                        <span class=\"c-button__text c-button__text-bottom\" role=\"presentation\" aria-hidden=\"true\">Dem ISD beitreten<\/span>\n                    <\/span>\n                    <span class=\"c-button__icons\" role=\"presentation\" aria-hidden=\"true\">\n                        <span class=\"c-button__icon-box\"><\/span>\n                        <span class=\"c-button__bullet-box\">\n                            <span class=\"c-button__bullet\"><\/span>\n                        <\/span>\n                    <\/span>\n                <\/a>\n                                                    <\/div>\n            <\/div>\n            <div class=\"wp-block-acf-text-image__col col--image\">\n                                    <div class=\"wp-block-acf-text-image__image\">\n                        <img decoding=\"async\" width=\"1584\" height=\"1024\" src=\"https:\/\/www.sirsa.ch\/wp-content\/uploads\/2025\/04\/slide-image-3.png\" class=\"attachment-full size-full\" alt=\"\" srcset=\"https:\/\/www.sirsa.ch\/wp-content\/uploads\/2025\/04\/slide-image-3.png 1584w, https:\/\/www.sirsa.ch\/wp-content\/uploads\/2025\/04\/slide-image-3-300x194.png 300w, https:\/\/www.sirsa.ch\/wp-content\/uploads\/2025\/04\/slide-image-3-1024x662.png 1024w, https:\/\/www.sirsa.ch\/wp-content\/uploads\/2025\/04\/slide-image-3-768x496.png 768w, https:\/\/www.sirsa.ch\/wp-content\/uploads\/2025\/04\/slide-image-3-1536x993.png 1536w\" sizes=\"(max-width: 1584px) 100vw, 1584px\" \/>                    <\/div>\n                            <\/div>\n        <\/div>\n    <\/div>\n<\/section>\n\n\n\n<section class=\"light-gray-bg wp-block-acf-text-accordion\">\n    <div class=\"container\">\n        <div class=\"wp-block-acf-text-accordion__row \">\n            <div class=\"wp-block-acf-text-accordion__col col--content\">\n                                    <h3 class=\"wp-block-acf-text-accordion__title\">Methoden der Ausbildung und Begleitung<\/h3>\n                                                                                                                                <\/div>\n            <div class=\"wp-block-acf-text-accordion__col col--accordion\">\n                                    <div class=\"wp-block-acf-text-accordion__accordion\">\n                                                    <div class=\"wp-block-acf-text-accordion__accordion-item js--text-accordion-item is-active\">\n                                <h4 class=\"wp-block-acf-text-accordion__accordion-item-title js--text-accordion-item-header\"\n                                    tabindex=\"0\"\n                                    role=\"button\"\n                                    aria-controls=\"accordion-item-1\"\n                                    aria-expanded=\"true\">\n                                    Obligatorische Grundausbildung (vor jeder Intervention)                                    <span class=\"wp-block-acf-text-accordion__accordion-item-icon\" role=\"presentation\" aria-hidden=\"true\"><\/span>\n                                <\/h4>\n                                <div class=\"wp-block-acf-text-accordion__accordion-item-content js--text-accordion-item-body\"\n                                    aria-labelledby=\"accordion-item-1\"\n                                    aria-hidden=\"false\"\n                                    style=\"display:block;\">\n                                    <p>Dauer: 45 Stunden<br \/>\nErster Schritt vor dem Einsatz vor Ort.<\/p>\n<p>Inhalt :<\/p>\n<ul>\n<li>Dienstvorschriften<\/li>\n<li>Gesetze<\/li>\n<li>Radio und Radiosprache<\/li>\n<li>Verordnung \u00fcber das Tragen von Waffen<\/li>\n<li>CRS-Berichte und -Formulare<\/li>\n<li>Alarmsystem<\/li>\n<li>Brandschutz<\/li>\n<li>Erste Hilfe<\/li>\n<li>Schnelle Intervention<\/li>\n<li>Material zur Verf\u00fcgung<\/li>\n<li>Tagesbericht<\/li>\n<\/ul>\n                                <\/div>\n                            <\/div>\n                                                    <div class=\"wp-block-acf-text-accordion__accordion-item js--text-accordion-item \">\n                                <h4 class=\"wp-block-acf-text-accordion__accordion-item-title js--text-accordion-item-header\"\n                                    tabindex=\"0\"\n                                    role=\"button\"\n                                    aria-controls=\"accordion-item-2\"\n                                    aria-expanded=\"false\">\n                                    Spezifische Ausbildung nach T\u00e4tigkeitsbereich                                    <span class=\"wp-block-acf-text-accordion__accordion-item-icon\" role=\"presentation\" aria-hidden=\"true\"><\/span>\n                                <\/h4>\n                                <div class=\"wp-block-acf-text-accordion__accordion-item-content js--text-accordion-item-body\"\n                                    aria-labelledby=\"accordion-item-2\"\n                                    aria-hidden=\"true\"\n                                    style=\"display:none;\">\n                                    <p>Dauer: 120 Stunden Gezielte Vertiefung entsprechend den Aufgaben.<\/p>\n<p>Beispiele f\u00fcr Module :<\/p>\n<ul>\n<li>Ausbildung in Gesch\u00e4ften<\/li>\n<li>Umgang mit Konflikten<\/li>\n<li>Sicherheitsbeauftragte<\/li>\n<li>Waffenschein \/ BT<\/li>\n<li>Zentralistische Ausbildung<\/li>\n<li>Ausbildung von Gerichtsvollziehern<\/li>\n<li>Hundef\u00fchrer<\/li>\n<\/ul>\n                                <\/div>\n                            <\/div>\n                                                    <div class=\"wp-block-acf-text-accordion__accordion-item js--text-accordion-item \">\n                                <h4 class=\"wp-block-acf-text-accordion__accordion-item-title js--text-accordion-item-header\"\n                                    tabindex=\"0\"\n                                    role=\"button\"\n                                    aria-controls=\"accordion-item-3\"\n                                    aria-expanded=\"false\">\n                                    J\u00e4hrliche Fortbildung                                    <span class=\"wp-block-acf-text-accordion__accordion-item-icon\" role=\"presentation\" aria-hidden=\"true\"><\/span>\n                                <\/h4>\n                                <div class=\"wp-block-acf-text-accordion__accordion-item-content js--text-accordion-item-body\"\n                                    aria-labelledby=\"accordion-item-3\"\n                                    aria-hidden=\"true\"\n                                    style=\"display:none;\">\n                                    <p>Dauer: 40 Stunden \/ Jahr (Minimum)<br \/>\nErhalt und Entwicklung von Kompetenzen<\/p>\n<p>Aktivit\u00e4ten :<\/p>\n<ul>\n<li>Praktika<\/li>\n<li>Wiederholungen<\/li>\n<li>Bereichsspezifische Vertiefungen<\/li>\n<\/ul>\n                                <\/div>\n                            <\/div>\n                                                    <div class=\"wp-block-acf-text-accordion__accordion-item js--text-accordion-item \">\n                                <h4 class=\"wp-block-acf-text-accordion__accordion-item-title js--text-accordion-item-header\"\n                                    tabindex=\"0\"\n                                    role=\"button\"\n                                    aria-controls=\"accordion-item-4\"\n                                    aria-expanded=\"false\">\n                                    Vervollkommnung &amp; Rahmen                                    <span class=\"wp-block-acf-text-accordion__accordion-item-icon\" role=\"presentation\" aria-hidden=\"true\"><\/span>\n                                <\/h4>\n                                <div class=\"wp-block-acf-text-accordion__accordion-item-content js--text-accordion-item-body\"\n                                    aria-labelledby=\"accordion-item-4\"\n                                    aria-hidden=\"true\"\n                                    style=\"display:none;\">\n                                    <p>Dauer: Fortbildungskurse<br \/>\nF\u00fcr Profile, die sich weiterentwickeln oder betreuen m\u00f6chten.<\/p>\n<p>Vorgeschlagene Strecken :<\/p>\n<ul>\n<li>Eidgen\u00f6ssischer Fachausweis f\u00fcr professionelle Sicherheitsfachleute<\/li>\n<li>Weiterbildung f\u00fcr F\u00fchrungskr\u00e4fte<\/li>\n<\/ul>\n                                <\/div>\n                            <\/div>\n                                            <\/div>\n                            <\/div>\n        <\/div>\n    <\/div>\n<\/section>                    <\/div>\n                            <\/div>\n        <\/div>\n    <\/section>\n\n<section class=\"light-bg wp-block-acf-text-image\">\n    <div class=\"container\">\n        <div class=\"wp-block-acf-text-image__row row-reverse\">\n            <div class=\"wp-block-acf-text-image__col col--content\">\n                                    <span class=\"wp-block-acf-text-image__label\">Vermittlung von Fachwissen<\/span>\n                                                    <h2 class=\"wp-block-acf-text-image__title\">Ausbildung von Fachkr\u00e4ften, Zertifizierung von Bildungswegen<\/h2>\n                                                    <div class=\"wp-block-acf-text-image__top-description c-description\">\n                        <p>Die Ausbilder des ISD sind von den kantonalen Polizeien gem\u00e4\u00df dem Konkordat \u00fcber Sicherheitsunternehmen akkreditiert. Einige verf\u00fcgen auch \u00fcber das SVEB-Zertifikat, das eine professionelle p\u00e4dagogische Betreuung garantiert, die f\u00fcr die Erwachsenenbildung geeignet ist. <\/p>\n                    <\/div>\n                                                    <div class=\"wp-block-acf-text-image__bottom-description c-description\">\n                        <p>Als ausbildendes Sicherheitsunternehmen gibt der ISD sein Know-how weit \u00fcber seine eigene Belegschaft hinaus weiter. Dank der Erfahrung seiner Ausbilder und der praxisnahen Inhalte bietet der ISD professionelle Schulungen f\u00fcr externe Unternehmen oder Institutionen an, die im Bereich der Sicherheit t\u00e4tig sind. Diese Kurse k\u00f6nnen je nach Bedarf und Profil des Zielpublikums intern oder direkt vor Ort durchgef\u00fchrt werden.  <\/p>\n                    <\/div>\n                                    <div class=\"wp-block-acf-text-image__buttons\">\n\n                    <button class=\"wp-block-acf-text-image__button button--first js--open-form-popup\">\n                <span class=\"c-button__text-wrapper\">\n                    <span class=\"c-button__text c-button__text-top\">Angebot anfordern<\/span>\n                    <span class=\"c-button__text c-button__text-bottom\" role=\"presentation\" aria-hidden=\"true\">Angebot anfordern<\/span>\n                <\/span>\n                <span class=\"c-button__icons\" role=\"presentation\" aria-hidden=\"true\">\n                    <span class=\"c-button__icon-box\"><\/span>\n                    <span class=\"c-button__bullet-box\">\n                        <span class=\"c-button__bullet\"><\/span>\n                    <\/span>\n                <\/span>\n            <\/button>\n                                        <\/div>\n            <\/div>\n            <div class=\"wp-block-acf-text-image__col col--image\">\n                                    <div class=\"wp-block-acf-text-image__image\">\n                        <img decoding=\"async\" width=\"1550\" height=\"1024\" src=\"https:\/\/www.sirsa.ch\/wp-content\/uploads\/2025\/05\/sirsa-former-des-professionnels-certifier-des-parcours.png\" class=\"attachment-full size-full\" alt=\"\" \/>                    <\/div>\n                            <\/div>\n        <\/div>\n    <\/div>\n<\/section>\n<div class=\"light-bg wp-block-acf-separator\">\n    <div class=\"container\">\n        <hr class=\"wp-block-acf-separator__line\">\n    <\/div>\n<\/div>\n\n<section class=\"light-bg wp-block-acf-text-accordion\">\n    <div class=\"container\">\n        <div class=\"wp-block-acf-text-accordion__row \">\n            <div class=\"wp-block-acf-text-accordion__col col--content\">\n                                    <h3 class=\"wp-block-acf-text-accordion__title\">Vorbereitung auf die Pr\u00fcfungen zum eidgen\u00f6ssischen Fachausweis f\u00fcr Sicherheit<\/h3>\n                                                                                    <div class=\"wp-block-acf-text-accordion__pdf-buttons\">\n                                                                                                                                                    <\/div>\n                                                                                <\/div>\n            <div class=\"wp-block-acf-text-accordion__col col--accordion\">\n                                    <div class=\"wp-block-acf-text-accordion__accordion\">\n                                                    <div class=\"wp-block-acf-text-accordion__accordion-item js--text-accordion-item is-active\">\n                                <h4 class=\"wp-block-acf-text-accordion__accordion-item-title js--text-accordion-item-header\"\n                                    tabindex=\"0\"\n                                    role=\"button\"\n                                    aria-controls=\"accordion-item-1\"\n                                    aria-expanded=\"true\">\n                                    Unternehmensf\u00fchrung                                    <span class=\"wp-block-acf-text-accordion__accordion-item-icon\" role=\"presentation\" aria-hidden=\"true\"><\/span>\n                                <\/h4>\n                                <div class=\"wp-block-acf-text-accordion__accordion-item-content js--text-accordion-item-body\"\n                                    aria-labelledby=\"accordion-item-1\"\n                                    aria-hidden=\"false\"\n                                    style=\"display:block;\">\n                                    <ul>\n<li>Dienstleistung und Produktangebot<\/li>\n<li>Aufgaben und Funktionen des Sicherheitsbeamten<\/li>\n<li>Ablauf des Dienstes<\/li>\n<li>Verst\u00e4ndnis des Mandats und Kompetenz, neue Mitarbeiter zu begr\u00fc\u00dfen und zu schulen<\/li>\n<li>Arbeitssicherheit und pers\u00f6nliche Ausr\u00fcstung<\/li>\n<\/ul>\n                                <\/div>\n                            <\/div>\n                                                    <div class=\"wp-block-acf-text-accordion__accordion-item js--text-accordion-item \">\n                                <h4 class=\"wp-block-acf-text-accordion__accordion-item-title js--text-accordion-item-header\"\n                                    tabindex=\"0\"\n                                    role=\"button\"\n                                    aria-controls=\"accordion-item-2\"\n                                    aria-expanded=\"false\">\n                                    Recht                                    <span class=\"wp-block-acf-text-accordion__accordion-item-icon\" role=\"presentation\" aria-hidden=\"true\"><\/span>\n                                <\/h4>\n                                <div class=\"wp-block-acf-text-accordion__accordion-item-content js--text-accordion-item-body\"\n                                    aria-labelledby=\"accordion-item-2\"\n                                    aria-hidden=\"true\"\n                                    style=\"display:none;\">\n                                    <ul>\n<li>Rechtsordnung<\/li>\n<li>Strafrecht<\/li>\n<li>Zivilrecht<\/li>\n<li>Arbeitsrecht<\/li>\n<\/ul>\n                                <\/div>\n                            <\/div>\n                                                    <div class=\"wp-block-acf-text-accordion__accordion-item js--text-accordion-item \">\n                                <h4 class=\"wp-block-acf-text-accordion__accordion-item-title js--text-accordion-item-header\"\n                                    tabindex=\"0\"\n                                    role=\"button\"\n                                    aria-controls=\"accordion-item-3\"\n                                    aria-expanded=\"false\">\n                                    Soziale Kompetenz                                    <span class=\"wp-block-acf-text-accordion__accordion-item-icon\" role=\"presentation\" aria-hidden=\"true\"><\/span>\n                                <\/h4>\n                                <div class=\"wp-block-acf-text-accordion__accordion-item-content js--text-accordion-item-body\"\n                                    aria-labelledby=\"accordion-item-3\"\n                                    aria-hidden=\"true\"\n                                    style=\"display:none;\">\n                                    <ul>\n<li>Wahrnehmung und Erscheinungsbild<\/li>\n<li>Kontakte mit Kunden und Dritten<\/li>\n<li>Verhalten in au\u00dfergew\u00f6hnlichen Situationen<\/li>\n<\/ul>\n                                <\/div>\n                            <\/div>\n                                                    <div class=\"wp-block-acf-text-accordion__accordion-item js--text-accordion-item \">\n                                <h4 class=\"wp-block-acf-text-accordion__accordion-item-title js--text-accordion-item-header\"\n                                    tabindex=\"0\"\n                                    role=\"button\"\n                                    aria-controls=\"accordion-item-4\"\n                                    aria-expanded=\"false\">\n                                    Branchenkenntnisse                                    <span class=\"wp-block-acf-text-accordion__accordion-item-icon\" role=\"presentation\" aria-hidden=\"true\"><\/span>\n                                <\/h4>\n                                <div class=\"wp-block-acf-text-accordion__accordion-item-content js--text-accordion-item-body\"\n                                    aria-labelledby=\"accordion-item-4\"\n                                    aria-hidden=\"true\"\n                                    style=\"display:none;\">\n                                    <ul>\n<li>Kenntnis der Risiken<\/li>\n<li>Zu \u00fcberwachende Objekte und T\u00e4tigkeitsbereiche<\/li>\n<li>Personen- und Gep\u00e4ckkontrolle<\/li>\n<li>Verkehrsregelung<\/li>\n<li>Kommunikationssysteme und Computersysteme<\/li>\n<\/ul>\n                                <\/div>\n                            <\/div>\n                                                    <div class=\"wp-block-acf-text-accordion__accordion-item js--text-accordion-item \">\n                                <h4 class=\"wp-block-acf-text-accordion__accordion-item-title js--text-accordion-item-header\"\n                                    tabindex=\"0\"\n                                    role=\"button\"\n                                    aria-controls=\"accordion-item-5\"\n                                    aria-expanded=\"false\">\n                                    SSB-spezifische Kenntnisse                                    <span class=\"wp-block-acf-text-accordion__accordion-item-icon\" role=\"presentation\" aria-hidden=\"true\"><\/span>\n                                <\/h4>\n                                <div class=\"wp-block-acf-text-accordion__accordion-item-content js--text-accordion-item-body\"\n                                    aria-labelledby=\"accordion-item-5\"\n                                    aria-hidden=\"true\"\n                                    style=\"display:none;\">\n                                    <ul>\n<li>Mechanische Sicherheits- und Schlie\u00dfsysteme<\/li>\n<li>Alarmsysteme<\/li>\n<li>L\u00f6schsysteme<\/li>\n<li>Domotik<\/li>\n<li>Notfalleinrichtungen<\/li>\n<\/ul>\n                                <\/div>\n                            <\/div>\n                                                    <div class=\"wp-block-acf-text-accordion__accordion-item js--text-accordion-item \">\n                                <h4 class=\"wp-block-acf-text-accordion__accordion-item-title js--text-accordion-item-header\"\n                                    tabindex=\"0\"\n                                    role=\"button\"\n                                    aria-controls=\"accordion-item-6\"\n                                    aria-expanded=\"false\">\n                                    Praktische Aufgaben des SSB                                    <span class=\"wp-block-acf-text-accordion__accordion-item-icon\" role=\"presentation\" aria-hidden=\"true\"><\/span>\n                                <\/h4>\n                                <div class=\"wp-block-acf-text-accordion__accordion-item-content js--text-accordion-item-body\"\n                                    aria-labelledby=\"accordion-item-6\"\n                                    aria-hidden=\"true\"\n                                    style=\"display:none;\">\n                                    <ul>\n<li>Verkehrsregelung<\/li>\n<li>Standard Rund<\/li>\n<li>Spezifische praktische Aufgaben<\/li>\n<li>Radiokommunikation\n<ul>\n<li>Brandschutz<\/li>\n<li>Erste Hilfe<\/li>\n<li>Technische Alarme<\/li>\n<li>Kontrolle von Personen<\/li>\n<\/ul>\n<\/li>\n<li style=\"list-style-type: none\">\n \t<\/li>\n<li>Simulation und Vorbereitung auf Pr\u00fcfungen<\/li>\n<\/ul>\n                                <\/div>\n                            <\/div>\n                                                    <div class=\"wp-block-acf-text-accordion__accordion-item js--text-accordion-item \">\n                                <h4 class=\"wp-block-acf-text-accordion__accordion-item-title js--text-accordion-item-header\"\n                                    tabindex=\"0\"\n                                    role=\"button\"\n                                    aria-controls=\"accordion-item-7\"\n                                    aria-expanded=\"false\">\n                                    Planung                                    <span class=\"wp-block-acf-text-accordion__accordion-item-icon\" role=\"presentation\" aria-hidden=\"true\"><\/span>\n                                <\/h4>\n                                <div class=\"wp-block-acf-text-accordion__accordion-item-content js--text-accordion-item-body\"\n                                    aria-labelledby=\"accordion-item-7\"\n                                    aria-hidden=\"true\"\n                                    style=\"display:none;\">\n                                    <ul>\n<li>Insgesamt 25 Zeitr\u00e4ume, in der Regel donnerstags.<\/li>\n<li>Der Kurs beginnt Mitte April und endet sp\u00e4testens Mitte September. Die Termine der Schulungen werden den angemeldeten Personen mitgeteilt, sobald die endg\u00fcltige Liste bekannt ist. <\/li>\n<\/ul>\n                                <\/div>\n                            <\/div>\n                                                    <div class=\"wp-block-acf-text-accordion__accordion-item js--text-accordion-item \">\n                                <h4 class=\"wp-block-acf-text-accordion__accordion-item-title js--text-accordion-item-header\"\n                                    tabindex=\"0\"\n                                    role=\"button\"\n                                    aria-controls=\"accordion-item-8\"\n                                    aria-expanded=\"false\">\n                                    Unternehmensf\u00fchrung                                    <span class=\"wp-block-acf-text-accordion__accordion-item-icon\" role=\"presentation\" aria-hidden=\"true\"><\/span>\n                                <\/h4>\n                                <div class=\"wp-block-acf-text-accordion__accordion-item-content js--text-accordion-item-body\"\n                                    aria-labelledby=\"accordion-item-8\"\n                                    aria-hidden=\"true\"\n                                    style=\"display:none;\">\n                                    <ul>\n<li>Dienstleistung und Produktangebot<\/li>\n<li>Aufgaben und Funktionen des Sicherheitsbeamten<\/li>\n<li>Ablauf des Dienstes<\/li>\n<li>Verst\u00e4ndnis des Mandats und Kompetenz, neue Mitarbeiter zu begr\u00fc\u00dfen und zu schulen<\/li>\n<li>Arbeitssicherheit und pers\u00f6nliche Ausr\u00fcstung<\/li>\n<\/ul>\n                                <\/div>\n                            <\/div>\n                                            <\/div>\n                            <\/div>\n        <\/div>\n    <\/div>\n<\/section>\n<div class=\"light-bg wp-block-acf-separator\">\n    <div class=\"container\">\n        <hr class=\"wp-block-acf-separator__line\">\n    <\/div>\n<\/div>\n\n<section class=\"light-bg wp-block-acf-text-accordion\">\n    <div class=\"container\">\n        <div class=\"wp-block-acf-text-accordion__row \">\n            <div class=\"wp-block-acf-text-accordion__col col--content\">\n                                    <h3 class=\"wp-block-acf-text-accordion__title\">Die Untersuchung<\/h3>\n                                                    <div class=\"wp-block-acf-text-accordion__top-description c-description\">\n                        <p>F\u00fcr spezifische Anfragen wenden Sie sich bitte an den Verband Schweizerischer Sicherheitsdienstleistungsunternehmen.<\/p>\n                    <\/div>\n                                                    <div class=\"wp-block-acf-text-accordion__bottom-description c-description\">\n                        <p>VSSU<br \/>\nKirchlindachstrasse 98<br \/>\nPostfach<br \/>\n3052 Zollikofen<br \/>\nTel. 031 915 10 10<\/p>\n                    <\/div>\n                                                                                                <\/div>\n            <div class=\"wp-block-acf-text-accordion__col col--accordion\">\n                                    <div class=\"wp-block-acf-text-accordion__accordion\">\n                                                    <div class=\"wp-block-acf-text-accordion__accordion-item js--text-accordion-item is-active\">\n                                <h4 class=\"wp-block-acf-text-accordion__accordion-item-title js--text-accordion-item-header\"\n                                    tabindex=\"0\"\n                                    role=\"button\"\n                                    aria-controls=\"accordion-item-1\"\n                                    aria-expanded=\"true\">\n                                    Bedingungen f\u00fcr die Aufnahme                                    <span class=\"wp-block-acf-text-accordion__accordion-item-icon\" role=\"presentation\" aria-hidden=\"true\"><\/span>\n                                <\/h4>\n                                <div class=\"wp-block-acf-text-accordion__accordion-item-content js--text-accordion-item-body\"\n                                    aria-labelledby=\"accordion-item-1\"\n                                    aria-hidden=\"false\"\n                                    style=\"display:block;\">\n                                    <ul>\n<li>Einen Strafregisterauszug vorlegen, der nicht \u00e4lter als drei Monate ist (ohne Ausnahmeregelung), keine Straftaten enth\u00e4lt oder h\u00f6chstens eine einzige Straftat (die kein Vergehen oder Verbrechen ist) aufweist.<\/li>\n<li>2 Jahre Praxis (entspricht mindestens 3.200 Arbeitsstunden) in einem Sicherheits- und \u00dcberwachungsdienst nach Erhalt des EFZ oder einer gleichwertigen Ausbildung<\/li>\n<li>F\u00fcr Personen, die nicht \u00fcber ein EFZ oder eine gleichwertige Ausbildung verf\u00fcgen, mindestens 4 Jahre Praxis (entsprechend mindestens 6.400 Arbeitsstunden) in einem Sicherheits- und Bewachungsdienst.<\/li>\n<li>oder \u00fcber den eidgen\u00f6ssischen Fachausweis f\u00fcr Personen- und Objektschutz (APB) verf\u00fcgen.<\/li>\n<li>mindestens 22 Jahre alt sind<\/li>\n<li>Personen, die Zweifel an ihrer Pr\u00fcfungszulassung haben, wird empfohlen, sich direkt mit dem Pr\u00fcfungssekretariat in Verbindung zu setzen, um die G\u00fcltigkeit ihrer Anmeldung zu \u00fcberpr\u00fcfen.<\/li>\n<\/ul>\n                                <\/div>\n                            <\/div>\n                                                    <div class=\"wp-block-acf-text-accordion__accordion-item js--text-accordion-item \">\n                                <h4 class=\"wp-block-acf-text-accordion__accordion-item-title js--text-accordion-item-header\"\n                                    tabindex=\"0\"\n                                    role=\"button\"\n                                    aria-controls=\"accordion-item-2\"\n                                    aria-expanded=\"false\">\n                                    Formel                                    <span class=\"wp-block-acf-text-accordion__accordion-item-icon\" role=\"presentation\" aria-hidden=\"true\"><\/span>\n                                <\/h4>\n                                <div class=\"wp-block-acf-text-accordion__accordion-item-content js--text-accordion-item-body\"\n                                    aria-labelledby=\"accordion-item-2\"\n                                    aria-hidden=\"true\"\n                                    style=\"display:none;\">\n                                    <ul>\n<li>5 schriftliche Pr\u00fcfungen von 0.30 bis 2.00 Uhr<\/li>\n<li>2 m\u00fcndliche Pr\u00fcfungen von 20 bis 30 Minuten Dauer<\/li>\n<li>1 praktische Pr\u00fcfung von 2 Stunden<\/li>\n<\/ul>\n                                <\/div>\n                            <\/div>\n                                            <\/div>\n                            <\/div>\n        <\/div>\n    <\/div>\n<\/section>\n\n<section class=\"light-bg pb-medium wp-block-acf-text-banner\">\n    <div class=\"container\">\n                            <span class=\"wp-block-acf-text-banner__label\">SIR Akademie<\/span>\n                            <h1 class=\"wp-block-acf-text-banner__title wp-block-acf-text-banner__title--js inherit\">Unsere Zertifizierungen.<\/h1>\n                            <div class=\"wp-block-acf-text-banner__main-description\"><p>Offiziell eingestellt.<\/p>\n<\/div>\n                                    <div class=\"wp-block-acf-text-banner__scroll-line wp-block-acf-text-banner__scroll-line--js\">\n                <span class=\"wp-block-acf-text-banner__scroll-line-active\"><\/span>\n            <\/div>\n                <!--  -->\n                                        <\/div>\n<\/section>\n    <section class=\"wp-block-acf-certifications-cards\">\n        <div class=\"container\">\n            <div class=\"wp-block-acf-certifications-cards__grid\">\n                                    <div class=\"wp-block-acf-certifications-cards__card\">\n                        <img decoding=\"async\" width=\"1720\" height=\"1338\" src=\"https:\/\/www.sirsa.ch\/wp-content\/uploads\/2025\/05\/EDUQUA.png\" class=\"attachment-full size-full wp-post-image\" alt=\"\" srcset=\"https:\/\/www.sirsa.ch\/wp-content\/uploads\/2025\/05\/EDUQUA.png 1720w, https:\/\/www.sirsa.ch\/wp-content\/uploads\/2025\/05\/EDUQUA-300x233.png 300w, https:\/\/www.sirsa.ch\/wp-content\/uploads\/2025\/05\/EDUQUA-1024x797.png 1024w, https:\/\/www.sirsa.ch\/wp-content\/uploads\/2025\/05\/EDUQUA-768x597.png 768w, https:\/\/www.sirsa.ch\/wp-content\/uploads\/2025\/05\/EDUQUA-1536x1195.png 1536w\" sizes=\"(max-width: 1720px) 100vw, 1720px\" \/>                    <\/div>\n                                    <div class=\"wp-block-acf-certifications-cards__card\">\n                        <img decoding=\"async\" width=\"2020\" height=\"1268\" src=\"https:\/\/www.sirsa.ch\/wp-content\/uploads\/2025\/05\/SRC.png\" class=\"attachment-full size-full wp-post-image\" alt=\"\" srcset=\"https:\/\/www.sirsa.ch\/wp-content\/uploads\/2025\/05\/SRC.png 2020w, https:\/\/www.sirsa.ch\/wp-content\/uploads\/2025\/05\/SRC-300x188.png 300w, https:\/\/www.sirsa.ch\/wp-content\/uploads\/2025\/05\/SRC-1024x643.png 1024w, https:\/\/www.sirsa.ch\/wp-content\/uploads\/2025\/05\/SRC-768x482.png 768w, https:\/\/www.sirsa.ch\/wp-content\/uploads\/2025\/05\/SRC-1536x964.png 1536w\" sizes=\"(max-width: 2020px) 100vw, 2020px\" \/>                    <\/div>\n                                    <div class=\"wp-block-acf-certifications-cards__card\">\n                        <img decoding=\"async\" width=\"2020\" height=\"1214\" src=\"https:\/\/www.sirsa.ch\/wp-content\/uploads\/2025\/05\/ISO-21001.png\" class=\"attachment-full size-full wp-post-image\" alt=\"\" srcset=\"https:\/\/www.sirsa.ch\/wp-content\/uploads\/2025\/05\/ISO-21001.png 2020w, https:\/\/www.sirsa.ch\/wp-content\/uploads\/2025\/05\/ISO-21001-300x180.png 300w, https:\/\/www.sirsa.ch\/wp-content\/uploads\/2025\/05\/ISO-21001-1024x615.png 1024w, https:\/\/www.sirsa.ch\/wp-content\/uploads\/2025\/05\/ISO-21001-768x462.png 768w, https:\/\/www.sirsa.ch\/wp-content\/uploads\/2025\/05\/ISO-21001-1536x923.png 1536w\" sizes=\"(max-width: 2020px) 100vw, 2020px\" \/>                    <\/div>\n                            <\/div>\n            <div class=\"wp-block-acf-certifications-cards__button\">\n                                    <a href=\"https:\/\/www.sirsa.ch\/certifications-et-labels\/\" class=\"\" target=\"\">\n                        <span class=\"c-button__text-wrapper\">\n                            <span class=\"c-button__text c-button__text-top\">Unsere Siegel und Zertifizierungen<\/span>\n                            <span class=\"c-button__text c-button__text-bottom\">Unsere Siegel und Zertifizierungen<\/span>\n                        <\/span>\n                        <span class=\"c-button__icons\">\n                            <span class=\"c-button__icon-box\">\n                            <\/span>\n                            <span class=\"c-button__bullet-box\">\n                                <span class=\"c-button__bullet\"><\/span>\n                            <\/span>\n                        <\/span>\n                    <\/a>\n                            <\/div>\n        <\/div>\n    <\/section>\n\n\n<section class=\"wp-block-acf-images-slider\">\n    <div class=\"splide wp-block-acf-images-slider__slider js--images-slider\">\n        <div class=\"splide__track\">\n            <div class=\"splide__list\">\n                                    <div class=\"wp-block-acf-images-slider__slide splide__slide\">\n                                                    <div class=\"wp-block-acf-images-slider__slide-image\">\n                                <img decoding=\"async\" width=\"1550\" height=\"1024\" src=\"https:\/\/www.sirsa.ch\/wp-content\/uploads\/2025\/05\/sirsa-brigades-d-intervention-mobiles-toujours-pretes-a-intervenir.png\" class=\"attachment-full size-full\" alt=\"\" \/>                            <\/div>\n                                            <\/div>\n                                    <div class=\"wp-block-acf-images-slider__slide splide__slide\">\n                                                    <div class=\"wp-block-acf-images-slider__slide-image\">\n                                <img decoding=\"async\" width=\"374\" height=\"464\" src=\"https:\/\/www.sirsa.ch\/wp-content\/uploads\/2025\/05\/sirsa-plus-de-47-ans-d-engagement-dans-la-securite-privee-suisse-1.png\" class=\"attachment-full size-full\" alt=\"\" \/>                            <\/div>\n                                            <\/div>\n                                    <div class=\"wp-block-acf-images-slider__slide splide__slide\">\n                                                    <div class=\"wp-block-acf-images-slider__slide-image\">\n                                <img decoding=\"async\" width=\"374\" height=\"464\" src=\"https:\/\/www.sirsa.ch\/wp-content\/uploads\/2025\/05\/sirsa-standards-de-la-securite-en-suisse.png\" class=\"attachment-full size-full\" alt=\"\" \/>                            <\/div>\n                                            <\/div>\n                                    <div class=\"wp-block-acf-images-slider__slide splide__slide\">\n                                                    <div class=\"wp-block-acf-images-slider__slide-image\">\n                                <img decoding=\"async\" width=\"1550\" height=\"1024\" src=\"https:\/\/www.sirsa.ch\/wp-content\/uploads\/2025\/05\/sirsa-service-presence-physique-5.png\" class=\"attachment-full size-full\" alt=\"\" srcset=\"https:\/\/www.sirsa.ch\/wp-content\/uploads\/2025\/05\/sirsa-service-presence-physique-5.png 1550w, https:\/\/www.sirsa.ch\/wp-content\/uploads\/2025\/05\/sirsa-service-presence-physique-5-300x198.png 300w, https:\/\/www.sirsa.ch\/wp-content\/uploads\/2025\/05\/sirsa-service-presence-physique-5-1024x677.png 1024w, https:\/\/www.sirsa.ch\/wp-content\/uploads\/2025\/05\/sirsa-service-presence-physique-5-768x507.png 768w, https:\/\/www.sirsa.ch\/wp-content\/uploads\/2025\/05\/sirsa-service-presence-physique-5-1536x1015.png 1536w\" sizes=\"(max-width: 1550px) 100vw, 1550px\" \/>                            <\/div>\n                                            <\/div>\n                                    <div class=\"wp-block-acf-images-slider__slide splide__slide\">\n                                                    <div class=\"wp-block-acf-images-slider__slide-image\">\n                                <img decoding=\"async\" width=\"374\" height=\"464\" src=\"https:\/\/www.sirsa.ch\/wp-content\/uploads\/2025\/05\/sirsa-conseillers.png\" class=\"attachment-full size-full\" alt=\"\" \/>                            <\/div>\n                                            <\/div>\n                                    <div class=\"wp-block-acf-images-slider__slide splide__slide\">\n                                                    <div class=\"wp-block-acf-images-slider__slide-image\">\n                                <img decoding=\"async\" width=\"374\" height=\"464\" src=\"https:\/\/www.sirsa.ch\/wp-content\/uploads\/2025\/05\/sirsa-notre-coeur-de-metier-1.png\" class=\"attachment-full size-full\" alt=\"\" \/>                            <\/div>\n                                            <\/div>\n                                    <div class=\"wp-block-acf-images-slider__slide splide__slide\">\n                                                    <div class=\"wp-block-acf-images-slider__slide-image\">\n                                <img decoding=\"async\" width=\"374\" height=\"464\" src=\"https:\/\/www.sirsa.ch\/wp-content\/uploads\/2025\/05\/sirsa-intervenir-en-cas-d-alerte.png\" class=\"attachment-full size-full\" alt=\"\" \/>                            <\/div>\n                                            <\/div>\n                                    <div class=\"wp-block-acf-images-slider__slide splide__slide\">\n                                                    <div class=\"wp-block-acf-images-slider__slide-image\">\n                                <img decoding=\"async\" width=\"1550\" height=\"1024\" src=\"https:\/\/www.sirsa.ch\/wp-content\/uploads\/2025\/05\/sirsa-controler-les-acces.png\" class=\"attachment-full size-full\" alt=\"\" \/>                            <\/div>\n                                            <\/div>\n                                    <div class=\"wp-block-acf-images-slider__slide splide__slide\">\n                                                    <div class=\"wp-block-acf-images-slider__slide-image\">\n                                <img decoding=\"async\" width=\"374\" height=\"464\" src=\"https:\/\/www.sirsa.ch\/wp-content\/uploads\/2025\/05\/image-gallery-3.png\" class=\"attachment-full size-full\" alt=\"\" srcset=\"https:\/\/www.sirsa.ch\/wp-content\/uploads\/2025\/05\/image-gallery-3.png 374w, https:\/\/www.sirsa.ch\/wp-content\/uploads\/2025\/05\/image-gallery-3-242x300.png 242w\" sizes=\"(max-width: 374px) 100vw, 374px\" \/>                            <\/div>\n                                            <\/div>\n                                    <div class=\"wp-block-acf-images-slider__slide splide__slide\">\n                                                    <div class=\"wp-block-acf-images-slider__slide-image\">\n                                <img decoding=\"async\" width=\"374\" height=\"464\" src=\"https:\/\/www.sirsa.ch\/wp-content\/uploads\/2025\/04\/service-banner9.png\" class=\"attachment-full size-full\" alt=\"\" srcset=\"https:\/\/www.sirsa.ch\/wp-content\/uploads\/2025\/04\/service-banner9.png 374w, https:\/\/www.sirsa.ch\/wp-content\/uploads\/2025\/04\/service-banner9-242x300.png 242w\" sizes=\"(max-width: 374px) 100vw, 374px\" \/>                            <\/div>\n                                            <\/div>\n                                    <div class=\"wp-block-acf-images-slider__slide splide__slide\">\n                                                    <div class=\"wp-block-acf-images-slider__slide-image\">\n                                <img decoding=\"async\" width=\"748\" height=\"464\" src=\"https:\/\/www.sirsa.ch\/wp-content\/uploads\/2025\/05\/Image-gallery.png\" class=\"attachment-full size-full\" alt=\"\" srcset=\"https:\/\/www.sirsa.ch\/wp-content\/uploads\/2025\/05\/Image-gallery.png 748w, https:\/\/www.sirsa.ch\/wp-content\/uploads\/2025\/05\/Image-gallery-300x186.png 300w\" sizes=\"(max-width: 748px) 100vw, 748px\" \/>                            <\/div>\n                                            <\/div>\n                                    <div class=\"wp-block-acf-images-slider__slide splide__slide\">\n                                                    <div class=\"wp-block-acf-images-slider__slide-image\">\n                                <img decoding=\"async\" width=\"374\" height=\"464\" src=\"https:\/\/www.sirsa.ch\/wp-content\/uploads\/2025\/05\/Image-gallery-2.png\" class=\"attachment-full size-full\" alt=\"\" srcset=\"https:\/\/www.sirsa.ch\/wp-content\/uploads\/2025\/05\/Image-gallery-2.png 374w, https:\/\/www.sirsa.ch\/wp-content\/uploads\/2025\/05\/Image-gallery-2-242x300.png 242w\" sizes=\"(max-width: 374px) 100vw, 374px\" \/>                            <\/div>\n                                            <\/div>\n                                    <div class=\"wp-block-acf-images-slider__slide splide__slide\">\n                                                    <div class=\"wp-block-acf-images-slider__slide-image\">\n                                <img decoding=\"async\" width=\"1550\" height=\"1024\" src=\"https:\/\/www.sirsa.ch\/wp-content\/uploads\/2025\/05\/sirsa-renforcer-votre-dispositif-avec-des-agents-formes-1.png\" class=\"attachment-full size-full\" alt=\"\" \/>                            <\/div>\n                                            <\/div>\n                                    <div class=\"wp-block-acf-images-slider__slide splide__slide\">\n                                                    <div class=\"wp-block-acf-images-slider__slide-image\">\n                                <img decoding=\"async\" width=\"374\" height=\"464\" src=\"https:\/\/www.sirsa.ch\/wp-content\/uploads\/2025\/05\/sirsa-reduire-vos-risques-garantir-la-continuite-de-vos-operations-1.png\" class=\"attachment-full size-full\" alt=\"\" \/>                            <\/div>\n                                            <\/div>\n                            <\/div>\n        <\/div>\n    <\/div>\n<\/section>\n\n<section class=\"light-bg wp-block-acf-bottom-cta\">\n    <div class=\"container\">\n        <div class=\"wp-block-acf-bottom-cta__box\">\n                            <h2 class=\"wp-block-acf-bottom-cta__title\">Brauchen Sie weitere Informationen? <br> <\/h2>\n                                        <div class=\"wp-block-acf-bottom-cta__description\"><p>Wir stehen Ihnen bei Fragen, spezifischen W\u00fcnschen oder Bedarf an Unterst\u00fctzung zur Verf\u00fcgung. Bitte z\u00f6gern Sie nicht, uns zu kontaktieren. <\/p>\n<\/div>\n                                        <button class=\"wp-block-acf-bottom-cta__button js--open-form-popup\">\n                    <span class=\"c-button__text-wrapper\">\n                        <span class=\"c-button__text c-button__text-top\">Kontaktformular<\/span>\n                        <span class=\"c-button__text c-button__text-bottom\">Kontaktformular<\/span>\n                    <\/span>\n                    <span class=\"c-button__icons\">\n                        <span class=\"c-button__icon-box\">\n                        <\/span>\n                        <span class=\"c-button__bullet-box\">\n                            <span class=\"c-button__bullet\"><\/span>\n                        <\/span>\n                    <\/span>\n                <\/button>\n                    <\/div>\n    <\/div>\n<\/section>","protected":false},"excerpt":{"rendered":"","protected":false},"author":12,"featured_media":0,"parent":0,"menu_order":0,"comment_status":"closed","ping_status":"closed","template":"","meta":{"_acf_changed":false,"footnotes":""},"class_list":["post-3461","page","type-page","status-publish","hentry"],"acf":[],"yoast_head":"<title>SIR Acad\u00e9mie: Ausbildungszentrum - SIR - Service d\u2019Intervention Rapide SA<\/title>\n<meta name=\"description\" content=\"Professionelle Sicherheitsschulungen mit SIRSA: Expertise, Know-how und pers\u00f6nliche Betreuung.\" \/>\n<meta name=\"robots\" content=\"index, follow, max-snippet:-1, max-image-preview:large, max-video-preview:-1\" \/>\n<link rel=\"canonical\" href=\"https:\/\/www.sirsa.ch\/de\/sir-akademie\/\" \/>\n<meta property=\"og:locale\" content=\"de_DE\" \/>\n<meta property=\"og:type\" content=\"article\" \/>\n<meta property=\"og:title\" content=\"SIR Akademie - SIR - Service d\u2019Intervention Rapide SA\" \/>\n<meta property=\"og:description\" content=\"Professionelle Sicherheitsschulungen mit SIRSA: Expertise, Know-how und pers\u00f6nliche Betreuung.\" \/>\n<meta property=\"og:url\" content=\"https:\/\/www.sirsa.ch\/de\/sir-akademie\/\" \/>\n<meta property=\"og:site_name\" content=\"SIR - Service d\u2019Intervention Rapide SA\" \/>\n<meta property=\"article:modified_time\" content=\"2025-06-25T12:15:13+00:00\" \/>\n<meta property=\"og:image\" content=\"https:\/\/www.sirsa.ch\/wp-content\/uploads\/2025\/05\/sirsa-intervention-rapide-3-1024x677.png\" \/>\n\t<meta property=\"og:image:width\" content=\"1024\" \/>\n\t<meta property=\"og:image:height\" content=\"677\" \/>\n\t<meta property=\"og:image:type\" content=\"image\/png\" \/>\n<meta name=\"twitter:card\" content=\"summary_large_image\" \/>\n<script type=\"application\/ld+json\" class=\"yoast-schema-graph\">{\"@context\":\"https:\\\/\\\/schema.org\",\"@graph\":[{\"@type\":\"WebPage\",\"@id\":\"https:\\\/\\\/www.sirsa.ch\\\/de\\\/sir-akademie\\\/\",\"url\":\"https:\\\/\\\/www.sirsa.ch\\\/de\\\/sir-akademie\\\/\",\"name\":\"SIR Acad\u00e9mie: Ausbildungszentrum - SIR - Service d\u2019Intervention Rapide SA\",\"isPartOf\":{\"@id\":\"https:\\\/\\\/www.sirsa.ch\\\/de\\\/#website\"},\"datePublished\":\"2025-04-23T11:35:01+00:00\",\"dateModified\":\"2025-06-25T12:15:13+00:00\",\"description\":\"Professionelle Sicherheitsschulungen mit SIRSA: Expertise, Know-how und pers\u00f6nliche Betreuung.\",\"breadcrumb\":{\"@id\":\"https:\\\/\\\/www.sirsa.ch\\\/de\\\/sir-akademie\\\/#breadcrumb\"},\"inLanguage\":\"de\",\"potentialAction\":[{\"@type\":\"ReadAction\",\"target\":[\"https:\\\/\\\/www.sirsa.ch\\\/de\\\/sir-akademie\\\/\"]}]},{\"@type\":\"BreadcrumbList\",\"@id\":\"https:\\\/\\\/www.sirsa.ch\\\/de\\\/sir-akademie\\\/#breadcrumb\",\"itemListElement\":[{\"@type\":\"ListItem\",\"position\":1,\"name\":\"Home\",\"item\":\"https:\\\/\\\/www.sirsa.ch\\\/de\\\/\"},{\"@type\":\"ListItem\",\"position\":2,\"name\":\"SIR Akademie\"}]},{\"@type\":\"WebSite\",\"@id\":\"https:\\\/\\\/www.sirsa.ch\\\/de\\\/#website\",\"url\":\"https:\\\/\\\/www.sirsa.ch\\\/de\\\/\",\"name\":\"Service d\u2019Intervention Rapide SA\",\"description\":\"Plus de 45 ans d&#039;exp\u00e9rience dans la s\u00e9curit\u00e9 priv\u00e9e au service des particuliers et des entreprises\",\"publisher\":{\"@id\":\"https:\\\/\\\/www.sirsa.ch\\\/de\\\/#organization\"},\"alternateName\":\"SIR SA - Service d\u2019Intervention Rapide SA\",\"potentialAction\":[{\"@type\":\"SearchAction\",\"target\":{\"@type\":\"EntryPoint\",\"urlTemplate\":\"https:\\\/\\\/www.sirsa.ch\\\/de\\\/?s={search_term_string}\"},\"query-input\":{\"@type\":\"PropertyValueSpecification\",\"valueRequired\":true,\"valueName\":\"search_term_string\"}}],\"inLanguage\":\"de\"},{\"@type\":\"Organization\",\"@id\":\"https:\\\/\\\/www.sirsa.ch\\\/de\\\/#organization\",\"name\":\"Service d'Intervention Rapide SA\",\"alternateName\":\"Service d'Intervention Rapide SA\",\"url\":\"https:\\\/\\\/www.sirsa.ch\\\/de\\\/\",\"logo\":{\"@type\":\"ImageObject\",\"inLanguage\":\"de\",\"@id\":\"https:\\\/\\\/www.sirsa.ch\\\/de\\\/#\\\/schema\\\/logo\\\/image\\\/\",\"url\":\"https:\\\/\\\/www.sirsa.ch\\\/wp-content\\\/uploads\\\/2025\\\/04\\\/cropped-sir-logo-1.png\",\"contentUrl\":\"https:\\\/\\\/www.sirsa.ch\\\/wp-content\\\/uploads\\\/2025\\\/04\\\/cropped-sir-logo-1.png\",\"width\":160,\"height\":160,\"caption\":\"Service d'Intervention Rapide SA\"},\"image\":{\"@id\":\"https:\\\/\\\/www.sirsa.ch\\\/de\\\/#\\\/schema\\\/logo\\\/image\\\/\"},\"sameAs\":[\"https:\\\/\\\/www.linkedin.com\\\/company\\\/serviceinterventionrapidesa\",\"https:\\\/\\\/www.youtube.com\\\/@sirdg5117\"],\"description\":\"Depuis 1978, le SIR fa\u00e7onne les standards de la s\u00e9curit\u00e9 en Suisse. Une expertise construite aux c\u00f4t\u00e9s de ceux que nous prot\u00e9geons.\",\"email\":\"secretariat@sirsa.ch\",\"telephone\":\"+41223644644\",\"legalName\":\"Service d'Int\u00e9rvention Rapide SA\",\"foundingDate\":\"1978-01-19\",\"numberOfEmployees\":{\"@type\":\"QuantitativeValue\",\"minValue\":\"201\",\"maxValue\":\"500\"}}]}<\/script>","yoast_head_json":{"title":"SIR Acad\u00e9mie: Ausbildungszentrum - SIR - Service d\u2019Intervention Rapide SA","description":"Professionelle Sicherheitsschulungen mit SIRSA: Expertise, Know-how und pers\u00f6nliche Betreuung.","robots":{"index":"index","follow":"follow","max-snippet":"max-snippet:-1","max-image-preview":"max-image-preview:large","max-video-preview":"max-video-preview:-1"},"canonical":"https:\/\/www.sirsa.ch\/de\/sir-akademie\/","og_locale":"de_DE","og_type":"article","og_title":"SIR Akademie - SIR - Service d\u2019Intervention Rapide SA","og_description":"Professionelle Sicherheitsschulungen mit SIRSA: Expertise, Know-how und pers\u00f6nliche Betreuung.","og_url":"https:\/\/www.sirsa.ch\/de\/sir-akademie\/","og_site_name":"SIR - Service d\u2019Intervention Rapide SA","article_modified_time":"2025-06-25T12:15:13+00:00","og_image":[{"width":1024,"height":677,"url":"https:\/\/www.sirsa.ch\/wp-content\/uploads\/2025\/05\/sirsa-intervention-rapide-3-1024x677.png","type":"image\/png"}],"twitter_card":"summary_large_image","schema":{"@context":"https:\/\/schema.org","@graph":[{"@type":"WebPage","@id":"https:\/\/www.sirsa.ch\/de\/sir-akademie\/","url":"https:\/\/www.sirsa.ch\/de\/sir-akademie\/","name":"SIR Acad\u00e9mie: Ausbildungszentrum - SIR - Service d\u2019Intervention Rapide SA","isPartOf":{"@id":"https:\/\/www.sirsa.ch\/de\/#website"},"datePublished":"2025-04-23T11:35:01+00:00","dateModified":"2025-06-25T12:15:13+00:00","description":"Professionelle Sicherheitsschulungen mit SIRSA: Expertise, Know-how und pers\u00f6nliche Betreuung.","breadcrumb":{"@id":"https:\/\/www.sirsa.ch\/de\/sir-akademie\/#breadcrumb"},"inLanguage":"de","potentialAction":[{"@type":"ReadAction","target":["https:\/\/www.sirsa.ch\/de\/sir-akademie\/"]}]},{"@type":"BreadcrumbList","@id":"https:\/\/www.sirsa.ch\/de\/sir-akademie\/#breadcrumb","itemListElement":[{"@type":"ListItem","position":1,"name":"Home","item":"https:\/\/www.sirsa.ch\/de\/"},{"@type":"ListItem","position":2,"name":"SIR Akademie"}]},{"@type":"WebSite","@id":"https:\/\/www.sirsa.ch\/de\/#website","url":"https:\/\/www.sirsa.ch\/de\/","name":"Service d\u2019Intervention Rapide SA","description":"Plus de 45 ans d&#039;exp\u00e9rience dans la s\u00e9curit\u00e9 priv\u00e9e au service des particuliers et des entreprises","publisher":{"@id":"https:\/\/www.sirsa.ch\/de\/#organization"},"alternateName":"SIR SA - Service d\u2019Intervention Rapide SA","potentialAction":[{"@type":"SearchAction","target":{"@type":"EntryPoint","urlTemplate":"https:\/\/www.sirsa.ch\/de\/?s={search_term_string}"},"query-input":{"@type":"PropertyValueSpecification","valueRequired":true,"valueName":"search_term_string"}}],"inLanguage":"de"},{"@type":"Organization","@id":"https:\/\/www.sirsa.ch\/de\/#organization","name":"Service d'Intervention Rapide SA","alternateName":"Service d'Intervention Rapide SA","url":"https:\/\/www.sirsa.ch\/de\/","logo":{"@type":"ImageObject","inLanguage":"de","@id":"https:\/\/www.sirsa.ch\/de\/#\/schema\/logo\/image\/","url":"https:\/\/www.sirsa.ch\/wp-content\/uploads\/2025\/04\/cropped-sir-logo-1.png","contentUrl":"https:\/\/www.sirsa.ch\/wp-content\/uploads\/2025\/04\/cropped-sir-logo-1.png","width":160,"height":160,"caption":"Service d'Intervention Rapide SA"},"image":{"@id":"https:\/\/www.sirsa.ch\/de\/#\/schema\/logo\/image\/"},"sameAs":["https:\/\/www.linkedin.com\/company\/serviceinterventionrapidesa","https:\/\/www.youtube.com\/@sirdg5117"],"description":"Depuis 1978, le SIR fa\u00e7onne les standards de la s\u00e9curit\u00e9 en Suisse. Une expertise construite aux c\u00f4t\u00e9s de ceux que nous prot\u00e9geons.","email":"secretariat@sirsa.ch","telephone":"+41223644644","legalName":"Service d'Int\u00e9rvention Rapide SA","foundingDate":"1978-01-19","numberOfEmployees":{"@type":"QuantitativeValue","minValue":"201","maxValue":"500"}}]}},"_links":{"self":[{"href":"https:\/\/www.sirsa.ch\/de\/wp-json\/wp\/v2\/pages\/3461","targetHints":{"allow":["GET"]}}],"collection":[{"href":"https:\/\/www.sirsa.ch\/de\/wp-json\/wp\/v2\/pages"}],"about":[{"href":"https:\/\/www.sirsa.ch\/de\/wp-json\/wp\/v2\/types\/page"}],"author":[{"embeddable":true,"href":"https:\/\/www.sirsa.ch\/de\/wp-json\/wp\/v2\/users\/12"}],"replies":[{"embeddable":true,"href":"https:\/\/www.sirsa.ch\/de\/wp-json\/wp\/v2\/comments?post=3461"}],"version-history":[{"count":1,"href":"https:\/\/www.sirsa.ch\/de\/wp-json\/wp\/v2\/pages\/3461\/revisions"}],"predecessor-version":[{"id":3470,"href":"https:\/\/www.sirsa.ch\/de\/wp-json\/wp\/v2\/pages\/3461\/revisions\/3470"}],"wp:attachment":[{"href":"https:\/\/www.sirsa.ch\/de\/wp-json\/wp\/v2\/media?parent=3461"}],"curies":[{"name":"wp","href":"https:\/\/api.w.org\/{rel}","templated":true}]}}