{"id":3425,"date":"2025-05-12T08:06:09","date_gmt":"2025-05-12T08:06:09","guid":{"rendered":"https:\/\/www.sirsa.ch\/datenschutzrichtlinie\/"},"modified":"2025-06-25T12:10:26","modified_gmt":"2025-06-25T12:10:26","slug":"datenschutzrichtlinie","status":"publish","type":"page","link":"https:\/\/www.sirsa.ch\/de\/datenschutzrichtlinie\/","title":{"rendered":"Datenschutzrichtlinie"},"content":{"rendered":"\n\n<section class=\"dark-theme wp-block-acf-hero-banner\">\n            <div class=\"wp-block-acf-hero-banner__image wp-block-acf-hero-banner__image--desktop\">\n            <img decoding=\"async\" width=\"2560\" height=\"1440\" src=\"https:\/\/www.sirsa.ch\/wp-content\/uploads\/2025\/05\/sirsa-Politique-de-confidentialite-1-scaled.png\" class=\"attachment-full size-full\" alt=\"\" srcset=\"https:\/\/www.sirsa.ch\/wp-content\/uploads\/2025\/05\/sirsa-Politique-de-confidentialite-1-scaled.png 2560w, https:\/\/www.sirsa.ch\/wp-content\/uploads\/2025\/05\/sirsa-Politique-de-confidentialite-1-300x169.png 300w, https:\/\/www.sirsa.ch\/wp-content\/uploads\/2025\/05\/sirsa-Politique-de-confidentialite-1-1024x576.png 1024w, https:\/\/www.sirsa.ch\/wp-content\/uploads\/2025\/05\/sirsa-Politique-de-confidentialite-1-768x432.png 768w, https:\/\/www.sirsa.ch\/wp-content\/uploads\/2025\/05\/sirsa-Politique-de-confidentialite-1-1536x864.png 1536w\" sizes=\"(max-width: 2560px) 100vw, 2560px\" \/>        <\/div>\n            <div class=\"wp-block-acf-hero-banner__gradient\"><\/div>\n    <div class=\"container\">\n        <div class=\"wp-block-acf-hero-banner__content\">\n                                        <h1 class=\"wp-block-acf-hero-banner__title inherit\">Datenschutzrichtlinie<\/h1>\n                        \n                                                <\/div>\n    <\/div>\n<\/section>\n\n<section class=\"wp-block-acf-post-text\">\n    <div class=\"container\">\n        <div class=\"wp-block-acf-post-text__grid \">\n            <div class=\"wp-block-acf-post-text__col\">\n                            <\/div>\n            <div class=\"wp-block-acf-post-text__col\">\n                                    <div class=\"wp-block-acf-post-text__content c-wysiwyg \">\n                        <p>Diese Datenschutzrichtlinie soll Sie \u00fcber die Art der pers\u00f6nlichen Daten nat\u00fcrlicher Personen, die von SIR SA gesammelt werden (die &#8220; <strong>Pers\u00f6nlichen Daten&#8220;)<\/strong>, die Art und den Zweck der Verarbeitung der Pers\u00f6nlichen Daten und Ihre Rechte in diesem Zusammenhang informieren.<\/p>\n<p><strong>Diese Datenschutzrichtlinie ist f\u00fcr Sie genauso wichtig wie f\u00fcr uns.<\/strong><\/p>\n<p>Sie stellt sicher, dass Sie bei der Nutzung unserer Dienstleistungen eine positive und sichere Erfahrung machen und sich darauf verlassen k\u00f6nnen. F\u00fcr SIR SA ist der Schutz der Vertraulichkeit und der Respekt Ihrer Pers\u00f6nlichen Daten von gr\u00f6\u00dfter Bedeutung. <\/p>\n<p>Wir sch\u00fctzen Ihre Privatsph\u00e4re, indem wir den Schutz, die Vertraulichkeit, die Unver\u00e4nderlichkeit, die Verf\u00fcgbarkeit und die Sicherheit der Pers\u00f6nlichen Daten, die Sie uns anvertrauen, \u00fcber alle unsere Kommunikationskan\u00e4le hinweg gew\u00e4hrleisten.<\/p>\n<p>Zu diesem Zweck wenden wir technische und organisatorische Ma\u00dfnahmen an, die mit dem geltenden Datenschutzrecht in Einklang stehen.<\/p>\n<p>Diese Datenschutzrichtlinie gilt f\u00fcr Sie, wenn Sie :<\/p>\n<ul>\n<li>Kunde von SIR SA; oder<\/li>\n<li>Als Besucher von SIR AG surfen Sie auf der SIR AG-Website (die &#8220; <strong>Website&#8220;)<\/strong>.<\/li>\n<\/ul>\n<p><strong>Sie sind sich dar\u00fcber im Klaren und erkl\u00e4ren sich damit einverstanden, dass Sie daf\u00fcr verantwortlich sind, die in dieser Datenschutzrichtlinie enthaltenen Informationen an alle nat\u00fcrlichen Personen weiterzugeben, \u00fcber die Sie uns Informationen zur Verf\u00fcgung stellen und\/oder \u00fcber die wir im Rahmen unserer Gesch\u00e4ftsbeziehung auf andere Weise Kenntnis erlangen.<\/strong><\/p>\n<p>&#8220; <strong>SIR SA<\/strong> &#8220; oder <strong>&#8222;wir<\/strong> &#8220; bezieht sich auf die Gesellschaft SIR Service d&#8217;intervention rapide S.A., Chemin de la Cr\u00e9taux, 1196 Gland.<\/p>\n<ol>\n<li><strong>WELCHE PERS\u00d6NLICHEN DATEN SAMMELN WIR VON IHNEN?<\/strong><\/li>\n<\/ol>\n<p>Wir verarbeiten personenbezogene Daten, die wir von Ihnen im Rahmen unserer Gesch\u00e4ftsbeziehungen erhalten, wenn Sie unsere Website nutzen oder wenn wir mit Ihnen kommunizieren (z.B. wenn Sie unser Formular auf der Kontaktseite nutzen, wenn Sie eine Frage haben oder wenn Sie unser Formular f\u00fcr die Angebotsanfrage nutzen).<\/p>\n<p>Wir k\u00f6nnen auch Pers\u00f6nliche Daten verarbeiten, die wir indirekt durch externe Quellen, insbesondere durch \u00f6ffentliche Quellen (z.B. Ver\u00f6ffentlichungen oder Datenbanken), sammeln.<\/p>\n<p>Pers\u00f6nliche Daten umfassen <em>unter anderem<\/em>:<\/p>\n<ul>\n<li>Kontaktdaten: Name, Vorname, Postanschrift, Rechnungsanschrift, E-Mail-Adresse, Telefonnummer, Geburtsdatum;<\/li>\n<li>Finanzielle Informationen: Bankverbindung und Rechnungsdetails;<\/li>\n<li>Berufliche Informationen (z.B. Besch\u00e4ftigung);<\/li>\n<li>IP-Adresse und Informationen dar\u00fcber, wie Sie die Website, die Anwendungen und Seiten, die Sie besuchen, nutzen; und andere Daten, die den oben genannten Kategorien \u00e4hnlich sind.<\/li>\n<\/ul>\n<ol start=\"2\">\n<li><strong>F\u00dcR WELCHE ZWECKE VERARBEITEN WIR IHRE PERS\u00d6NLICHEN DATEN?<\/strong><\/li>\n<\/ol>\n<p><strong> <\/strong>Wir verarbeiten Ihre Pers\u00f6nlichen Daten insbesondere f\u00fcr die folgenden Zwecke:<\/p>\n<p>i. Um unseren vertraglichen Verpflichtungen nachzukommen: <\/p>\n<ul>\n<li>Einrichtung und Verwaltung von Kundenkonten;<\/li>\n<li>um Ihnen Informationen in Bezug auf unsere Dienstleistungen, Produkte und Sonderangebote zur Verf\u00fcgung zu stellen;<\/li>\n<li>um Ihnen administrative Informationen (z.B. Rechnungen) zu senden; sowie<\/li>\n<li>f\u00fcr jeden anderen Zweck in Verbindung mit der Ausf\u00fchrung und Verwaltung unserer vertraglichen Beziehungen.<\/li>\n<\/ul>\n<p>ii. Um unsere gesetzlichen Verpflichtungen zu erf\u00fcllen: <\/p>\n<ul>\n<li>auf ein Ersuchen einer Justiz- oder Verwaltungsbeh\u00f6rde reagieren;<\/li>\n<li>unsere Verpflichtungen zur Meldung von Transaktionen zu erf\u00fcllen.<\/li>\n<\/ul>\n<p>iii. Zur Verfolgung unserer legitimen Interessen: <\/p>\n<ul>\n<li>die Website und unsere IT-Infrastruktur zu verwalten;<\/li>\n<li>unsere Aktivit\u00e4ten und unsere IT-Sicherheit zu gew\u00e4hrleisten<\/li>\n<li>Transaktionen zu beweisen;<\/li>\n<li>die Wartung und Sicherheit unserer R\u00e4umlichkeiten und Infrastruktur zu gew\u00e4hrleisten;<\/li>\n<li>um unsere Rechte in Bezug auf aktuelle oder potenzielle Anspr\u00fcche gerichtlich festzustellen, durchzusetzen und\/oder zu verteidigen;<\/li>\n<li>zu Marketingzwecken, es sei denn, Sie haben der Verwendung Ihrer Pers\u00f6nlichen Daten zu diesem Zweck widersprochen;<\/li>\n<li>die Qualit\u00e4t unseres Kundenservice zu analysieren, zu bewerten und zu verbessern;<\/li>\n<li>unsere Telefongespr\u00e4che und elektronischen Kommunikationen mit Ihnen aufzuzeichnen, um unsere Interessen zu sch\u00fctzen, die Qualit\u00e4t der von uns angebotenen Dienstleistungen und Produkte zu analysieren und zu verbessern, unsere Mitarbeiter zu schulen und unsere Risiken zu verwalten; und<\/li>\n<li>um unser Angebot an Produkten und Dienstleistungen zu personalisieren.<\/li>\n<\/ul>\n<p>In jedem Fall weisen wir darauf hin, dass einige der oben aufgelisteten Verarbeitungen auch auf anderen Rechtfertigungsgr\u00fcnden beruhen k\u00f6nnen.<\/p>\n<p>Dar\u00fcber hinaus weisen wir darauf hin, dass wir Sie informieren und, wenn n\u00f6tig, Ihre Zustimmung einholen werden, wenn wir eine andere Verarbeitung f\u00fcr andere Zwecke als die oben genannten durchf\u00fchren.<\/p>\n<ol start=\"3\">\n<li><strong>WER VERARBEITET IHRE DATEN?<\/strong><\/li>\n<\/ol>\n<p>Verschiedene interne Abteilungen von SIR SA k\u00f6nnen Zugang zu Ihren Pers\u00f6nlichen Daten haben. Wir geben Ihre Pers\u00f6nlichen Daten nicht an Dritte weiter. <\/p>\n<ol start=\"4\">\n<li><strong>TRANSFERS AUS DER EUROP\u00c4ISCHEN UNION<\/strong><\/li>\n<\/ol>\n<p>Wir speichern Ihre Daten ausschlie\u00dflich in der Schweiz. Wir \u00fcbermitteln Ihre Daten nicht in andere Drittl\u00e4nder. <\/p>\n<ol start=\"5\">\n<li><strong>WIE LANGE SPEICHERN WIR IHRE DATEN?<\/strong><\/li>\n<\/ol>\n<p>Ihre Pers\u00f6nlichen Daten werden von SIR SA nur so lange aufbewahrt, wie dies f\u00fcr die Durchf\u00fchrung der in Frage 2 oben beschriebenen Verarbeitung erforderlich ist.<\/p>\n<p>Wir speichern Ihre Pers\u00f6nlichen Daten nur in dem Umfang und f\u00fcr den Zeitraum, der f\u00fcr die Erbringung unserer Dienstleistungen erforderlich ist, oder wenn wir gesetzlich dazu verpflichtet sind.<\/p>\n<p>Pers\u00f6nliche Daten, die Sie uns direkt per E-Mail zur Verf\u00fcgung stellen, werden zur Erstellung Ihres Profils, zur Beantwortung Ihrer Nachricht oder zur Bereitstellung der angeforderten Informationen verwendet. Ebenso werden wir Ihre Pers\u00f6nlichen Daten bei einer Kontaktanfrage oder einer Angebotsanfrage Ihrerseits erfassen, um Ihre Anfrage beantworten zu k\u00f6nnen. <\/p>\n<p>Sie k\u00f6nnen weitere Informationen \u00fcber die Dauer der Speicherung Ihrer Pers\u00f6nlichen Daten oder die Kriterien, die zur Bestimmung dieser Dauer verwendet werden, erhalten, indem Sie uns unter der Adresse kontaktieren, die in Frage 10 unten angegeben ist.<\/p>\n<ol start=\"6\">\n<li><strong>WELCHE RECHTE HABEN SIE UND WIE K\u00d6NNEN SIE DIESE AUS\u00dcBEN?<\/strong><\/li>\n<\/ol>\n<p>6.1 Ihre Rechte<\/p>\n<p>Vorbehaltlich der anwendbaren Gesetze haben Sie das Recht, in Verbindung mit Ihren Pers\u00f6nlichen Daten:<\/p>\n<ul>\n<li>auf Ihre Pers\u00f6nlichen Daten zuzugreifen und Informationen dar\u00fcber zu erhalten, wie Ihre Pers\u00f6nlichen Daten von SIR SA verarbeitet werden;<\/li>\n<li>sich der Verarbeitung Ihrer Pers\u00f6nlichen Daten zu widersetzen;<\/li>\n<li>Ihre Pers\u00f6nlichen Daten berichtigen zu lassen, wenn diese ungenau oder unvollst\u00e4ndig sind;<\/li>\n<li>die Einschr\u00e4nkung der Verarbeitung Ihrer Pers\u00f6nlichen Daten zu verlangen;<\/li>\n<li>die Zustimmung zur Verarbeitung der Pers\u00f6nlichen Daten jederzeit zu widerrufen (wobei in einem solchen Fall: (i) wir berechtigt sind, mit der Verarbeitung fortzufahren, wenn wir einen anderen Rechtfertigungsgrund haben; und (ii) der Widerruf der Zustimmung die vorherigen Verarbeitungen nicht ungerechtfertigt macht);  <\/li>\n<li>die L\u00f6schung Ihrer Pers\u00f6nlichen Daten zu verlangen, wenn diese f\u00fcr die Zwecke, f\u00fcr die sie gesammelt oder verarbeitet wurden, nicht mehr notwendig sind, oder wenn Sie Ihre Zustimmung widerrufen haben (f\u00fcr die F\u00e4lle, in denen die Verarbeitung der betreffenden Pers\u00f6nlichen Daten auf Ihrer Zustimmung beruht), vorbehaltlich der geltenden Aufbewahrungsfristen (siehe Frage 5 oben); und<\/li>\n<li>das Recht, zus\u00e4tzliche Informationen von der Kontaktperson zu erhalten, deren Kontaktdaten in Frage 10 unten angegeben sind, und, falls Sie die Antwort f\u00fcr nicht zufriedenstellend halten, das Recht, sich an den Eidgen\u00f6ssischen Datenschutz- und \u00d6ffentlichkeitsbeauftragten zu wenden<a href=\"https:\/\/www.edoeb.admin.ch\/edoeb\/fr\/home.html\">(https:\/\/www.edoeb.admin.ch\/edoeb\/fr\/home.html<\/a>).<\/li>\n<\/ul>\n<p>Selbst wenn Sie der Verarbeitung Ihrer Pers\u00f6nlichen Daten widersprechen, sind wir berechtigt, die Verarbeitung fortzusetzen, wenn sie (i) gesetzlich vorgeschrieben ist, (ii) f\u00fcr die Erf\u00fcllung eines Vertrags mit Ihnen als Partei erforderlich ist, (iii) f\u00fcr die Erf\u00fcllung einer Aufgabe im \u00f6ffentlichen Interesse erforderlich ist oder (iv) f\u00fcr die Zwecke unserer berechtigten Interessen erforderlich ist, einschlie\u00dflich der Feststellung, Aus\u00fcbung oder Verteidigung eines Rechtsanspruchs vor Gericht.    <\/p>\n<p>Wir werden Ihre Pers\u00f6nlichen Daten jedoch nicht f\u00fcr Direktmarketingzwecke verwenden, wenn Sie uns auffordern, dies zu unterlassen (eine Aufforderung, die Sie jederzeit stellen k\u00f6nnen).<\/p>\n<p>Wenn Sie nicht \u00fcber bestimmte Pers\u00f6nliche Daten verf\u00fcgen (oder wenn Sie von Ihrem Recht Gebrauch machen, sich der Verarbeitung von Pers\u00f6nlichen Daten zu widersetzen), sind wir m\u00f6glicherweise nicht in der Lage, Ihnen die Dienstleistung oder das Produkt zukommen zu lassen, f\u00fcr die die Verarbeitung dieser Pers\u00f6nlichen Daten erforderlich ist.<\/p>\n<p>6.2 Wie Sie Ihre Rechte geltend machen<\/p>\n<p>Wenn Sie Ihre Rechte geltend machen m\u00f6chten, k\u00f6nnen Sie uns unter der in Frage 10 unten angegebenen Adresse kontaktieren.<\/p>\n<p>Wir werden Ihnen innerhalb von maximal einem (1) Monat nach dem Datum des Eingangs Ihrer Anfrage antworten.<\/p>\n<p>7.<strong> VERWENDEN WIR COOKIES AUF UNSERER SEITE?<\/strong><\/p>\n<p>7.1 Welche Arten von Cookies gibt es auf der Website?<\/p>\n<p>Es gibt nur eine Art von Cookies, die Ihnen beim Surfen auf der Website begegnen k\u00f6nnen. Das L\u00f6schen dieser Cookies kann zu Schwierigkeiten bei der Navigation auf der Website f\u00fchren. <\/p>\n<p>7.2 Verwalten von Cookies, die auf Ihrem Terminal abgelegt werden<\/p>\n<p>Sie haben jederzeit die M\u00f6glichkeit, die Speicherung eines oder mehrerer Cookies auf Ihrem Ger\u00e4t zu akzeptieren oder abzulehnen, mit Ausnahme der Cookies, die f\u00fcr den Betrieb der Website erforderlich sind.<\/p>\n<p>8.<strong> SICHERHEITSMASSNAHMEN<\/strong><\/p>\n<p>Wir setzen eine Vielzahl von technischen und organisatorischen Ma\u00dfnahmen ein, um die Sicherheit und Integrit\u00e4t Ihrer pers\u00f6nlichen Daten zu sch\u00fctzen.<\/p>\n<p>Auf die gleiche Weise sch\u00fctzen wir Ihre Offline-Informationen. Pers\u00f6nliche Informationen sind nur den Mitarbeitern zug\u00e4nglich, die sie f\u00fcr bestimmte Aufgaben ben\u00f6tigen (z.B. Rechnungsstellung oder Angebotserstellung). <\/p>\n<p>Die Ger\u00e4te und Server, auf denen Pers\u00f6nliche Daten gespeichert werden, werden in einer sicheren Umgebung aufbewahrt.<\/p>\n<p>9. <strong>\u00dcBERPR\u00dcFUNG UND AKTUALISIERUNG DER POLITIK<\/strong><\/p>\n<p>Unsere Politik wird aktualisiert, wann immer dies notwendig ist, um den verschiedenen Anforderungen der Datenschutzbestimmungen zu entsprechen.<\/p>\n<p>10. <strong>KONTAKT<\/strong><\/p>\n<p>Wenn Sie zus\u00e4tzliche Informationen \u00fcber die in dieser Datenschutzrichtlinie behandelten Themen w\u00fcnschen, k\u00f6nnen Sie uns unter folgender Adresse kontaktieren: <strong>support-it@sirsa.ch<\/strong><\/p>\n<p><strong><em> <\/em><\/strong><\/p>\n<p>Datum der letzten Aktualisierung : <strong><em>01.11.23<\/em><\/strong><\/p>\n                    <\/div>\n                                \n                <\/div>\n        <\/div>\n    <\/div>\n<\/section>","protected":false},"excerpt":{"rendered":"","protected":false},"author":12,"featured_media":3130,"parent":0,"menu_order":0,"comment_status":"closed","ping_status":"closed","template":"","meta":{"_acf_changed":false,"footnotes":""},"class_list":["post-3425","page","type-page","status-publish","has-post-thumbnail","hentry"],"acf":[],"yoast_head":"<title>Datenschutzrichtlinie von SIRSA - SIR - Service d\u2019Intervention Rapide SA<\/title>\n<meta name=\"description\" content=\"SIRSA bietet Ihnen ein exklusives Angebot f\u00fcr den Kauf oder die Miete von Elektrofahrr\u00e4dern. Nachhaltige Mobilit\u00e4t!\" \/>\n<meta name=\"robots\" content=\"index, follow, max-snippet:-1, max-image-preview:large, max-video-preview:-1\" \/>\n<link rel=\"canonical\" href=\"https:\/\/www.sirsa.ch\/de\/datenschutzrichtlinie\/\" \/>\n<meta property=\"og:locale\" content=\"de_DE\" \/>\n<meta property=\"og:type\" content=\"article\" \/>\n<meta property=\"og:title\" content=\"Datenschutzrichtlinie - SIR - Service d\u2019Intervention Rapide SA\" \/>\n<meta property=\"og:description\" content=\"SIRSA bietet Ihnen ein exklusives Angebot f\u00fcr den Kauf oder die Miete von Elektrofahrr\u00e4dern. Nachhaltige Mobilit\u00e4t!\" \/>\n<meta property=\"og:url\" content=\"https:\/\/www.sirsa.ch\/de\/datenschutzrichtlinie\/\" \/>\n<meta property=\"og:site_name\" content=\"SIR - Service d\u2019Intervention Rapide SA\" \/>\n<meta property=\"article:modified_time\" content=\"2025-06-25T12:10:26+00:00\" \/>\n<meta property=\"og:image\" content=\"https:\/\/www.sirsa.ch\/wp-content\/uploads\/2025\/05\/sirsa-ouverture-fermeture-garde-cles-1-1024x576.png\" \/>\n\t<meta property=\"og:image:width\" content=\"1024\" \/>\n\t<meta property=\"og:image:height\" content=\"576\" \/>\n\t<meta property=\"og:image:type\" content=\"image\/png\" \/>\n<meta name=\"twitter:card\" content=\"summary_large_image\" \/>\n<script type=\"application\/ld+json\" class=\"yoast-schema-graph\">{\"@context\":\"https:\\\/\\\/schema.org\",\"@graph\":[{\"@type\":\"WebPage\",\"@id\":\"https:\\\/\\\/www.sirsa.ch\\\/de\\\/datenschutzrichtlinie\\\/\",\"url\":\"https:\\\/\\\/www.sirsa.ch\\\/de\\\/datenschutzrichtlinie\\\/\",\"name\":\"Datenschutzrichtlinie von SIRSA - SIR - Service d\u2019Intervention Rapide SA\",\"isPartOf\":{\"@id\":\"https:\\\/\\\/www.sirsa.ch\\\/de\\\/#website\"},\"primaryImageOfPage\":{\"@id\":\"https:\\\/\\\/www.sirsa.ch\\\/de\\\/datenschutzrichtlinie\\\/#primaryimage\"},\"image\":{\"@id\":\"https:\\\/\\\/www.sirsa.ch\\\/de\\\/datenschutzrichtlinie\\\/#primaryimage\"},\"thumbnailUrl\":\"https:\\\/\\\/www.sirsa.ch\\\/wp-content\\\/uploads\\\/2025\\\/05\\\/sirsa-ouverture-fermeture-garde-cles-1.png\",\"datePublished\":\"2025-05-12T08:06:09+00:00\",\"dateModified\":\"2025-06-25T12:10:26+00:00\",\"description\":\"SIRSA bietet Ihnen ein exklusives Angebot f\u00fcr den Kauf oder die Miete von Elektrofahrr\u00e4dern. Nachhaltige Mobilit\u00e4t!\",\"breadcrumb\":{\"@id\":\"https:\\\/\\\/www.sirsa.ch\\\/de\\\/datenschutzrichtlinie\\\/#breadcrumb\"},\"inLanguage\":\"de\",\"potentialAction\":[{\"@type\":\"ReadAction\",\"target\":[\"https:\\\/\\\/www.sirsa.ch\\\/de\\\/datenschutzrichtlinie\\\/\"]}]},{\"@type\":\"ImageObject\",\"inLanguage\":\"de\",\"@id\":\"https:\\\/\\\/www.sirsa.ch\\\/de\\\/datenschutzrichtlinie\\\/#primaryimage\",\"url\":\"https:\\\/\\\/www.sirsa.ch\\\/wp-content\\\/uploads\\\/2025\\\/05\\\/sirsa-ouverture-fermeture-garde-cles-1.png\",\"contentUrl\":\"https:\\\/\\\/www.sirsa.ch\\\/wp-content\\\/uploads\\\/2025\\\/05\\\/sirsa-ouverture-fermeture-garde-cles-1.png\",\"width\":1920,\"height\":1080},{\"@type\":\"BreadcrumbList\",\"@id\":\"https:\\\/\\\/www.sirsa.ch\\\/de\\\/datenschutzrichtlinie\\\/#breadcrumb\",\"itemListElement\":[{\"@type\":\"ListItem\",\"position\":1,\"name\":\"Home\",\"item\":\"https:\\\/\\\/www.sirsa.ch\\\/de\\\/\"},{\"@type\":\"ListItem\",\"position\":2,\"name\":\"Datenschutzrichtlinie\"}]},{\"@type\":\"WebSite\",\"@id\":\"https:\\\/\\\/www.sirsa.ch\\\/de\\\/#website\",\"url\":\"https:\\\/\\\/www.sirsa.ch\\\/de\\\/\",\"name\":\"Service d\u2019Intervention Rapide SA\",\"description\":\"Plus de 45 ans d&#039;exp\u00e9rience dans la s\u00e9curit\u00e9 priv\u00e9e au service des particuliers et des entreprises\",\"publisher\":{\"@id\":\"https:\\\/\\\/www.sirsa.ch\\\/de\\\/#organization\"},\"alternateName\":\"SIR SA - Service d\u2019Intervention Rapide SA\",\"potentialAction\":[{\"@type\":\"SearchAction\",\"target\":{\"@type\":\"EntryPoint\",\"urlTemplate\":\"https:\\\/\\\/www.sirsa.ch\\\/de\\\/?s={search_term_string}\"},\"query-input\":{\"@type\":\"PropertyValueSpecification\",\"valueRequired\":true,\"valueName\":\"search_term_string\"}}],\"inLanguage\":\"de\"},{\"@type\":\"Organization\",\"@id\":\"https:\\\/\\\/www.sirsa.ch\\\/de\\\/#organization\",\"name\":\"Service d'Intervention Rapide SA\",\"alternateName\":\"Service d'Intervention Rapide SA\",\"url\":\"https:\\\/\\\/www.sirsa.ch\\\/de\\\/\",\"logo\":{\"@type\":\"ImageObject\",\"inLanguage\":\"de\",\"@id\":\"https:\\\/\\\/www.sirsa.ch\\\/de\\\/#\\\/schema\\\/logo\\\/image\\\/\",\"url\":\"https:\\\/\\\/www.sirsa.ch\\\/wp-content\\\/uploads\\\/2025\\\/04\\\/cropped-sir-logo-1.png\",\"contentUrl\":\"https:\\\/\\\/www.sirsa.ch\\\/wp-content\\\/uploads\\\/2025\\\/04\\\/cropped-sir-logo-1.png\",\"width\":160,\"height\":160,\"caption\":\"Service d'Intervention Rapide SA\"},\"image\":{\"@id\":\"https:\\\/\\\/www.sirsa.ch\\\/de\\\/#\\\/schema\\\/logo\\\/image\\\/\"},\"sameAs\":[\"https:\\\/\\\/www.linkedin.com\\\/company\\\/serviceinterventionrapidesa\",\"https:\\\/\\\/www.youtube.com\\\/@sirdg5117\"],\"description\":\"Depuis 1978, le SIR fa\u00e7onne les standards de la s\u00e9curit\u00e9 en Suisse. Une expertise construite aux c\u00f4t\u00e9s de ceux que nous prot\u00e9geons.\",\"email\":\"secretariat@sirsa.ch\",\"telephone\":\"+41223644644\",\"legalName\":\"Service d'Int\u00e9rvention Rapide SA\",\"foundingDate\":\"1978-01-19\",\"numberOfEmployees\":{\"@type\":\"QuantitativeValue\",\"minValue\":\"201\",\"maxValue\":\"500\"}}]}<\/script>","yoast_head_json":{"title":"Datenschutzrichtlinie von SIRSA - SIR - Service d\u2019Intervention Rapide SA","description":"SIRSA bietet Ihnen ein exklusives Angebot f\u00fcr den Kauf oder die Miete von Elektrofahrr\u00e4dern. Nachhaltige Mobilit\u00e4t!","robots":{"index":"index","follow":"follow","max-snippet":"max-snippet:-1","max-image-preview":"max-image-preview:large","max-video-preview":"max-video-preview:-1"},"canonical":"https:\/\/www.sirsa.ch\/de\/datenschutzrichtlinie\/","og_locale":"de_DE","og_type":"article","og_title":"Datenschutzrichtlinie - SIR - Service d\u2019Intervention Rapide SA","og_description":"SIRSA bietet Ihnen ein exklusives Angebot f\u00fcr den Kauf oder die Miete von Elektrofahrr\u00e4dern. Nachhaltige Mobilit\u00e4t!","og_url":"https:\/\/www.sirsa.ch\/de\/datenschutzrichtlinie\/","og_site_name":"SIR - Service d\u2019Intervention Rapide SA","article_modified_time":"2025-06-25T12:10:26+00:00","og_image":[{"width":1024,"height":576,"url":"https:\/\/www.sirsa.ch\/wp-content\/uploads\/2025\/05\/sirsa-ouverture-fermeture-garde-cles-1-1024x576.png","type":"image\/png"}],"twitter_card":"summary_large_image","schema":{"@context":"https:\/\/schema.org","@graph":[{"@type":"WebPage","@id":"https:\/\/www.sirsa.ch\/de\/datenschutzrichtlinie\/","url":"https:\/\/www.sirsa.ch\/de\/datenschutzrichtlinie\/","name":"Datenschutzrichtlinie von SIRSA - SIR - Service d\u2019Intervention Rapide SA","isPartOf":{"@id":"https:\/\/www.sirsa.ch\/de\/#website"},"primaryImageOfPage":{"@id":"https:\/\/www.sirsa.ch\/de\/datenschutzrichtlinie\/#primaryimage"},"image":{"@id":"https:\/\/www.sirsa.ch\/de\/datenschutzrichtlinie\/#primaryimage"},"thumbnailUrl":"https:\/\/www.sirsa.ch\/wp-content\/uploads\/2025\/05\/sirsa-ouverture-fermeture-garde-cles-1.png","datePublished":"2025-05-12T08:06:09+00:00","dateModified":"2025-06-25T12:10:26+00:00","description":"SIRSA bietet Ihnen ein exklusives Angebot f\u00fcr den Kauf oder die Miete von Elektrofahrr\u00e4dern. Nachhaltige Mobilit\u00e4t!","breadcrumb":{"@id":"https:\/\/www.sirsa.ch\/de\/datenschutzrichtlinie\/#breadcrumb"},"inLanguage":"de","potentialAction":[{"@type":"ReadAction","target":["https:\/\/www.sirsa.ch\/de\/datenschutzrichtlinie\/"]}]},{"@type":"ImageObject","inLanguage":"de","@id":"https:\/\/www.sirsa.ch\/de\/datenschutzrichtlinie\/#primaryimage","url":"https:\/\/www.sirsa.ch\/wp-content\/uploads\/2025\/05\/sirsa-ouverture-fermeture-garde-cles-1.png","contentUrl":"https:\/\/www.sirsa.ch\/wp-content\/uploads\/2025\/05\/sirsa-ouverture-fermeture-garde-cles-1.png","width":1920,"height":1080},{"@type":"BreadcrumbList","@id":"https:\/\/www.sirsa.ch\/de\/datenschutzrichtlinie\/#breadcrumb","itemListElement":[{"@type":"ListItem","position":1,"name":"Home","item":"https:\/\/www.sirsa.ch\/de\/"},{"@type":"ListItem","position":2,"name":"Datenschutzrichtlinie"}]},{"@type":"WebSite","@id":"https:\/\/www.sirsa.ch\/de\/#website","url":"https:\/\/www.sirsa.ch\/de\/","name":"Service d\u2019Intervention Rapide SA","description":"Plus de 45 ans d&#039;exp\u00e9rience dans la s\u00e9curit\u00e9 priv\u00e9e au service des particuliers et des entreprises","publisher":{"@id":"https:\/\/www.sirsa.ch\/de\/#organization"},"alternateName":"SIR SA - Service d\u2019Intervention Rapide SA","potentialAction":[{"@type":"SearchAction","target":{"@type":"EntryPoint","urlTemplate":"https:\/\/www.sirsa.ch\/de\/?s={search_term_string}"},"query-input":{"@type":"PropertyValueSpecification","valueRequired":true,"valueName":"search_term_string"}}],"inLanguage":"de"},{"@type":"Organization","@id":"https:\/\/www.sirsa.ch\/de\/#organization","name":"Service d'Intervention Rapide SA","alternateName":"Service d'Intervention Rapide SA","url":"https:\/\/www.sirsa.ch\/de\/","logo":{"@type":"ImageObject","inLanguage":"de","@id":"https:\/\/www.sirsa.ch\/de\/#\/schema\/logo\/image\/","url":"https:\/\/www.sirsa.ch\/wp-content\/uploads\/2025\/04\/cropped-sir-logo-1.png","contentUrl":"https:\/\/www.sirsa.ch\/wp-content\/uploads\/2025\/04\/cropped-sir-logo-1.png","width":160,"height":160,"caption":"Service d'Intervention Rapide SA"},"image":{"@id":"https:\/\/www.sirsa.ch\/de\/#\/schema\/logo\/image\/"},"sameAs":["https:\/\/www.linkedin.com\/company\/serviceinterventionrapidesa","https:\/\/www.youtube.com\/@sirdg5117"],"description":"Depuis 1978, le SIR fa\u00e7onne les standards de la s\u00e9curit\u00e9 en Suisse. Une expertise construite aux c\u00f4t\u00e9s de ceux que nous prot\u00e9geons.","email":"secretariat@sirsa.ch","telephone":"+41223644644","legalName":"Service d'Int\u00e9rvention Rapide SA","foundingDate":"1978-01-19","numberOfEmployees":{"@type":"QuantitativeValue","minValue":"201","maxValue":"500"}}]}},"_links":{"self":[{"href":"https:\/\/www.sirsa.ch\/de\/wp-json\/wp\/v2\/pages\/3425","targetHints":{"allow":["GET"]}}],"collection":[{"href":"https:\/\/www.sirsa.ch\/de\/wp-json\/wp\/v2\/pages"}],"about":[{"href":"https:\/\/www.sirsa.ch\/de\/wp-json\/wp\/v2\/types\/page"}],"author":[{"embeddable":true,"href":"https:\/\/www.sirsa.ch\/de\/wp-json\/wp\/v2\/users\/12"}],"replies":[{"embeddable":true,"href":"https:\/\/www.sirsa.ch\/de\/wp-json\/wp\/v2\/comments?post=3425"}],"version-history":[{"count":1,"href":"https:\/\/www.sirsa.ch\/de\/wp-json\/wp\/v2\/pages\/3425\/revisions"}],"predecessor-version":[{"id":3427,"href":"https:\/\/www.sirsa.ch\/de\/wp-json\/wp\/v2\/pages\/3425\/revisions\/3427"}],"wp:featuredmedia":[{"embeddable":true,"href":"https:\/\/www.sirsa.ch\/de\/wp-json\/wp\/v2\/media\/3130"}],"wp:attachment":[{"href":"https:\/\/www.sirsa.ch\/de\/wp-json\/wp\/v2\/media?parent=3425"}],"curies":[{"name":"wp","href":"https:\/\/api.w.org\/{rel}","templated":true}]}}